{"id":21875,"date":"2024-08-06T15:01:39","date_gmt":"2024-08-06T13:01:39","guid":{"rendered":"https:\/\/www.generationsanstabac.org\/?post_type=fiche&#038;p=21875"},"modified":"2024-08-06T15:05:03","modified_gmt":"2024-08-06T13:05:03","slug":"consommation-et-perception-des-produits-du-tabac-et-de-la-nicotine-dans-lue","status":"publish","type":"fiche","link":"https:\/\/www.generationsanstabac.org\/fr\/fiches\/consommation-et-perception-des-produits-du-tabac-et-de-la-nicotine-dans-lue\/","title":{"rendered":"Consommation et perception des produits du tabac et de la nicotine dans l&rsquo;UE"},"content":{"rendered":"<p style=\"text-align: justify;\">L&rsquo;enqu\u00eate Eurobarom\u00e8tre consacr\u00e9e aux \u00ab attitudes des Europ\u00e9ens \u00e0 l&rsquo;\u00e9gard des produits du tabac et de la nicotine, publi\u00e9e en juin 2024, fournit un ensemble de donn\u00e9es sur la consommation, les attitudes et les croyances des citoyens des 27 Etats membres de l\u2019Union europ\u00e9enne, sur l\u2019ensemble des produits du tabac et de la nicotine.<\/p>\n<p style=\"text-align: justify;\">Pour cette enqu\u00eate, un \u00e9chantillon repr\u00e9sentatif de 26 358 personnes \u00e2g\u00e9es de 15 ans et plus a \u00e9t\u00e9 interrog\u00e9 entre le mois de mai et le mois de juin 2023, dont 1003 Fran\u00e7ais et 1038 Belges<a href=\"#_ftn1\" name=\"_ftnref1\">[1]<\/a>.<\/p>\n<h2 style=\"text-align: justify;\"><strong>Etat des lieux de la consommation <\/strong><\/h2>\n<p style=\"text-align: justify;\"><u>Consommation de produits du tabac et de la nicotine<\/u><\/p>\n<p style=\"text-align: justify;\">Selon l\u2019Eurobarom\u00e8tre, 25% des Europ\u00e9ens indiquent consommer au moins une fois par mois un produit du tabac ou de la nicotine. La Bulgarie (38%), la Gr\u00e8ce (37%) et la Croatie (36%) affichent les pr\u00e9valences les plus \u00e9lev\u00e9es de l\u2019Union europ\u00e9enne. A l\u2019inverse, la Su\u00e8de enregistre la pr\u00e9valence la plus faible, avec moins de 10% de consommateurs occasionnels ou quotidiens (9%), suivi des Pays-Bas (12%) et du Danemark (15%). Avec le Portugal, la Belgique affiche la septi\u00e8me pr\u00e9valence la moins \u00e9lev\u00e9e de l\u2019ensemble de l\u2019Union europ\u00e9enne (21%), tandis que la France se caract\u00e9rise par le plus haut niveau de consommateurs au sein de l\u2019Europe de l\u2019Ouest (30%).<\/p>\n<p style=\"text-align: justify;\"><u>Pr\u00e9valence tabagique<\/u><\/p>\n<p style=\"text-align: justify;\">L\u2019enqu\u00eate estime que l\u2019Union europ\u00e9enne compte 24% de consommateurs de tabac, quotidiens ou occasionnels. La Bulgarie (37%), la Gr\u00e8ce (36%) et la Croatie (35%) enregistrent l\u00e0 encore les plus fortes pr\u00e9valences, tandis que la Su\u00e8de d\u00e9tient le plus faible taux de fumeurs (8%). Dans l\u2019ensemble, la pr\u00e9valence tabagique a recul\u00e9 d\u2019un point dans l\u2019Union europ\u00e9enne depuis la derni\u00e8re enqu\u00eate men\u00e9e en 2020. Dans le m\u00eame intervalle de temps, onze Etats-membres ont vu leur pr\u00e9valence tabagique reculer, tandis qu\u2019un nombre identique de pays ont enregistr\u00e9 une augmentation de la consommation, et que cinq n\u2019observent pas d\u2019\u00e9volution. La R\u00e9publique tch\u00e8que se distingue par la plus forte r\u00e9duction de sa pr\u00e9valence tabagique, passant de 30% \u00e0 23% en trois ans. A l\u2019inverse, avec des pr\u00e9valences respectives estim\u00e9es \u00e0 32% et 25%, l\u2019Estonie et l\u2019Autriche font \u00e9tat d\u2019une augmentation de sept points. En France, la pr\u00e9valence tabagique a recul\u00e9 d\u2019un point (27%), tandis qu\u2019elle demeure \u00e0 un niveau \u00e9quivalent en Belgique (21%).<\/p>\n<p style=\"text-align: justify;\"><u>Consommation r\u00e9guli\u00e8re de tabac avant 18 ans<\/u><\/p>\n<p style=\"text-align: justify;\">En moyenne, au sein de l\u2019Union europ\u00e9enne, 55% des fumeurs actuels interrog\u00e9s ont indiqu\u00e9 avoir consomm\u00e9 r\u00e9guli\u00e8rement du tabac avant l\u2019\u00e2ge de 18 ans. Sur les 27 Etats membres, seuls neufs ont une majorit\u00e9 de fumeurs qui sont devenus consommateurs r\u00e9guliers apr\u00e8s leurs 18 ans. Ces chiffres t\u00e9moignent du caract\u00e8re p\u00e9diatrique de l\u2019\u00e9pid\u00e9mie tabagique, et soulignent en creux les strat\u00e9gies de <a href=\"https:\/\/www.generationsanstabac.org\/actualites\/journee-mondiale-sans-tabac-2024-proteger-les-jeunes-du-lobby-de-lindustrie-du-tabac\/\">ciblage des jeunes par l\u2019industrie du tabac<\/a>.<\/p>\n<p style=\"text-align: justify;\"><u>Consommation quotidienne et produits du tabac consomm\u00e9s quotidiennement<\/u><\/p>\n<p style=\"text-align: justify;\">Selon les chiffres de l\u2019enqu\u00eate, 86% des consommateurs de tabac sont fumeurs quotidiens. Parmi les fumeurs interrog\u00e9s, 69% d\u00e9clarent consommer quotidiennement des cigarettes manufactur\u00e9es, et 18% du tabac \u00e0 rouler. La consommation quotidienne de cigarillos, de cigares et de pipe ne concerne respectivement que 1% des fumeurs. En France et en Belgique, respectivement 72% et 84% des fumeurs sont consommateurs quotidiens. La consommation quotidienne de cigarettes manufactur\u00e9es concerne 53% des fumeurs Belges et 60% des fumeurs Fran\u00e7ais, tandis que celle de tabac \u00e0 rouler est signal\u00e9e par 22% des consommateurs en Belgique et 27% en France. Dans les deux pays, 2% des fumeurs consomment des cigarillos au quotidien, et 1% des cigares.<\/p>\n<p style=\"text-align: justify;\"><u>Volumes consomm\u00e9s au quotidien<\/u><\/p>\n<p style=\"text-align: justify;\">En moyenne, les r\u00e9pondants ont d\u00e9clar\u00e9 consommer 14 unit\u00e9s de tabac par jour dans l\u2019ensemble de l\u2019Union europ\u00e9enne. Au total, 8% des consommateurs de tabac indiquent consommer l\u2019\u00e9quivalent de plus d\u2019un paquet par jour (plus de 20 unit\u00e9s de tabac). La Finlande et la Su\u00e8de enregistrent les plus faibles volumes moyens de consommation, avec 10 unit\u00e9s de tabac consomm\u00e9es quotidiennement. Respectivement, seuls 3% et 2% des fumeurs de ces deux pays ont r\u00e9pondu fumer plus d\u2019un paquet par jour. A l\u2019inverse, la Gr\u00e8ce est l\u2019Etat membre o\u00f9 les fumeurs indiquent avoir les plus fortes consommations quotidiennes, avec 18 unit\u00e9s de tabac par jour, suivi de la Bulgarie, de la Roumanie et de l\u2019Autriche (17 unit\u00e9s).  Pour cette derni\u00e8re, 23% des fumeurs d\u00e9clarent fumer en moyenne plus d\u2019un paquet par jour. Avec 12 unit\u00e9s de tabac par jour, les volumes consomm\u00e9s en France et en Belgique arrivent en de\u00e7\u00e0 de la moyenne europ\u00e9enne. Enfin, 5% et 6% des consommateurs de ces deux pays indiquent fumer l\u2019\u00e9quivalent de plus d\u2019un paquet par jour.<\/p>\n<h2 style=\"text-align: justify;\"><strong>Nouveaux et autres produits du tabac et de la nicotine<\/strong><\/h2>\n<p style=\"text-align: justify;\"><u>Consommation de cigarettes \u00e9lectroniques <\/u><\/p>\n<p style=\"text-align: justify;\">Lors de l\u2019enqu\u00eate en 2023, 3% de l\u2019ensemble des r\u00e9pondants ont d\u00e9clar\u00e9 \u00eatre des consommateurs de cigarettes \u00e9lectroniques, soit deux points de plus qu\u2019en 2020. L\u2019Estonie et la Lettonie figurent parmi les pays de l\u2019Union europ\u00e9enne o\u00f9 ces dispositifs sont le plus utilis\u00e9s, avec une pr\u00e9valence de respectivement 9% et 8%. A l\u2019inverse, le Portugal affiche un taux de consommateurs inf\u00e9rieur \u00e0 1%. En France et en Belgique, la pr\u00e9valence est estim\u00e9e \u00e0 7% et 4%, soit une augmentation d\u2019un point depuis 2020.<\/p>\n<p style=\"text-align: justify;\">Parmi les personnes ayant indiqu\u00e9 \u00eatre consommatrices de cigarettes \u00e9lectroniques, 67% mentionnent consommer au moins une fois par mois des dispositifs avec un r\u00e9servoir rechargeable avec du liquide (42% en Belgique, 79% en France). Ces m\u00eames consommateurs sont par ailleurs 24% \u00e0 consommer au moins une fois par mois des cigarettes \u00e9lectroniques \u00e0 <em>pods<\/em> dans l\u2019Union europ\u00e9enne (34% en Belgique, 9% en France), et 24% des cigarettes \u00e9lectroniques jetables \u2013 \u00e9galement appel\u00e9es puffs (61% en Belgique, 13% en France).<\/p>\n<p style=\"text-align: justify;\"><u>Consommation de tabac \u00e0 chauffer<\/u><\/p>\n<p style=\"text-align: justify;\">La consommation de tabac \u00e0 chauffer demeure \u00e0 des niveaux relativement faibles dans l\u2019Union europ\u00e9enne (2%), bien qu\u2019elle puisse atteindre une pr\u00e9valence de 5% au Portugal, \u00e0 Chypre et en Lituanie. La pr\u00e9valence Belge est estim\u00e9e \u00e0 1%, tandis que la France, la Su\u00e8de, la Finlande, Malte et le Danemark ont des consommations r\u00e9siduelles (arrondies \u00e0 0%). Le volume moyen consomm\u00e9 par les utilisateurs de tabac \u00e0 chauffer, estim\u00e9 \u00e0 12 sticks par jour dans l\u2019Union europ\u00e9enne, varie fortement selon les Etats-membres, allant de 4 pour la Su\u00e8de et la Belgique \u00e0 17 pour la Gr\u00e8ce.<\/p>\n<p style=\"text-align: justify;\"><u>Consommation de sachets de nicotine<\/u><\/p>\n<p style=\"text-align: justify;\">R\u00e9cemment apparu sur le march\u00e9 europ\u00e9en, seuls huit pays au moment de l\u2019\u00e9tude ont fait \u00e9tat d\u2019une consommation de sachets de nicotine : le Danemark, l\u2019Estonie, l\u2019Italie, le Luxembourg, Malte, l\u2019Autriche, la Finlande, la Su\u00e8de. Cette derni\u00e8re se distingue par une plus forte consommation que les autres pays, avec 6% de consommateurs quotidiens, et 9% de consommateurs quotidiens ou occasionnels. Cette situation s\u2019explique par le fait que la Su\u00e8de est le pays de l\u2019Union europ\u00e9enne o\u00f9 le snus est consomm\u00e9e de mani\u00e8re traditionnelle, expliquant la plus forte acceptation des sachets de nicotine dans le pays, dont les modalit\u00e9s de consommation sont similaires.<\/p>\n<p style=\"text-align: justify;\"><u>Snus, tabac \u00e0 chiquer et tabac \u00e0 sniffer<\/u><\/p>\n<p style=\"text-align: justify;\">Ces produits ne rentrent pas dans la cat\u00e9gorie des nouveaux produits du tabac, et leur consommation demeure \u00e0 des niveaux faibles et concentr\u00e9e dans six pays. La Su\u00e8de, seul pays ou la commercialisation du <em>snus <\/em>est l\u00e9gale au sein de l\u2019Union europ\u00e9enne, enregistre 12% de consommateurs de l\u2019un de ces trois produits du tabac. Dans les autres pays, la consommation se situe \u00e0 des niveaux relativement r\u00e9siduels : Autriche (6%), Italie (3%), Finlande (2%), Danemark et Malte (1%).<\/p>\n<h2 style=\"text-align: justify;\"><strong>Exposition \u00e0 la publicit\u00e9, attractivit\u00e9 et repr\u00e9sentation des produits<\/strong><\/h2>\n<p style=\"text-align: justify;\"><u>Cigarettes \u00e9lectroniques<\/u><\/p>\n<p style=\"text-align: justify;\"><em>Publicit\u00e9<\/em><\/p>\n<p style=\"text-align: justify;\">En moyenne, dans l\u2019ensemble de l\u2019Union europ\u00e9enne, 20% des r\u00e9pondants interrog\u00e9s par les enqu\u00eateurs ont indiqu\u00e9 avoir \u00e9t\u00e9 expos\u00e9s \u00e0 des publicit\u00e9s en faveur des cigarettes \u00e9lectroniques. Ces r\u00e9sultats diff\u00e8rent toutefois fortement en fonction des Etats membres, puisque 2% des r\u00e9pondants au Portugal et 4% en Roumanie font \u00e9tat d\u2019une telle exposition, tandis que cette derni\u00e8re a \u00e9t\u00e9 rapport\u00e9e par 42% des r\u00e9pondants Su\u00e9dois, et 35% des r\u00e9pondants Slovaques. En Belgique, 18% des r\u00e9pondants ont indiqu\u00e9 avoir \u00e9t\u00e9 expos\u00e9s \u00e0 de la publicit\u00e9 pour des cigarettes \u00e9lectroniques. En France, cette proportion atteint 31% des r\u00e9pondants, alors que la publicit\u00e9 en faveur de ces produits est ill\u00e9gale, \u00e0 l\u2019exception d\u2019affichettes strictement informatives sur le lieu de vente, non visibles de l\u2019ext\u00e9rieur.<\/p>\n<p style=\"text-align: justify;\"><em>Attractivit\u00e9<\/em><\/p>\n<p style=\"text-align: justify;\">Les cigarettes \u00e9lectroniques sont toutefois consid\u00e9r\u00e9es comme des dispositifs attrayants par seulement 5% des r\u00e9pondants de l\u2019Union europ\u00e9enne. Cette attractivit\u00e9 est la plus soulign\u00e9e par les r\u00e9pondants en Roumanie (15%) et \u00e0 Malte (14%), tandis que seuls 1% des r\u00e9pondants n\u00e9erlandais et su\u00e9dois estiment que les cigarettes \u00e9lectroniques sont attrayantes. En France et en Belgique, cette proportion atteint 5%.<\/p>\n<p style=\"text-align: justify;\"><em>Repr\u00e9sentation et sevrage<\/em><\/p>\n<p style=\"text-align: justify;\">Dans l\u2019ensemble, 12% des r\u00e9pondants estimaient en 2023 que les cigarettes \u00e9lectroniques sont un dispositif d\u2019aide au sevrage tabagique, soit un recul de quatre points depuis la derni\u00e8re enqu\u00eate en 2020. En Italie, pr\u00e8s d\u2019un r\u00e9pondant sur quatre consid\u00e8re que les cigarettes \u00e9lectroniques sont un outil d\u2019aide \u00e0 l\u2019arr\u00eat, soit un recul de quinze points par rapport au sondage pr\u00e9c\u00e9dent. En Belgique et en France, cette proportion atteint 19%, reculant respectivement de 6 et 7 points depuis 2020. Cette repr\u00e9sentation est peu partag\u00e9e en Lettonie et au Portugal (6% des r\u00e9pondants).<\/p>\n<p style=\"text-align: justify;\"><u>Tabac \u00e0 chauffer<\/u><\/p>\n<p style=\"text-align: justify; padding-left: 40px;\"><em>Publicit\u00e9<\/em><\/p>\n<p style=\"text-align: justify;\">Dans l\u2019ensemble de l\u2019Union europ\u00e9enne, 30% des r\u00e9pondants ont affirm\u00e9 avoir \u00e9t\u00e9 expos\u00e9s \u00e0 une ou plusieurs publicit\u00e9s en faveur du tabac \u00e0 chauffer. Cette proportion atteint jusqu\u2019\u00e0 52% de la population en Roumanie. En France, 14% des sond\u00e9s affirment avoir \u00e9t\u00e9 expos\u00e9s r\u00e9guli\u00e8rement, de temps \u00e0 autre ou rarement, \u00e0 ces publicit\u00e9s, contre 23% en Belgique. La publicit\u00e9 en faveur du tabac est pourtant interdite dans ces deux pays.<\/p>\n<p style=\"text-align: justify; padding-left: 40px;\"><em>Attractivit\u00e9<\/em><\/p>\n<p style=\"text-align: justify;\">Seuls 3% des r\u00e9pondants consid\u00e8rent le tabac \u00e0 chauffer comme attrayant. Ces r\u00e9sultats varient toutefois fortement, puisque cette attractivit\u00e9 est soulign\u00e9e par 16% des r\u00e9pondants en Roumanie, mais par seulement 1% des r\u00e9pondants dans sept Etat membres, dont la Belgique et la France.<\/p>\n<p style=\"text-align: justify; padding-left: 40px;\"><em>Repr\u00e9sentation : sevrage et r\u00e9duction des risques<\/em><\/p>\n<p style=\"text-align: justify;\">Au total, 8% des r\u00e9pondants en Union europ\u00e9enne pensent que le tabac \u00e0 chauffer est un dispositif d\u2019aide au sevrage tabagique. Cette proportion atteint jusqu\u2019\u00e0 19% des r\u00e9pondants en Italie et 18% en Finlande, contre seulement 5% en France et 7% en Belgique.<\/p>\n<p style=\"text-align: justify;\">Il est \u00e9galement int\u00e9ressant de noter que la strat\u00e9gie d\u2019instrumentalisation de la notion de r\u00e9duction des risques par les fabricants semble avoir une certaine efficacit\u00e9, puisque 32% des consommateurs de tabac \u00e0 chauffer dans l\u2019Union europ\u00e9enne ont indiqu\u00e9 avoir commenc\u00e9 \u00e0 utiliser ces produits en raison de leur suppos\u00e9e moindre nocivit\u00e9. Toutefois, aucune ind\u00e9pendante ne montre que la consommation de tabac \u00e0 chauffer s\u2019accompagne d\u2019une r\u00e9duction des risques pour le fumeur. Cet argument de moindre nocivit\u00e9 est \u00e9voqu\u00e9 par 46% des consommateurs Fran\u00e7ais et par 9% des consommateurs Belges, comme raison expliquant leur initiation au tabac \u00e0 chauffer.<\/p>\n<p style=\"text-align: justify; padding-left: 40px;\"><em>Une majorit\u00e9 de polyconsommateurs<\/em><\/p>\n<p style=\"text-align: justify;\">Les r\u00e9sultats de l\u2019enqu\u00eate semblent confirmer que le tabac \u00e0 chauffer ne peut \u00eatre consid\u00e9r\u00e9 comme un outil de sevrage tabagique. En, effet, dans l\u2019ensemble de l\u2019Union europ\u00e9enne, 31% des consommateurs de tabac \u00e0 chauffer ont indiqu\u00e9 que ce nouveau produit du tabac leur a permis d\u2019arr\u00eater de fumer des produits du tabac traditionnels. Toutefois, 6% ont mentionn\u00e9 que le tabac \u00e0 chauffer leur a permis d\u2019arr\u00eater seulement temporairement le tabac traditionnel. Pour 24% des r\u00e9pondants, le tabac \u00e0 chauffer leur a simplement permis une r\u00e9duction de la consommation de tabac traditionnel, tandis que 34% des consommateurs de tabac \u00e0 chauffer consid\u00e8rent que leur consommation de tabac classique n\u2019a par ailleurs pas \u00e9volu\u00e9. L\u2019enqu\u00eate montre m\u00eame que 2% des consommateurs de tabac \u00e0 chauffer soulignent une augmentation de leur consommation de tabac traditionnel. Autrement dit, 69% des consommateurs de tabac \u00e0 chauffer continuent \u00e0 fumer des produits du tabac traditionnel, s\u2019exposant ainsi \u00e0 un double risque.<\/p>\n<p style=\"text-align: justify;\"><u>Sachets de nicotine<\/u><\/p>\n<p style=\"text-align: justify; padding-left: 40px;\"><em>Publicit\u00e9<\/em><\/p>\n<p style=\"text-align: justify;\">Les r\u00e9sultats font \u00e9tat que 16% des r\u00e9pondants de l\u2019Union europ\u00e9enne affirment avoir \u00e9t\u00e9 expos\u00e9s \u00e0 des publicit\u00e9s pour les sachets de nicotine. Cette proportion varie fortement entre les Etats membres, allant de 5% pour les Pays-Bas \u00e0 44% pour la Su\u00e8de. En France et en Belgique, ces proportions atteignent respectivement 9% et 14%. Les strat\u00e9gies commerciales et publicitaires en faveur de ces produits sont r\u00e9guli\u00e8rement <a href=\"https:\/\/cnct.fr\/communiques\/le-cnct-demande-linterdiction-des-sachets-de-nicotine-vendus-illegalement-en-france-et-depose-une-plainte\/\">point\u00e9es du doigt<\/a> par le Comit\u00e9 national contre le tabagisme, qui en demande l\u2019interdiction, comme cela a \u00e9t\u00e9 mis en place en Belgique.<\/p>\n<p style=\"text-align: justify; padding-left: 40px;\"><em>Attractivit\u00e9<\/em><\/p>\n<p style=\"text-align: justify;\">Seuls 1% des r\u00e9pondants de l\u2019Union europ\u00e9enne estiment que ces produits sont attrayants. Cette proportion demeure relativement faible dans l\u2019ensemble des Etats membres, allant de 4% en Roumanie et en Slovaquie \u00e0 0% pour la France, la Gr\u00e8ce et le Danemark.<\/p>\n<h2 style=\"text-align: justify;\"><strong>Exposition au tabagisme passif<\/strong><\/h2>\n<p style=\"text-align: justify;\">L\u2019enqu\u00eate s\u2019int\u00e9resse \u00e9galement \u00e0 l\u2019exposition des populations au tabagisme passif, dans les lieux \u00e0 usage collectif. Ces tableaux ci-dessous en synth\u00e9tisent les r\u00e9sultats, en pr\u00e9sentant la proportion de la population ayant indiqu\u00e9 \u00eatre expos\u00e9e au tabagisme passif au cours des six mois pr\u00e9c\u00e9dant l\u2019enqu\u00eate, dans chacune des configurations suivantes.<\/p>\n<table>\n<tbody>\n<tr>\n<td width=\"98\"><\/td>\n<td width=\"506\"><strong>Exposition des r\u00e9pondants au tabagisme passif dans les espaces publics (par ex. parcs, plages, entr\u00e9e de b\u00e2timents publics)<\/strong><\/td>\n<\/tr>\n<tr>\n<td width=\"98\">Union europ\u00e9enne<\/td>\n<td width=\"506\">72%<\/td>\n<\/tr>\n<tr>\n<td width=\"98\">Le plus (Gr\u00e8ce)<\/td>\n<td width=\"506\">94%<\/td>\n<\/tr>\n<tr>\n<td width=\"98\">Le moins (Hongrie)<\/td>\n<td width=\"506\">49%<\/td>\n<\/tr>\n<tr>\n<td width=\"98\">France<\/td>\n<td width=\"506\">79%<\/td>\n<\/tr>\n<tr>\n<td width=\"98\">Belgique<\/td>\n<td width=\"506\">73%<\/td>\n<\/tr>\n<\/tbody>\n<\/table>\n<table>\n<tbody>\n<tr>\n<td width=\"104\"><\/td>\n<td width=\"500\"><strong>Exposition des r\u00e9pondants au tabagisme passif en terrasse ext\u00e9rieure d\u2019un \u00e9tablissement de d\u00e9bit de boissons ou de restauration<\/strong><\/td>\n<\/tr>\n<tr>\n<td width=\"104\">Union europ\u00e9enne<\/td>\n<td width=\"500\">69%<\/td>\n<\/tr>\n<tr>\n<td width=\"104\">Le plus (Malte)<\/td>\n<td width=\"500\">92%<\/td>\n<\/tr>\n<tr>\n<td width=\"104\">Le moins (Hongrie)<\/td>\n<td width=\"500\">30%<\/td>\n<\/tr>\n<tr>\n<td width=\"104\">France<\/td>\n<td width=\"500\">82%<\/td>\n<\/tr>\n<tr>\n<td width=\"104\">Belgique<\/td>\n<td width=\"500\">75%<\/td>\n<\/tr>\n<\/tbody>\n<\/table>\n<table>\n<tbody>\n<tr>\n<td width=\"104\"><\/td>\n<td width=\"500\"><strong>Exposition des r\u00e9pondants au tabagisme passif sur les stations ext\u00e9rieures de transport public (par ex. arr\u00eats de bus, de tram ou de train)<\/strong><\/td>\n<\/tr>\n<tr>\n<td width=\"104\">Union europ\u00e9enne<\/td>\n<td width=\"500\">66%<\/td>\n<\/tr>\n<tr>\n<td width=\"104\">Le plus (Luxembourg)<\/td>\n<td width=\"500\">86%<\/td>\n<\/tr>\n<tr>\n<td width=\"104\">Le moins (Hongrie)<\/td>\n<td width=\"500\">40%<\/td>\n<\/tr>\n<tr>\n<td width=\"104\">France<\/td>\n<td width=\"500\">73%<\/td>\n<\/tr>\n<tr>\n<td width=\"104\">Belgique<\/td>\n<td width=\"500\">62%<\/td>\n<\/tr>\n<\/tbody>\n<\/table>\n<table>\n<tbody>\n<tr>\n<td width=\"104\"><\/td>\n<td width=\"500\"><strong>Exposition des r\u00e9pondants au tabagisme passif lors d\u2019\u00e9v\u00e9nements en ext\u00e9rieur<\/strong><\/td>\n<\/tr>\n<tr>\n<td width=\"104\">Union europ\u00e9enne<\/td>\n<td width=\"500\">64%<\/td>\n<\/tr>\n<tr>\n<td width=\"104\">Le plus (Gr\u00e8ce)<\/td>\n<td width=\"500\">88%<\/td>\n<\/tr>\n<tr>\n<td width=\"104\">Le moins (Lettonie)<\/td>\n<td width=\"500\">39%<\/td>\n<\/tr>\n<tr>\n<td width=\"104\">France<\/td>\n<td width=\"500\">69%<\/td>\n<\/tr>\n<tr>\n<td width=\"104\">Belgique<\/td>\n<td width=\"500\">67%<\/td>\n<\/tr>\n<\/tbody>\n<\/table>\n<table>\n<tbody>\n<tr>\n<td width=\"104\"><\/td>\n<td width=\"500\"><strong>Exposition des r\u00e9pondants au tabagisme passif sur les espaces ext\u00e9rieurs destin\u00e9s aux enfants ou aux adolescents (aires de jeu, etc.)<\/strong><\/td>\n<\/tr>\n<tr>\n<td width=\"104\">Union europ\u00e9enne<\/td>\n<td width=\"500\">37%<\/td>\n<\/tr>\n<tr>\n<td width=\"104\">Le plus (Croatie, Bulgarie)<\/td>\n<td width=\"500\">64%<\/td>\n<\/tr>\n<tr>\n<td width=\"104\">Le moins (Hongrie)<\/td>\n<td width=\"500\">14%<\/td>\n<\/tr>\n<tr>\n<td width=\"104\">France<\/td>\n<td width=\"500\">36%<\/td>\n<\/tr>\n<tr>\n<td width=\"104\">Belgique<\/td>\n<td width=\"500\">34%<\/td>\n<\/tr>\n<\/tbody>\n<\/table>\n<table>\n<tbody>\n<tr>\n<td width=\"104\"><\/td>\n<td width=\"500\"><strong>Exposition des r\u00e9pondants au tabagisme passif dans les espaces publics int\u00e9rieurs o\u00f9 les gens ne fument pas normalement (par ex. des restaurants, bars, centres commerciaux, a\u00e9roports, salles de concert)<\/strong><\/td>\n<\/tr>\n<tr>\n<td width=\"104\">Union europ\u00e9enne<\/td>\n<td width=\"500\">22%<\/td>\n<\/tr>\n<tr>\n<td width=\"104\">Le plus (Bulgarie et Chypre)<\/td>\n<td width=\"500\">46%<\/td>\n<\/tr>\n<tr>\n<td width=\"104\">Le moins (Finlande)<\/td>\n<td width=\"500\">8%<\/td>\n<\/tr>\n<tr>\n<td width=\"104\">France<\/td>\n<td width=\"500\">26%<\/td>\n<\/tr>\n<tr>\n<td width=\"104\">Belgique<\/td>\n<td width=\"500\">24%<\/td>\n<\/tr>\n<\/tbody>\n<\/table>\n<table>\n<tbody>\n<tr>\n<td width=\"104\"><\/td>\n<td width=\"500\"><strong>La r\u00e9glementation des cigarettes \u00e9lectroniques doit \u00eatre align\u00e9e sur celle des cigarettes manufactur\u00e9es (% adh\u00e9sion)<\/strong><\/td>\n<\/tr>\n<tr>\n<td width=\"104\">Union europ\u00e9enne<\/td>\n<td width=\"500\">59%<\/td>\n<\/tr>\n<tr>\n<td width=\"104\">Le plus (Slov\u00e9nie)<\/td>\n<td width=\"500\">84%<\/td>\n<\/tr>\n<tr>\n<td width=\"104\">Le moins (Roumanie)<\/td>\n<td width=\"500\">37%<\/td>\n<\/tr>\n<tr>\n<td width=\"104\">France<\/td>\n<td width=\"500\">62%<\/td>\n<\/tr>\n<tr>\n<td width=\"104\">Belgique<\/td>\n<td width=\"500\">70%<\/td>\n<\/tr>\n<\/tbody>\n<\/table>\n<table>\n<tbody>\n<tr>\n<td width=\"104\"><\/td>\n<td width=\"500\"><strong>La r\u00e9glementation du tabac \u00e0 chauffer doit \u00eatre align\u00e9e sur celle des cigarettes manufactur\u00e9es (% adh\u00e9sion)<\/strong><\/td>\n<\/tr>\n<tr>\n<td width=\"104\">Union europ\u00e9enne<\/td>\n<td width=\"500\">59%<\/td>\n<\/tr>\n<tr>\n<td width=\"104\">Le plus (Slov\u00e9nie)<\/td>\n<td width=\"500\">83%<\/td>\n<\/tr>\n<tr>\n<td width=\"104\">Le moins (Roumanie)<\/td>\n<td width=\"500\">41%<\/td>\n<\/tr>\n<tr>\n<td width=\"104\">France<\/td>\n<td width=\"500\">60%<\/td>\n<\/tr>\n<tr>\n<td width=\"104\">Belgique<\/td>\n<td width=\"500\">70%<\/td>\n<\/tr>\n<\/tbody>\n<\/table>\n<table>\n<tbody>\n<tr>\n<td width=\"104\"><\/td>\n<td width=\"500\"><strong>La suppression des \u00e9talages pour les cigarettes \u00e9lectroniques (display ban) (% adh\u00e9sion)<\/strong><\/td>\n<\/tr>\n<tr>\n<td width=\"104\">Union europ\u00e9enne<\/td>\n<td width=\"500\">51%<\/td>\n<\/tr>\n<tr>\n<td width=\"104\">Le plus (Estonie)<\/td>\n<td width=\"500\">84%<\/td>\n<\/tr>\n<tr>\n<td width=\"104\">Le moins (Italie)<\/td>\n<td width=\"500\">27%<\/td>\n<\/tr>\n<tr>\n<td width=\"104\">France<\/td>\n<td width=\"500\">56%<\/td>\n<\/tr>\n<tr>\n<td width=\"104\">Belgique<\/td>\n<td width=\"500\">70%<\/td>\n<\/tr>\n<\/tbody>\n<\/table>\n<table>\n<tbody>\n<tr>\n<td width=\"104\"><\/td>\n<td width=\"500\"><strong>La suppression des \u00e9talages pour le tabac \u00e0 chauffer (display ban) (% adh\u00e9sion)<\/strong><\/td>\n<\/tr>\n<tr>\n<td width=\"104\">Union europ\u00e9enne<\/td>\n<td width=\"500\">51%<\/td>\n<\/tr>\n<tr>\n<td width=\"104\">Le plus (Estonie)<\/td>\n<td width=\"500\">84%<\/td>\n<\/tr>\n<tr>\n<td width=\"104\">Le moins (Italie)<\/td>\n<td width=\"500\">27%<\/td>\n<\/tr>\n<tr>\n<td width=\"104\">France<\/td>\n<td width=\"500\">56%<\/td>\n<\/tr>\n<tr>\n<td width=\"104\">Belgique<\/td>\n<td width=\"500\">70%<\/td>\n<\/tr>\n<\/tbody>\n<\/table>\n<table>\n<tbody>\n<tr>\n<td width=\"104\"><\/td>\n<td width=\"500\"><strong>L\u2019introduction du paquet neutre pour les cigarettes manufactur\u00e9es<\/strong><\/td>\n<\/tr>\n<tr>\n<td width=\"104\">Union europ\u00e9enne<\/td>\n<td width=\"500\">42%<\/td>\n<\/tr>\n<tr>\n<td width=\"104\">Le plus (Croatie et Irlande)<\/td>\n<td width=\"500\">66%<\/td>\n<\/tr>\n<tr>\n<td width=\"104\">Le moins (R\u00e9publique tch\u00e8que)<\/td>\n<td width=\"500\">30%<\/td>\n<\/tr>\n<tr>\n<td width=\"104\">France<\/td>\n<td width=\"500\">46%<\/td>\n<\/tr>\n<tr>\n<td width=\"104\">Belgique<\/td>\n<td width=\"500\">57%<\/td>\n<\/tr>\n<\/tbody>\n<\/table>\n<table>\n<tbody>\n<tr>\n<td width=\"104\"><\/td>\n<td width=\"500\"><strong>L\u2019interdiction de fumer dans les espaces ext\u00e9rieurs o\u00f9 la distanciation physique ne peut pas \u00eatre garantie (parcs, plages, entr\u00e9es de b\u00e2timents publics, etc.)<\/strong><\/td>\n<\/tr>\n<tr>\n<td width=\"104\">Union europ\u00e9enne<\/td>\n<td width=\"500\">56%<\/td>\n<\/tr>\n<tr>\n<td width=\"104\">Le plus (Malte et Su\u00e8de)<\/td>\n<td width=\"500\">73%<\/td>\n<\/tr>\n<tr>\n<td width=\"104\">Le moins (Gr\u00e8ce, Bulgarie, Chypre)<\/td>\n<td width=\"500\">45%<\/td>\n<\/tr>\n<tr>\n<td width=\"104\">France<\/td>\n<td width=\"500\">68%<\/td>\n<\/tr>\n<tr>\n<td width=\"104\">Belgique<\/td>\n<td width=\"500\">68%<\/td>\n<\/tr>\n<\/tbody>\n<\/table>\n<table>\n<tbody>\n<tr>\n<td width=\"104\"><\/td>\n<td width=\"500\"><strong>L\u2019interdiction de l&rsquo;utilisation des cigarettes \u00e9lectroniques ou des produits du tabac chauff\u00e9s dans les lieux o\u00f9 fumer est interdit<\/strong><\/td>\n<\/tr>\n<tr>\n<td width=\"104\">Union europ\u00e9enne<\/td>\n<td width=\"500\">66%<\/td>\n<\/tr>\n<tr>\n<td width=\"104\">Le plus (Pays-Bas)<\/td>\n<td width=\"500\">84%<\/td>\n<\/tr>\n<tr>\n<td width=\"104\">Le moins (Bulgarie)<\/td>\n<td width=\"500\">49%<\/td>\n<\/tr>\n<tr>\n<td width=\"104\">France<\/td>\n<td width=\"500\">68%<\/td>\n<\/tr>\n<tr>\n<td width=\"104\">Belgique<\/td>\n<td width=\"500\">72%<\/td>\n<\/tr>\n<\/tbody>\n<\/table>\n<table>\n<tbody>\n<tr>\n<td width=\"104\"><\/td>\n<td width=\"500\"><strong>L\u2019interdiction des ar\u00f4mes pour les cigarettes \u00e9lectroniques<\/strong><\/td>\n<\/tr>\n<tr>\n<td width=\"104\">Union europ\u00e9enne<\/td>\n<td width=\"500\">43%<\/td>\n<\/tr>\n<tr>\n<td width=\"104\">Le plus (Lituanie)<\/td>\n<td width=\"500\">71%<\/td>\n<\/tr>\n<tr>\n<td width=\"104\">Le moins (R\u00e9publique tch\u00e8que)<\/td>\n<td width=\"500\">31%<\/td>\n<\/tr>\n<tr>\n<td width=\"104\">France<\/td>\n<td width=\"500\">40%<\/td>\n<\/tr>\n<tr>\n<td width=\"104\">Belgique<\/td>\n<td width=\"500\">53%<\/td>\n<\/tr>\n<\/tbody>\n<\/table>\n<p style=\"text-align: justify;\"><a href=\"#_ftnref1\" name=\"_ftn1\">[1]<\/a> European Union, <a href=\"https:\/\/europa.eu\/eurobarometer\/surveys\/detail\/2995?etrans=fr\">Attitudes of Europeans towards tobacco and related products<\/a>, juin 2024, (consult\u00e9 le 24\/07\/2024)<\/p>\n","protected":false},"excerpt":{"rendered":"<p>L&rsquo;enqu\u00eate Eurobarom\u00e8tre consacr\u00e9e aux \u00ab attitudes des Europ\u00e9ens \u00e0 l&rsquo;\u00e9gard des produits du tabac et de la nicotine, publi\u00e9e en juin 2024, fournit un ensemble de donn\u00e9es sur la consommation, les attitudes et les croyances des citoyens des 27 Etats membres de l\u2019Union europ\u00e9enne, sur l\u2019ensemble des produits du tabac et de la nicotine. Pour [&hellip;]<\/p>\n","protected":false},"author":1,"featured_media":21879,"menu_order":0,"template":"","meta":{"_acf_changed":false,"_seopress_robots_primary_cat":"","_seopress_titles_title":"Consommation et perception des produits du tabac et de la nicotine dans l&#039;UE","_seopress_titles_desc":"Une synth\u00e8se de la consommation et de la perception des produits du tabac et de la nicotine dans l&#039;Union europ\u00e9enne","_seopress_robots_index":"","footnotes":""},"categorie-fiches":[435],"class_list":["post-21875","fiche","type-fiche","status-publish","has-post-thumbnail","hentry","categorie-fiches-sante-fiches"],"acf":[],"_links":{"self":[{"href":"https:\/\/www.generationsanstabac.org\/fr\/wp-json\/wp\/v2\/fiche\/21875","targetHints":{"allow":["GET"]}}],"collection":[{"href":"https:\/\/www.generationsanstabac.org\/fr\/wp-json\/wp\/v2\/fiche"}],"about":[{"href":"https:\/\/www.generationsanstabac.org\/fr\/wp-json\/wp\/v2\/types\/fiche"}],"author":[{"embeddable":true,"href":"https:\/\/www.generationsanstabac.org\/fr\/wp-json\/wp\/v2\/users\/1"}],"version-history":[{"count":0,"href":"https:\/\/www.generationsanstabac.org\/fr\/wp-json\/wp\/v2\/fiche\/21875\/revisions"}],"wp:featuredmedia":[{"embeddable":true,"href":"https:\/\/www.generationsanstabac.org\/fr\/wp-json\/wp\/v2\/media\/21879"}],"wp:attachment":[{"href":"https:\/\/www.generationsanstabac.org\/fr\/wp-json\/wp\/v2\/media?parent=21875"}],"wp:term":[{"taxonomy":"categorie-fiches","embeddable":true,"href":"https:\/\/www.generationsanstabac.org\/fr\/wp-json\/wp\/v2\/categorie-fiches?post=21875"}],"curies":[{"name":"wp","href":"https:\/\/api.w.org\/{rel}","templated":true}]}}