{"id":18918,"date":"2024-03-01T09:14:27","date_gmt":"2024-03-01T08:14:27","guid":{"rendered":"https:\/\/www.generationsanstabac.org\/fiche\/la-consommation-tabagique-des-adolescents-dans-le-monde\/"},"modified":"2024-08-06T20:04:22","modified_gmt":"2024-08-06T18:04:22","slug":"la-consommation-tabagique-des-adolescents-dans-le-monde","status":"publish","type":"fiche","link":"https:\/\/www.generationsanstabac.org\/fr\/fiches\/la-consommation-tabagique-des-adolescents-dans-le-monde\/","title":{"rendered":"La consommation tabagique des adolescents dans le monde"},"content":{"rendered":"<p style=\"text-align: justify;\"><em>Un rapport de l\u2019Organisation mondiale de la sant\u00e9 (2024) s\u2019int\u00e9resse \u00e0 la consommation tabagique des adolescents \u00e2g\u00e9s de 13 \u00e0 15 ans \u00e0 travers le monde, quel que soit le produit du tabac. <\/em><\/p>\n<p style=\"text-align: justify;\">Le rapport se base sur une \u00e9tude r\u00e9alis\u00e9e entre 2012 et 2022 aupr\u00e8s de jeunes \u00e2g\u00e9s entre 13 et 15 ans dans 148 pays, couvrant 80% de la population mondiale. L\u2019enqu\u00eate s\u2019int\u00e9resse aux niveaux de consommation par cette tranche d\u2019\u00e2ge de tous types de produit du tabac, qu\u2019il s\u2019agisse de cigarettes manufactur\u00e9es, de tabac \u00e0 rouler, de tabac \u00e0 chauffer, ou de tabac sans fum\u00e9e (snus, tabac \u00e0 chiquer, etc.).  De ce fait, les chiffres de consommation excluent les produits sans tabac, comme les cigarettes \u00e9lectroniques ou les sachets de nicotine<a href=\"#_ftn1\" name=\"_ftnref1\">[1]<\/a>.<\/p>\n<h2 style=\"text-align: justify;\"><strong>Consommation globale<\/strong><\/h2>\n<p style=\"text-align: justify;\">Les donn\u00e9es disponibles estiment que 37 millions d\u2019adolescents \u00e2g\u00e9s entre 13 et 15 ans sont consommateurs d\u2019au moins une forme de tabac. Ainsi, la pr\u00e9valence tabagique moyenne de cette tranche d\u2019\u00e2ge s\u2019\u00e9tablit aux alentours de 10% \u00e0 l\u2019\u00e9chelle mondiale.<\/p>\n<h2 style=\"text-align: justify;\"><strong>Consommations r\u00e9gionales<\/strong><\/h2>\n<p style=\"text-align: justify;\">Le rapport note un faible \u00e9cart des niveaux de pr\u00e9valence entre les diff\u00e9rentes r\u00e9gions de l\u2019OMS. Ainsi, la r\u00e9gion m\u00e9diterran\u00e9e orientale enregistre le plus fort taux de consommateurs, avec 11,4% de fumeurs chez les 13-15 ans. La plus faible pr\u00e9valence tabagique est d\u00e9tenue par la r\u00e9gion Pacifique occidental (7,8%), suivie de la r\u00e9gion Afrique (9,2%). Dans l\u2019ensemble, la r\u00e9gion de l\u2019Asie du Sud-Est est celle qui compte le plus grand nombre de jeunes consommateurs, avec 11 millions d\u2019adolescents de 13-15 ans concern\u00e9s.<\/p>\n<h2 style=\"text-align: justify;\"><strong>Consommation par genre<\/strong><\/h2>\n<p style=\"text-align: justify;\">Les r\u00e9sultats montrent en revanche de fortes disparit\u00e9s selon le genre. Ainsi, \u00e0 l\u2019\u00e9chelle internationale, la pr\u00e9valence tabagique des jeunes filles s\u2019\u00e9tablit \u00e0 7%, contre 13% pour les jeunes gar\u00e7ons. La r\u00e9gion m\u00e9diterran\u00e9e orientale se caract\u00e9rise par la situation sanitaire la moins bonne, avec une pr\u00e9valence tabagique de 15% pour les gar\u00e7ons de 13 \u00e0 15 ans. Par ailleurs, aucune r\u00e9gion de l\u2019OMS n\u2019enregistre de pr\u00e9valence tabagique en de\u00e7\u00e0 de 10% pour cette cat\u00e9gorie de population. Pour les jeunes filles, la plus forte pr\u00e9valence tabagique est observ\u00e9e dans la R\u00e9gion Europe, qui compte 10,1% de jeunes consommatrices de tabac. L\u00e0 encore, la r\u00e9gion Pacifique occidentale enregistre la plus faible pr\u00e9valence pour les jeunes filles (3,1%), au moins deux fois inf\u00e9rieure \u00e0 toutes celles des autres r\u00e9gions. Toutefois, ce faible chiffre est en grande partie d\u00e9termin\u00e9 par le poids d\u00e9mographique de la Chine, qui compte une pr\u00e9valence tabagique extr\u00eamement faible aupr\u00e8s des jeunes adolescentes (2%).<\/p>\n<h2 style=\"text-align: justify;\"><strong>Consommations par niveaux de revenus<\/strong><\/h2>\n<p style=\"text-align: justify;\">Au total, plus de 19 millions d\u2019adolescents consommateurs de tabac vivent dans les pays \u00e0 moyens et faibles niveaux de revenus, soit 51% de l\u2019ensemble \u00e0 l\u2019\u00e9chelle internationale. Les \u00e9carts de pr\u00e9valence en fonction du niveau de revenu sont relativement limit\u00e9s, et varient de 9% (revenu \u00e9lev\u00e9) \u00e0 9,9% (revenu interm\u00e9diaire). Chez les jeunes adolescentes, la pr\u00e9valence tabagique la plus \u00e9lev\u00e9e est observ\u00e9e aupr\u00e8s des populations ayant les plus hauts niveaux de revenus (8,7%). Chez les jeunes adolescents, c\u2019est au contraire la tranche des niveaux de revenus \u00e9lev\u00e9s qui enregistre la pr\u00e9valence tabagique la plus faible (9,4%), tandis que la plus forte est observ\u00e9e dans la tranche interm\u00e9diaire (13,1%).<\/p>\n<p>&nbsp;<\/p>\n<p><img fetchpriority=\"high\" decoding=\"async\" class=\"aligncenter size-full wp-image-7035\" src=\"https:\/\/www.generationsanstabac.org\/wp-content\/uploads\/2024\/02\/Capture-decran-2024-02-27-101629.png\" alt=\"\" width=\"673\" height=\"662\" \/><\/p>\n<p>&nbsp;<\/p>\n<p style=\"text-align: justify;\"><strong><a href=\"https:\/\/www.generationsanstabac.org\/\">\u00a9G\u00e9n\u00e9ration Sans Tabac<\/a><\/strong><\/p>\n<p style=\"text-align: right;\"><em><strong>FT<\/strong><\/em><\/p>\n<hr \/>\n<p><a href=\"#_ftnref1\" name=\"_ftn1\">[1]<\/a> Organisation mondiale de la sant\u00e9 (OMS), <a href=\"https:\/\/iris.who.int\/bitstream\/handle\/10665\/375711\/9789240088283-eng.pdf?sequence=1\">WHO global report on trends in prevalence of tobacco use 2000\u20132030<\/a>, 16\/01\/2024, (consult\u00e9 le 26\/02\/2024)<\/p>\n<p><span style=\"color: #999999;\"><strong><a style=\"color: #999999;\" href=\"http:\/\/www.cnct.fr\/\" target=\"_blank\" rel=\"noopener noreferrer\">Comit\u00e9 national contre le tabagisme |<\/a><\/strong><\/span><\/p>\n","protected":false},"excerpt":{"rendered":"<p>Un rapport de l\u2019Organisation mondiale de la sant\u00e9 (2024) s\u2019int\u00e9resse \u00e0 la consommation tabagique des adolescents \u00e2g\u00e9s de 13 \u00e0 15 ans \u00e0 travers le monde, quel que soit le produit du tabac. Le rapport se base sur une \u00e9tude r\u00e9alis\u00e9e entre 2012 et 2022 aupr\u00e8s de jeunes \u00e2g\u00e9s entre 13 et 15 ans dans [&hellip;]<\/p>\n","protected":false},"author":7,"featured_media":18920,"menu_order":0,"template":"","meta":{"_acf_changed":false,"_seopress_robots_primary_cat":"","_seopress_titles_title":"La consommation tabagique des adolescents dans le monde","_seopress_titles_desc":"Un rapport de l\u2019OMS s\u2019int\u00e9resse \u00e0 la consommation tabagique des 13-15 ans \u00e0 travers le monde, quel que soit le produit du tabac.","_seopress_robots_index":"","footnotes":""},"categorie-fiches":[435],"class_list":["post-18918","fiche","type-fiche","status-publish","has-post-thumbnail","hentry","categorie-fiches-sante-fiches"],"acf":[],"_links":{"self":[{"href":"https:\/\/www.generationsanstabac.org\/fr\/wp-json\/wp\/v2\/fiche\/18918","targetHints":{"allow":["GET"]}}],"collection":[{"href":"https:\/\/www.generationsanstabac.org\/fr\/wp-json\/wp\/v2\/fiche"}],"about":[{"href":"https:\/\/www.generationsanstabac.org\/fr\/wp-json\/wp\/v2\/types\/fiche"}],"author":[{"embeddable":true,"href":"https:\/\/www.generationsanstabac.org\/fr\/wp-json\/wp\/v2\/users\/7"}],"version-history":[{"count":0,"href":"https:\/\/www.generationsanstabac.org\/fr\/wp-json\/wp\/v2\/fiche\/18918\/revisions"}],"wp:featuredmedia":[{"embeddable":true,"href":"https:\/\/www.generationsanstabac.org\/fr\/wp-json\/wp\/v2\/media\/18920"}],"wp:attachment":[{"href":"https:\/\/www.generationsanstabac.org\/fr\/wp-json\/wp\/v2\/media?parent=18918"}],"wp:term":[{"taxonomy":"categorie-fiches","embeddable":true,"href":"https:\/\/www.generationsanstabac.org\/fr\/wp-json\/wp\/v2\/categorie-fiches?post=18918"}],"curies":[{"name":"wp","href":"https:\/\/api.w.org\/{rel}","templated":true}]}}