{"id":18878,"date":"2022-12-22T14:01:33","date_gmt":"2022-12-22T13:01:33","guid":{"rendered":"https:\/\/www.generationsanstabac.org\/fiche\/les-benefices-de-l-arret-du-tabac-sont-majeurs-et-varies\/"},"modified":"2024-08-06T20:21:14","modified_gmt":"2024-08-06T18:21:14","slug":"les-benefices-de-l-arret-du-tabac-sont-majeurs-et-varies","status":"publish","type":"fiche","link":"https:\/\/www.generationsanstabac.org\/fr\/fiches\/les-benefices-de-l-arret-du-tabac-sont-majeurs-et-varies\/","title":{"rendered":"Les b\u00e9n\u00e9fices de l\u2019arr\u00eat du tabac sont majeurs et vari\u00e9s"},"content":{"rendered":"<p style=\"text-align: justify;\"><em>L&rsquo;arr\u00eat du tabac comporte de nombreux b\u00e9n\u00e9fices, imm\u00e9diats, \u00e0 moyen et \u00e0 long termes, qu\u2019il faut r\u00e9guli\u00e8rement rappeler aux fumeurs afin de soutenir leur motivation.<\/em><\/p>\n<p style=\"text-align: justify;\">Au moment d\u2019abandonner le tabac, les fumeurs tendent parfois \u00e0 s\u2019enfermer dans la nostalgie des quelques plaisirs perdus, tout en oubliant la d\u00e9pendance et les innombrables inconv\u00e9nients du tabagisme qui les ont conduits \u00e0 arr\u00eater leur consommation. Une d\u00e9marche efficace consiste \u00e0 se concentrer sur les b\u00e9n\u00e9fices qu\u2019apporte l\u2019arr\u00eat du tabagisme, ce qui renforce la motivation \u00e0 l\u2019\u2019arr\u00eat. Voici donc un rappel des nombreux avantages qui devraient inciter tous les fumeurs \u00e0 se d\u00e9tourner du tabagisme.<\/p>\n<h2 style=\"text-align: justify;\"><strong>B\u00e9n\u00e9fices imm\u00e9diats <\/strong><\/h2>\n<p style=\"text-align: justify;\">Le b\u00e9n\u00e9fice <strong>financier<\/strong> est le plus imm\u00e9diat et l\u2019un des plus visibles. C\u2019est aussi l\u2019une des principales motivations d\u2019arr\u00eat du tabac, m\u00eame si elle n\u2019est g\u00e9n\u00e9ralement pas suffisante<a href=\"#_ftn1\" name=\"_ftnref1\">[1]<\/a>. aque jour sans tabac permet pourtant de r\u00e9aliser de substantielles \u00e9conomies qui, cumul\u00e9es, peuvent repr\u00e9senter, en France, environ 330 euros\/mois<a href=\"#_ftn2\" name=\"_ftnref2\">[2]<\/a>, soit pr\u00e8s de 4000 euros\/an. Ces \u00e9conomies sont d\u2019autant plus appr\u00e9ciables dans les foyers aux revenus les plus modestes, chez qui l\u2019on trouve davantage de fumeurs<a href=\"#_ftn3\" name=\"_ftnref3\">[3]<\/a>. Ce levier incitant \u00e0 l\u2019arr\u00eat du tabac a par ailleurs \u00e9t\u00e9 renforc\u00e9 par la crise de la COVID-19<a href=\"#_ftn4\" name=\"_ftnref4\">[4]<\/a>.<\/p>\n<p style=\"text-align: justify;\">En termes de sant\u00e9, la pression art\u00e9rielle et les pulsations cardiaques redeviennent normales <strong>20 minutes<\/strong> apr\u00e8s la derni\u00e8re cigarette. <strong>Huit heures<\/strong> plus tard, l\u2019oxyg\u00e9nation des cellules redevient normale et la quantit\u00e9 de monoxyde de carbone dans le sang est r\u00e9duite de moiti\u00e9. <strong>24 heures<\/strong> apr\u00e8s l\u2019arr\u00eat du tabac, le corps ne contient plus de nicotine ni de monoxyde de carbone, les poumons commencent \u00e0 \u00e9liminer le mucus et les r\u00e9sidus de fum\u00e9e.<\/p>\n<p style=\"text-align: justify;\">Le go\u00fbt et l\u2019odorat s\u2019am\u00e9liorent <strong>48 heures<\/strong> apr\u00e8s la derni\u00e8re cigarette. La respiration est facilit\u00e9e <strong>72 heures<\/strong> apr\u00e8s l\u2019arr\u00eat du tabac, ce qui permet de se sentir plus \u00e9nergique.<\/p>\n<h2 style=\"text-align: justify;\"><strong>B\u00e9n\u00e9fices \u00e0 moyen terme<\/strong><\/h2>\n<p style=\"text-align: justify;\">Apr\u00e8s <strong>deux semaines<\/strong> d\u2019arr\u00eat du tabac, la coagulation sanguine se normalise et le risque d\u2019infarctus et d\u2019AVC commence \u00e0 diminuer. La toux et la fatigue se r\u00e9duisent \u00e0 partir du <strong>troisi\u00e8me mois<\/strong> apr\u00e8s l\u2019arr\u00eat du tabac. Les cils bronchiques repoussent <strong>entre 1 et 9 mois<\/strong> apr\u00e8s la derni\u00e8re cigarette.<\/p>\n<p style=\"text-align: justify;\">En parall\u00e8le, la peau vieillit moins vite, le teint est plus lumineux, les dents jaunissent moins vite. Le corps devient plus r\u00e9sistant et on tombe moins malade, la digestion est facilit\u00e9e et les br\u00fblures d\u2019estomac disparaissent. La sant\u00e9 sexuelle s\u2019am\u00e9liore \u00e9galement, sur les plans de la fertilit\u00e9 et de la r\u00e9duction des troubles de l\u2019\u00e9rection ; les femmes peuvent prendre une contraception orale sans risque de complications. Arr\u00eater de fumer <strong>bien<\/strong> <strong>avant la grossesse<\/strong> permet aussi de r\u00e9duire, en particulier, les risques de fausse couche, d\u2019accouchement pr\u00e9matur\u00e9 et d\u2019accoucher d\u2019un b\u00e9b\u00e9 de faible poids \u00e0 la naissance.<\/p>\n<p style=\"text-align: justify;\">L\u2019arr\u00eat du tabagisme apporte par ailleurs un <strong>b\u00e9n\u00e9fice psychologique<\/strong>, ce sevrage repr\u00e9sentant une victoire personnelle qui raffermit l\u2019estime de soi et renforce le sentiment d\u2019efficacit\u00e9 personnelle. Cette victoire sur soi-m\u00eame s\u2019accompagne g\u00e9n\u00e9ralement d\u2019une am\u00e9lioration de la <strong>repr\u00e9sentation sociale<\/strong> de l\u2019ex-fumeur, tant parmi les non-fumeurs que parmi les fumeurs, puisque les deux tiers de ces derniers souhaitent eux aussi arr\u00eater de fumer. Arr\u00eater le tabac permet aussi d\u2019am\u00e9liorer sa concentration, de diminuer l\u2019anxi\u00e9t\u00e9 et de retrouver un meilleur sommeil.<\/p>\n<h2 style=\"text-align: justify;\"><strong>B\u00e9n\u00e9fices \u00e0 long terme<\/strong><\/h2>\n<p style=\"text-align: justify;\">Apr\u00e8s <strong>un an<\/strong> d\u2019arr\u00eat du tabac, le risque d\u2019infarctus est r\u00e9duit de moiti\u00e9. Le risque d&rsquo;accident vasculaire c\u00e9r\u00e9bral (AVC) devient le m\u00eame que celui d&rsquo;un non-fumeur. <strong>5 ans<\/strong> apr\u00e8s l\u2019arr\u00eat du tabac, le risque de d\u00e9velopper un cancer de la bouche, de la gorge, de l\u2019\u0153sophage et de la vessie est r\u00e9duit de moiti\u00e9. Le risque de cancer du poumon est quant \u00e0 lui r\u00e9duit de moiti\u00e9 apr\u00e8s <strong>10 ans<\/strong> d\u2019arr\u00eat du tabac, tandis que le risque de cancer du larynx et du pancr\u00e9as diminue. <strong>15 ans<\/strong> apr\u00e8s la derni\u00e8re cigarette, le risque de maladie coronarienne redevient le m\u00eame que celui des non-fumeurs. A terme, l\u2019esp\u00e9rance de vie s\u2019allonge de 3 \u00e0 10 ans, selon l\u2019\u00e2ge des fumeurs au moment de l\u2019arr\u00eat du tabac.<\/p>\n<p style=\"text-align: justify;\">Si l\u2019arr\u00eat complet du tabac s\u2019effectue \u00e0 l\u2019aide d\u2019une cigarette \u00e9lectronique, la p\u00e9riode de vapotage doit rester limit\u00e9e afin de ne pas s\u2019exposer \u00e0  d\u2019autres risques pour la sant\u00e9, notamment sur le plan respiratoire<a href=\"#_ftn5\" name=\"_ftnref5\">[5]<\/a>.<\/p>\n<h2 style=\"text-align: justify;\"><strong>B\u00e9n\u00e9fices soci\u00e9taux et environnementaux<\/strong><\/h2>\n<p style=\"text-align: justify;\">Au-del\u00e0 des b\u00e9n\u00e9fices sur la sant\u00e9, le moral et la situation \u00e9conomique et sociale des fumeurs et de leur entourage, l\u2019arr\u00eat du tabac apporte \u00e9galement des b\u00e9n\u00e9fices :<\/p>\n<ul style=\"text-align: justify;\">\n<li>Pour l\u2019environnement, en r\u00e9duisant les \u00e9missions dues \u00e0 la production, au transport, \u00e0 la consommation et aux d\u00e9chets des produits du tabac. Cet impact est tout particuli\u00e8rement sensibles dans les r\u00e9gions pratiquant la culture du tabac.<\/li>\n<li>En \u00e9vitant de fumer au sein des habitations priv\u00e9es, on r\u00e9duit aussi consid\u00e9rablement la pollution de l\u2019air int\u00e9rieur et l\u2019exposition de l\u2019entourage au tabagisme passif.<\/li>\n<li>Pour la sant\u00e9 publique, en limitant le nombre de pathologies dues \u00e0 la consommation de tabac, en r\u00e9duisant la pression sur les services de soins et en participant \u00e0 une meilleure sant\u00e9 g\u00e9n\u00e9rale. La r\u00e9duction rapide du risque cardiovasculaire explique la r\u00e9duction quasi-imm\u00e9diate des couts sanitaires d\u00e8s l\u2019arr\u00eat du tabac.<\/li>\n<li>Pour les finances publiques, les gains s\u2019observent non seulement pour la S\u00e9curit\u00e9 sociale, mais se r\u00e9percutent aussi dans le budget de l\u2019Etat.<\/li>\n<li>Pour les entreprises, ainsi que pour les m\u00e9nages, l\u2019arr\u00eat du tabac d\u2019une personne s\u2019accompagne de gains plus ou moins visibles, mais bien r\u00e9els (gain de productivit\u00e9 et r\u00e9duction des arr\u00eats de travail en entreprise ; augmentation du budget des m\u00e9nages).<\/li>\n<\/ul>\n<p style=\"text-align: justify;\">L\u2019ensemble de ces b\u00e9n\u00e9fices, personnels ou collectifs, doit ainsi inciter les fumeurs \u00e0 s\u2019engager dans l\u2019arr\u00eat du tabac, et surtout \u00e0 maintenir leur abstinence dans la dur\u00e9e.<\/p>\n<p style=\"text-align: justify;\"><strong>Mots-cl\u00e9s : arr\u00eat du tabac, b\u00e9n\u00e9fices, sevrage<\/strong><\/p>\n<p style=\"text-align: justify;\"><strong><a href=\"https:\/\/www.generationsanstabac.org\/\">\u00a9G\u00e9n\u00e9ration Sans Tabac<\/a><\/strong><\/p>\n<p style=\"text-align: right;\"><strong><em>MF<\/em><\/strong><\/p>\n<hr \/>\n<p style=\"text-align: justify;\">Sources : Sant\u00e9 Publique France, Tabac Info Service, Comit\u00e9 national contre le tabagisme, F\u00e9d\u00e9ration Fran\u00e7aise de Cardiologie.<\/p>\n<p style=\"text-align: justify;\"><a href=\"#_ftnref1\" name=\"_ftn1\">[1]<\/a> Pasquereau A, Hochet M, Andler R, Guignard R, Nguyen-Thanh V. <em><a href=\"https:\/\/www.santepubliquefrance.fr\/determinants-de-sante\/tabac\/documents\/enquetes-etudes\/opinions-vis-a-vis-de-l-augmentation-des-taxes-sur-le-tabac-et-consequences-sur-la-motivation-a-l-arret.-resultats-du-barometre-de-sante-publique-f\">Opinions vis-a\u0300-vis de l&rsquo;augmentation des taxes sur le tabac et conse\u0301quences sur la motivation a\u0300 l&rsquo;arre\u0302t. Re\u0301sultats du Barome\u0300tre de Sante\u0301 publique France 2018.<\/a><\/em> Saint-Maurice : Sante\u0301 publique France; 2020. 10 p.<\/p>\n<p style=\"text-align: justify;\"><a href=\"#_ftnref2\" name=\"_ftn2\">[2]<\/a> Pour une consommation d\u2019un paquet\/jour, le prix du paquet de cigarettes se situant, en France, \u00e0 11 \u20ac en f\u00e9vrier 2023. Le montant mensuel est \u00e0 ajuster en fonction du nombre de cigarettes consomm\u00e9es.<\/p>\n<p style=\"text-align: justify;\"><a href=\"#_ftnref3\" name=\"_ftn3\">[3]<\/a> Pasquereau A, Andler R, Guignard R, Gautier A, Soullier N, Richard JB, et al, <a href=\"http:\/\/beh.santepubliquefrance.fr\/beh\/2022\/26\/2022_26_1.html\"><em>Pr\u00e9valence nationale et r\u00e9gionale du tabagisme en France en 2021 parmi les 18-75 ans, d\u2019apr\u00e8s le barom\u00e8tre de Sant\u00e9 Publique France<\/em><\/a>, Bull \u00c9pid\u00e9miol Hebd. 2022;(26):470-80.<\/p>\n<p style=\"text-align: justify;\"><a href=\"#_ftnref4\" name=\"_ftn4\">[4]<\/a> Jartoux C, Guignard R, Quatrem\u00e8re G, Andler R, Pasquereau A, Nguyen Thanh V. <em><a href=\"https:\/\/portaildocumentaire.santepubliquefrance.fr\/exl-php\/cadcgp.php?CMD=CHERCHE&amp;MODELE=vues\/spf___internet_recherche\/tpl-r.html&amp;WHERE_IS_DOC_REF_LIT=SPF00003824&amp;&amp;TABLE=SPF_DOC\">Attitudes des fumeurs en p\u00e9riode de crise sanitaire li\u00e9e \u00e0 la Covid-19 : synth\u00e8se d\u2019\u00e9tudes qualitatives et quantitatives<\/a><\/em>. Saint-Maurice, Sant\u00e9 publique France, 2022, 29 p.<\/p>\n<p style=\"text-align: justify;\"><a href=\"#_ftnref5\" name=\"_ftn5\">[5]<\/a> <a href=\"https:\/\/www.canada.ca\/fr\/sante-publique\/services\/maladies\/maladie-pulmonaire-vapotage.html\"><em>Maladie pulmonaire associ\u00e9e au vapotage<\/em><\/a>, Gouvernement du Canada, modifi\u00e9 le 29 ao\u00fbt 2022, consult\u00e9 le 21 d\u00e9cembre 2022.<\/p>\n<p><span style=\"color: #999999;\"><strong><a style=\"color: #999999;\" href=\"http:\/\/www.cnct.fr\/\" target=\"_blank\" rel=\"noopener noreferrer\">Comit\u00e9 national contre le tabagisme |<\/a><\/strong><\/span><\/p>\n","protected":false},"excerpt":{"rendered":"<p>L&rsquo;arr\u00eat du tabac comporte de nombreux b\u00e9n\u00e9fices, imm\u00e9diats, \u00e0 moyen et \u00e0 long termes, qu\u2019il faut r\u00e9guli\u00e8rement rappeler aux fumeurs afin de soutenir leur motivation. Au moment d\u2019abandonner le tabac, les fumeurs tendent parfois \u00e0 s\u2019enfermer dans la nostalgie des quelques plaisirs perdus, tout en oubliant la d\u00e9pendance et les innombrables inconv\u00e9nients du tabagisme qui [&hellip;]<\/p>\n","protected":false},"author":7,"featured_media":18879,"menu_order":0,"template":"","meta":{"_acf_changed":false,"_seopress_robots_primary_cat":"","_seopress_titles_title":"Les b\u00e9n\u00e9fices de l\u2019arr\u00eat du tabac sont majeurs et vari\u00e9s","_seopress_titles_desc":"L'arr\u00eat du tabac comporte de nombreux b\u00e9n\u00e9fices qu\u2019il faut r\u00e9guli\u00e8rement rappeler aux fumeurs afin de soutenir leur motivation.","_seopress_robots_index":"","footnotes":""},"categorie-fiches":[435],"class_list":["post-18878","fiche","type-fiche","status-publish","has-post-thumbnail","hentry","categorie-fiches-sante-fiches"],"acf":[],"_links":{"self":[{"href":"https:\/\/www.generationsanstabac.org\/fr\/wp-json\/wp\/v2\/fiche\/18878","targetHints":{"allow":["GET"]}}],"collection":[{"href":"https:\/\/www.generationsanstabac.org\/fr\/wp-json\/wp\/v2\/fiche"}],"about":[{"href":"https:\/\/www.generationsanstabac.org\/fr\/wp-json\/wp\/v2\/types\/fiche"}],"author":[{"embeddable":true,"href":"https:\/\/www.generationsanstabac.org\/fr\/wp-json\/wp\/v2\/users\/7"}],"version-history":[{"count":0,"href":"https:\/\/www.generationsanstabac.org\/fr\/wp-json\/wp\/v2\/fiche\/18878\/revisions"}],"wp:featuredmedia":[{"embeddable":true,"href":"https:\/\/www.generationsanstabac.org\/fr\/wp-json\/wp\/v2\/media\/18879"}],"wp:attachment":[{"href":"https:\/\/www.generationsanstabac.org\/fr\/wp-json\/wp\/v2\/media?parent=18878"}],"wp:term":[{"taxonomy":"categorie-fiches","embeddable":true,"href":"https:\/\/www.generationsanstabac.org\/fr\/wp-json\/wp\/v2\/categorie-fiches?post=18878"}],"curies":[{"name":"wp","href":"https:\/\/api.w.org\/{rel}","templated":true}]}}