{"id":18702,"date":"2021-02-24T16:38:50","date_gmt":"2021-02-24T15:38:50","guid":{"rendered":"https:\/\/www.generationsanstabac.org\/fiche\/consommation-et-perceptions-des-produits-du-tabac-et-du-vapotage-dans-lue\/"},"modified":"2024-08-06T20:10:04","modified_gmt":"2024-08-06T18:10:04","slug":"consommation-et-perceptions-des-produits-du-tabac-et-du-vapotage-dans-lue","status":"publish","type":"fiche","link":"https:\/\/www.generationsanstabac.org\/fr\/fiches\/consommation-et-perceptions-des-produits-du-tabac-et-du-vapotage-dans-lue\/","title":{"rendered":"Consommation et perceptions des produits du tabac et du vapotage dans l\u2019UE"},"content":{"rendered":"<p style=\"text-align: justify;\">Depuis 2003, la Commission europ\u00e9enne m\u00e8ne r\u00e9guli\u00e8rement des sondages pour \u00e9valuer les comportements et les perceptions des europ\u00e9ens sur les questions li\u00e9es au tabac et \u00e0 la nicotine. L\u2019objectif de cette \u00e9tude est de dresser un panorama des consommations tabagiques et nicotiniques, l\u2019exposition aux publicit\u00e9s, afin d\u2019aider \u00e0 l\u2019identification des mesures \u00e0 mettre en \u0153uvre pour r\u00e9duire le tabagisme en Europe.<\/p>\n<p style=\"text-align: justify;\">Cette <a href=\"https:\/\/ec.europa.eu\/commfrontoffice\/publicopinion\/index.cfm\/survey\/getsurveydetail\/instruments\/special\/surveyky\/2240\">\u00e9tude<\/a> a \u00e9t\u00e9 r\u00e9alis\u00e9e par l\u2019institut de sondage Kantar, aupr\u00e8s d\u2019un \u00e9chantillon de 27 237 personnes, repr\u00e9sentatif de la population europ\u00e9enne et pond\u00e9r\u00e9 par pays.<\/p>\n<h2 style=\"text-align: justify;\">Pr\u00e9valence du tabagisme dans l&rsquo;Union europ\u00e9enne.<\/h2>\n<p style=\"text-align: justify;\">L\u2019Union europ\u00e9enne et le Royaume-Uni comptent 23% de fumeurs parmi les personnes \u00e2g\u00e9es de 15 ans (-3 points par rapport \u00e0 2017), 22% d\u2019anciens fumeurs (+2 points) et 55% de personnes n\u2019ayant jamais fum\u00e9 (+2 points).<\/p>\n<p style=\"text-align: justify;\">59% de ceux qui utilisent des cigarettes \u00e9lectroniques sont \u00e9galement fumeurs, contre 79% de consommateurs de tabac chauff\u00e9. 78% des fumeurs de tabac classique consomment des cigarettes manufactur\u00e9es tandis que 28% fument du tabac \u00e0 rouler (une partie des deux consomment des deux).<\/p>\n<h2 style=\"text-align: justify;\">Nombre de cigarettes fum\u00e9es par jour<\/h2>\n<p style=\"text-align: justify;\">8% des fumeurs consomment au moins 21 cigarettes chaque jour (-1 point), et 45% consomment entre 11 et 20 cigarettes (+1 point). Pour les anciens fumeurs : 12% fumaient 21 cigarettes ou plus (-3 points), tandis que 38% consommaient entre 11 et 20 cigarettes par jour (-1 point).<\/p>\n<p style=\"text-align: justify;\">Un fumeur europ\u00e9en fume en moyenne 14,2 cigarettes par jour. La Gr\u00e8ce et la Su\u00e8de sont respectivement les pays o\u00f9 l\u2019on enregistre le plus fort et le plus faible nombre de cigarettes consomm\u00e9es par jour et par fumeur (18,7 et 9,2). En France, un fumeur consomme en moyenne 11,8 cigarettes par jour (0,4 de moins par rapport \u00e0 2017).<\/p>\n<h2 style=\"text-align: justify;\">Consommation de cigarettes \u00e9lectroniques et de produits du tabac chauff\u00e9s<\/h2>\n<p style=\"text-align: justify;\">Plus les r\u00e9pondants sont jeunes, plus ils sont susceptibles d&rsquo;avoir essay\u00e9 des cigarettes \u00e9lectroniques ou du tabac chauff\u00e9. Un quart des jeunes (15-24 ans) ont au moins essay\u00e9 la cigarette \u00e9lectronique, contre 8% des plus \u00e2g\u00e9s (&gt; 55 ans).<\/p>\n<p style=\"text-align: justify;\">Comme le montre le graphique ci-dessous, les plus jeunes sont \u00e9galement les plus susceptibles de consommer des cigarettes \u00e9lectroniques ou du tabac chauff\u00e9.<\/p>\n<h2 style=\"text-align: justify;\">Cigarettes \u00e9lectroniques : consommation<\/h2>\n<p style=\"text-align: justify;\">48% des consommateurs de cigarettes \u00e9lectroniques avec nicotine l\u2019utilisent quotidiennement, contre 10% des consommateurs de cigarettes \u00e9lectroniques sans nicotine.<\/p>\n<p style=\"text-align: justify;\">Parmi les non-fumeurs consommateurs de cigarettes \u00e9lectroniques, 73% l\u2019utilisent quotidiennement, contre 43% des fumeurs et consommateurs de cigarettes \u00e9lectroniques. Les saveurs les plus populaires sont les saveur fruit\u00e9es (48%), suivies de la saveur de tabac (36%) et de la saveur menthol (30%). Enfin, 7% des non-utilisateurs d\u00e9clarent trouver les cigarettes \u00e9lectroniques attirantes, principalement chez les jeunes.<\/p>\n<h2 style=\"text-align: justify;\">Utilisation des produits du tabac chauff\u00e9<\/h2>\n<p style=\"text-align: justify;\">58% des utilisateurs de tabac chauff\u00e9 sont consommateurs quotidiens. 6% des non-consommateurs les trouvent attrayants, \u00e0 nouveau essentiellement parmi les jeunes.<\/p>\n<h2 style=\"text-align: justify;\">D\u00e9but et dur\u00e9e du tabagisme<\/h2>\n<p style=\"text-align: justify;\">En moyenne, le tabagisme r\u00e9gulier commence \u00e0 17,8 ans. 54% des fumeurs actuels et ex fumeurs ont commenc\u00e9 avant cet \u00e2ge : 39% avaient entre 15 et 17 ans, 15% avaient moins de 15 ans, et 38% ont commenc\u00e9 entre 18 et 25 ans. L\u2019entr\u00e9e dans le tabagisme r\u00e9gulier est diff\u00e9rente de l\u2019initiation au tabagisme. En France, la premi\u00e8re cigarette est fum\u00e9e en moyenne \u00e0 14,4 ans.<\/p>\n<p style=\"text-align: justify;\">39% ont fum\u00e9 pendant une p\u00e9riode de 21 \u00e0 40 ans, 21% plus de 40 ans, 20% une p\u00e9riode de 11 \u00e0 20 ans. 81% des consommateurs ont eu leur premi\u00e8re exp\u00e9rience avec une cigarette classique, 6% avec du tabac \u00e0 rouler, 4% (+1 point) avec un narguil\u00e9, 2% (+1 point) avec une cigarette \u00e9lectronique, 2% (+1 point) avec un cigare, 1% (+1 point) avec le snus, produit commercialis\u00e9 dans un nombre tr\u00e8s limit\u00e9 de l\u2019Union Europ\u00e9enne.<\/p>\n<h2 style=\"text-align: justify;\">L\u2019arr\u00eat du tabac<\/h2>\n<p style=\"text-align: justify;\">53% des fumeurs ont tent\u00e9 d&rsquo;arr\u00eater de fumer \u00e0 un moment donn\u00e9 (-2 points). Ceux qui fument conjointement des produits du tabac traditionnels et des cigarettes \u00e9lectroniques ont un taux de tentative plus \u00e9lev\u00e9 que les autres (68%). Enfin, 20% des personnes interrog\u00e9es (non-fumeurs compris), pensent que les cigarettes \u00e9lectroniques aident les fumeurs \u00e0 arr\u00eater, dont une majorit\u00e9 de jeunes.<\/p>\n<p style=\"text-align: justify;\"><strong>Raisons de la consommation de cigarettes \u00e9lectroniques ou de produits du tabac chauff\u00e9s<\/strong><\/p>\n<p style=\"text-align: justify;\">Parmi les consommateurs de cigarettes \u00e9lectroniques :<\/p>\n<ul style=\"text-align: justify;\">\n<li>57% l\u2019ont fait pour tenter de r\u00e9duire leur consommation de tabac ;<\/li>\n<li>37% ont commenc\u00e9 parce qu&rsquo;ils pensaient que le vapotage \u00e9tait moins nocif que la consommation classique de tabac ;<\/li>\n<li>23% en raison du plus faible prix des cigarettes \u00e9lectroniques ;<\/li>\n<li>20% ont indiqu\u00e9 les saveurs des cigarettes \u00e9lectroniques ;<\/li>\n<li>17% en raison des plus faibles restrictions de consommation dans certains lieux ;<\/li>\n<li>16% en raison de leurs amis ;<\/li>\n<li>8% invoquent la dimension attrayante et \u00ab cool \u00bb de la cigarette \u00e9lectronique.<\/li>\n<\/ul>\n<p style=\"text-align: justify;\">Lorsque l&rsquo;on compare ces r\u00e9sultats avec ceux de l&rsquo;enqu\u00eate pr\u00e9c\u00e9dente de 2017, les changements les plus notables sont la diminution de la proportion d&rsquo;utilisateurs d\u00e9clarant avoir commenc\u00e9 \u00e0 utiliser des cigarettes \u00e9lectroniques pour arr\u00eater ou r\u00e9duire leur tabagisme (-4 points), et les augmentations significatives des parts de ceux indiquant aimer les saveurs des cigarettes \u00e9lectroniques (+8 points), penser que le vapotage \u00e9tait moins nocif que l&rsquo;usage du tabac (+6 points) et commencer en raison de leurs amis (+5 points).<\/p>\n<h2 style=\"text-align: justify;\">Cigarettes \u00e9lectroniques et tabac chauff\u00e9 : perceptions sur la sant\u00e9<\/h2>\n<p style=\"text-align: justify;\">65% (+10 points) des r\u00e9pondants pensent que les cigarettes \u00e9lectroniques sont nocives pour la sant\u00e9, contre 64% pour les produits du tabac chauff\u00e9.<\/p>\n<h2 style=\"text-align: justify;\">Publicit\u00e9 pour le tabac, le tabac chauff\u00e9, et publicit\u00e9s pour les cigarettes \u00e9lectroniques<\/h2>\n<p style=\"text-align: justify;\">39% ont vu des publicit\u00e9s pour des cigarettes \u00e9lectroniques, des liquides ou des cartouches de recharge. Plus d&rsquo;un tiers pour des produits du tabac \u00e0 fumer, et 29% pour des produits du tabac chauff\u00e9. Les plus jeunes sont les plus susceptibles d\u2019avoir vu ces publicit\u00e9s.<\/p>\n<p style=\"text-align: justify;\">Le graphique dessus pr\u00e9sente les principaux lieux d\u2019exposition aux publicit\u00e9s en faveur des produits du tabac et de la nicotine. Les \u00e9volutions les plus notables par rapport \u00e0 l\u2019enqu\u00eate de 2014 sont les augmentations des proportions mentionnant les r\u00e9seaux sociaux ou blogs en ligne (+10 points), les points de vente (+7 points), les sites Web des d\u00e9taillants et les applications de t\u00e9l\u00e9phonie mobile (tous deux \u00e0 +5 points).<\/p>\n<p style=\"text-align: justify;\">Les r\u00e9sultats sont tr\u00e8s diff\u00e9rents selon les pays, dont les r\u00e9glementations peuvent varier. 25% en Autriche et 24% en Hongrie indiquent des \u00e9v\u00e9nements parrain\u00e9s ou organis\u00e9s par des fabricants de tabac, suivis de 14% au Royaume-Uni. Cette proportion chute \u00e0 1% au Danemark, et \u00e0 2% en Lituanie ou \u00e0 Malte.<\/p>\n<p style=\"text-align: justify;\">Plus d&rsquo;une personne sur dix en Gr\u00e8ce (17%), en Estonie (14%), en Bulgarie et en Hongrie (11% dans les deux cas) d\u00e9clare avoir \u00e9t\u00e9 expos\u00e9e \u00e0 des publicit\u00e9s en faveur de produits du tabac \u00e0 fumer par le biais de la distribution d&rsquo;articles promotionnels par des fabricants de tabac. A nouveau, cette proportion chute \u00e0 moins de 1% \u00e0 Malte, en Lituanie et au Danemark.<\/p>\n<h2 style=\"text-align: justify;\">Attitudes \u00e0 l&rsquo;\u00e9gard des politiques de contr\u00f4le du tabac et de la nicotine<\/h2>\n<p style=\"text-align: justify;\">70% (+7 points) des interrog\u00e9s sont favorables \u00e0 l&rsquo;interdiction de l&rsquo;utilisation des cigarettes \u00e9lectroniques et de tabac chauff\u00e9 dans les lieux o\u00f9 il est interdit de fumer, 47% sont en faveur de l&#8217;emballage neutre pour les cigarettes (+1 point), 47% se d\u00e9clarent en faveur de l&rsquo;interdiction des ar\u00f4mes dans les cigarettes \u00e9lectroniques (-7 points).<\/p>\n<p style=\"text-align: justify;\">Une grande majorit\u00e9 de ceux qui n&rsquo;ont pas ou peu consomm\u00e9 de cigarettes \u00e9lectroniques (71%) ou de produits du tabac chauff\u00e9 (72%) pensent que ces produits devraient \u00eatre r\u00e9glement\u00e9s aussi strictement que les cigarettes manufactur\u00e9es.<\/p>\n<p><span style=\"color: #993366;\"><strong><a style=\"color: #993366;\" href=\"https:\/\/www.generationsanstabac.org\/\">\u00a9G\u00e9n\u00e9ration Sans Tabac<\/a><\/strong><\/span><\/p>\n<p><span style=\"color: #808080;\"><strong><a style=\"color: #808080;\" href=\"http:\/\/www.cnct.fr\/\" target=\"_blank\" rel=\"noopener noreferrer\">\u00a9Comit\u00e9 National Contre le Tabagisme |<\/a><\/strong><\/span><\/p>\n","protected":false},"excerpt":{"rendered":"<p>Depuis 2003, la Commission europ\u00e9enne m\u00e8ne r\u00e9guli\u00e8rement des sondages pour \u00e9valuer les comportements et les perceptions des europ\u00e9ens sur les questions li\u00e9es au tabac et \u00e0 la nicotine. L\u2019objectif de cette \u00e9tude est de dresser un panorama des consommations tabagiques et nicotiniques, l\u2019exposition aux publicit\u00e9s, afin d\u2019aider \u00e0 l\u2019identification des mesures \u00e0 mettre en \u0153uvre [&hellip;]<\/p>\n","protected":false},"author":7,"featured_media":18703,"menu_order":0,"template":"","meta":{"_acf_changed":false,"_seopress_robots_primary_cat":"","_seopress_titles_title":"Consommation et perception des produits du tabac et de la nicotine dans l'UE","_seopress_titles_desc":"Une synth\u00e8se de la consommation et de la perception des produits du tabac et de la nicotine dans l'Union europ\u00e9enne","_seopress_robots_index":"","footnotes":""},"categorie-fiches":[433,435],"class_list":["post-18702","fiche","type-fiche","status-publish","has-post-thumbnail","hentry","categorie-fiches-nouveaux-produits-fiches","categorie-fiches-sante-fiches"],"acf":[],"_links":{"self":[{"href":"https:\/\/www.generationsanstabac.org\/fr\/wp-json\/wp\/v2\/fiche\/18702","targetHints":{"allow":["GET"]}}],"collection":[{"href":"https:\/\/www.generationsanstabac.org\/fr\/wp-json\/wp\/v2\/fiche"}],"about":[{"href":"https:\/\/www.generationsanstabac.org\/fr\/wp-json\/wp\/v2\/types\/fiche"}],"author":[{"embeddable":true,"href":"https:\/\/www.generationsanstabac.org\/fr\/wp-json\/wp\/v2\/users\/7"}],"version-history":[{"count":0,"href":"https:\/\/www.generationsanstabac.org\/fr\/wp-json\/wp\/v2\/fiche\/18702\/revisions"}],"wp:featuredmedia":[{"embeddable":true,"href":"https:\/\/www.generationsanstabac.org\/fr\/wp-json\/wp\/v2\/media\/18703"}],"wp:attachment":[{"href":"https:\/\/www.generationsanstabac.org\/fr\/wp-json\/wp\/v2\/media?parent=18702"}],"wp:term":[{"taxonomy":"categorie-fiches","embeddable":true,"href":"https:\/\/www.generationsanstabac.org\/fr\/wp-json\/wp\/v2\/categorie-fiches?post=18702"}],"curies":[{"name":"wp","href":"https:\/\/api.w.org\/{rel}","templated":true}]}}