{"id":27409,"date":"2026-09-03T14:51:23","date_gmt":"2026-09-03T12:51:23","guid":{"rendered":"https:\/\/www.generationsanstabac.org\/?post_type=decryptages&#038;p=27409"},"modified":"2026-09-03T14:51:23","modified_gmt":"2026-09-03T12:51:23","slug":"eu-reporter-une-tribune-bruxelloise-au-service-de-lindustrie-du-tabac","status":"publish","type":"decryptages","link":"https:\/\/www.generationsanstabac.org\/fr\/decryptages\/eu-reporter-une-tribune-bruxelloise-au-service-de-lindustrie-du-tabac\/","title":{"rendered":"EU Reporter, une tribune bruxelloise au service de l\u2019industrie du tabac"},"content":{"rendered":"<p style=\"text-align: justify\"><em>Le 30 juin 2026, l&rsquo;agence am\u00e9ricaine des produits alimentaires et m\u00e9dicamenteux (FDA) a autoris\u00e9 vingt r\u00e9f\u00e9rences de sachets de nicotine Zyn, commercialis\u00e9es par Swedish Match USA, filiale de Philip Morris International (PMI), \u00e0 porter une mention de risque modifi\u00e9 par rapport \u00e0 la cigarette. Cette d\u00e9cision, encadr\u00e9e par des conditions strictes et contest\u00e9e par les principales organisations de sant\u00e9 publique am\u00e9ricaines, a fait l&rsquo;objet le 31 ao\u00fbt 2026 d&rsquo;un article du m\u00e9dia bruxellois EU Reporter qui en tire un argument en faveur d&rsquo;un assouplissement de la r\u00e9glementation europ\u00e9enne.<\/em><\/p>\n<h2 style=\"text-align: justify\"><strong>Ce que la FDA a autoris\u00e9, et sous quelles conditions<\/strong><\/h2>\n<p style=\"text-align: justify\">L&rsquo;ordonnance de la FDA du 30 juin 2026 porte sur vingt produits Zyn, soit dix ar\u00f4mes d\u00e9clin\u00e9s en deux dosages (3 mg et 6 mg de nicotine). Elle autorise une formulation unique et limitativement d\u00e9finie : <em>\u00ab Utiliser Zyn \u00e0 la place des cigarettes vous expose \u00e0 un risque moindre de cancer de la bouche, de maladie cardiaque, de cancer du poumon, d&rsquo;accident vasculaire c\u00e9r\u00e9bral, d&#8217;emphys\u00e8me et de bronchite chronique \u00bb<a href=\"#_ftn1\" name=\"_ftnref1\"><strong>[1]<\/strong><\/a>.<\/em><\/p>\n<p style=\"text-align: justify\">L&rsquo;agence assortit cette autorisation de plusieurs limites explicites. La mention ne vaut que pour les fumeurs qui abandonnent compl\u00e8tement la cigarette, et non pour les usagers doubles. Le fabricant est tenu de conduire des \u00e9tudes de surveillance post-commercialisation portant notamment sur les comportements des utilisateurs et sur leur compr\u00e9hension de l&rsquo;information du risque. La FDA se r\u00e9serve le droit de r\u00e9voquer l&rsquo;autorisation en cas d&rsquo;augmentation significative de l&rsquo;usage de ces produits par les jeunes. Elle rappelle enfin que ce produit n&rsquo;est pas sans risque et que les personnes qui n&rsquo;en consomment pas ne doivent pas commencer.<\/p>\n<p style=\"text-align: justify\">La d\u00e9cision a suscit\u00e9 des objections imm\u00e9diates. D\u00e8s le 1<sup>er<\/sup> juillet 2026, l&rsquo;American Heart Association d\u00e9clarait qu\u2019une telle d\u00e9cision donne \u00e0 l&rsquo;industrie du tabac les moyens de commercialiser agressivement ces produits et de perp\u00e9tuer la d\u00e9pendance \u00e0 la nicotine chez les enfants et adultes. Elle soulignait \u00e9galement que les sachets de nicotine sont d\u00e9sormais le deuxi\u00e8me produit du tabac le plus consomm\u00e9 par les coll\u00e9giens et lyc\u00e9ens am\u00e9ricains<a href=\"#_ftn2\" name=\"_ftnref2\">[2]<\/a>. Selon le National Youth Tobacco Survey, environ 460 000 \u00e9l\u00e8ves du secondaire d\u00e9clarent en avoir consomm\u00e9 au cours de l&rsquo;ann\u00e9e \u00e9coul\u00e9e. Plusieurs cliniciens et chercheurs ont alert\u00e9 sur le risque d&rsquo;installation de la d\u00e9pendance chez les jeunes utilisateurs, et ils ont \u00e9galement point\u00e9 les effets parodontaux et cardiovasculaires de la nicotine<a href=\"#_ftn3\" name=\"_ftnref3\">[3]<\/a>.<\/p>\n<h2 style=\"text-align: justify\"><strong>Une restitution partielle et partiale de la d\u00e9cision par l\u2019EU Reporter<\/strong><\/h2>\n<p style=\"text-align: justify\">L&rsquo;article publi\u00e9 le 31 ao\u00fbt 2026<a href=\"#_ftn4\" name=\"_ftnref4\">[4]<\/a> par EU Reporter sous la signature de Colin Stevens ne fait \u00e9tat d&rsquo;aucune des objections formul\u00e9es depuis deux mois par les soci\u00e9t\u00e9s savantes et les organisations de sant\u00e9 publique am\u00e9ricaines, alors que ces prises de position ont \u00e9t\u00e9 largement reprises par la presse g\u00e9n\u00e9raliste et sp\u00e9cialis\u00e9e. N&rsquo;y figure notamment pas le commentaire<a href=\"#_ftn5\" name=\"_ftnref5\">[5]<\/a> conjoint d\u00e9pos\u00e9 le 3 mars 2026 aupr\u00e8s de la FDA par l&rsquo;American Academy of Pediatrics, l&rsquo;American Cancer Society Cancer Action Network, l&rsquo;American Heart Association, l&rsquo;American Lung Association et la Campaign for Tobacco-Free Kids. Ce document rel\u00e8ve que la proportion de coll\u00e9giens et lyc\u00e9ens am\u00e9ricains ayant consomm\u00e9 des sachets de nicotine au cours des trente derniers jours a doubl\u00e9 entre 2021 et 2024, pour atteindre 1,8 %, que 77,6 % des lyc\u00e9ens utilisateurs de sachets consomment la marque Zyn et que 86 % des jeunes utilisateurs choisissent des variantes aromatis\u00e9es. Les cinq organisations contestent \u00e9galement la d\u00e9marche scientifique retenue, la formulation de Zyn reposant sur des sels de nicotine dont le potentiel addictif diff\u00e8re de celui du snus ferment\u00e9 (contenant du tabac) sur lequel s&rsquo;appuie une partie des donn\u00e9es pr\u00e9sent\u00e9es. Elles soulignent enfin que l&rsquo;\u00e9tude produite par le fabricant ne met en \u00e9vidence aucune \u00e9volution de l&rsquo;intention d&rsquo;arr\u00eater de fumer avant et apr\u00e8s une exposition \u00e0 la mention de risque modifi\u00e9.<\/p>\n<p style=\"text-align: justify\">La controverse proc\u00e9durale entourant la d\u00e9cision n&rsquo;est pas davantage \u00e9voqu\u00e9e. La r\u00e9union du comit\u00e9 consultatif scientifique de la FDA sur les produits du tabac, tenue le 22 janvier 2026, s&rsquo;est d\u00e9roul\u00e9e sans vote formel sur la demande, une modalit\u00e9 contest\u00e9e par des chercheurs en sant\u00e9 publique au regard des dispositions de la section 911 du Family Smoking Prevention and Tobacco Control Act<a href=\"#_ftn6\" name=\"_ftnref6\">[6]<\/a>.<\/p>\n<p style=\"text-align: justify\">L&rsquo;article d\u2019EU Reporter qualifie la proc\u00e9dure am\u00e9ricaine de pr\u00e9c\u00e9dent r\u00e9glementaire significatif et de processus exhaustif, quand il d\u00e9crit la situation europ\u00e9enne en termes de fragmentation et de lacunes l\u00e9gislatives. La seule voix experte non institutionnelle qu&rsquo;il mobilise est celle de Clive Bates, figure militante de la r\u00e9duction des risques, qui invite la Commission europ\u00e9enne \u00e0 pr\u00eater une attention particuli\u00e8re au processus suivi par la FDA. Aucun contradicteur n&rsquo;est sollicit\u00e9, alors que la conclusion pose aux l\u00e9gislateurs europ\u00e9ens une alternative entre une r\u00e9glementation fond\u00e9e sur la diff\u00e9renciation des risques et un traitement uniforme des produits nicotin\u00e9s.<\/p>\n<p style=\"text-align: justify\">Le rapprochement op\u00e9r\u00e9 entre la d\u00e9cision am\u00e9ricaine et le d\u00e9bat europ\u00e9en met par ailleurs en regard deux cadres juridiques distincts. L&rsquo;autorisation de risque modifi\u00e9 rel\u00e8ve d&rsquo;une proc\u00e9dure de commercialisation propre au Tobacco Control Act de 2009, sans port\u00e9e normative dans l&rsquo;Union europ\u00e9enne. Le droit europ\u00e9en ne comporte pas de m\u00e9canisme \u00e9quivalent : l&rsquo;article 13 de la directive 2014\/40\/UE interdit les mentions susceptibles de cr\u00e9er une impression erron\u00e9e quant aux effets sur la sant\u00e9 et prohibe express\u00e9ment les indications sugg\u00e9rant des avantages sanitaires.<\/p>\n<h2 style=\"text-align: justify\"><strong>Une s\u00e9rie d&rsquo;articles au cadrage convergent<\/strong><\/h2>\n<p style=\"text-align: justify\">Entre mars et ao\u00fbt 2026, plusieurs autres articles sign\u00e9s Colin Stevens ont port\u00e9 sur la fiscalit\u00e9 du tabac, le commerce illicite et la r\u00e9glementation des produits nicotin\u00e9s.<\/p>\n<p style=\"text-align: justify\">Celui du 23 mars 2026 sur la fiscalit\u00e9 belge repose sur une \u00e9tude de Cimabel, association professionnelle des fabricants de cigarettes de Belgique et du Luxembourg, et cite sa pr\u00e9sidente Christine De Baets. Il conclut que la hausse des taxes alimente le march\u00e9 parall\u00e8le, sans qu&rsquo;aucune organisation de sant\u00e9 publique ne soit sollicit\u00e9e<a href=\"#_ftn7\" name=\"_ftnref7\">[7]<\/a>. Celui du 12 mars 2026 sur les cigarettes \u00e9lectroniques jetables ill\u00e9gales s&rsquo;appuie sur une \u00e9tude de l&rsquo;institut Fraunhofer IIS publi\u00e9e en septembre 2025 et commandit\u00e9e par SKR AG, cabinet de conseil aux entreprises \u00e9tabli \u00e0 Lucerne. Ses recommandations \u00e9cartent l&rsquo;interdiction des produits jetables, jug\u00e9e sans chance de succ\u00e8s, au profit d&rsquo;une harmonisation europ\u00e9enne des proc\u00e9dures d&rsquo;autorisation, des normes de produits et des r\u00e9gimes fiscaux. Sa diffusion s&rsquo;est appuy\u00e9e sur des relais dont l&rsquo;ancrage est identifiable : le site Clearing the Air, qui l&rsquo;a reprise, indique b\u00e9n\u00e9ficier du soutien du Consumer Choice Center, organisation dont les financements par Japan Tobacco International, Philip Morris International, Altria et British American Tobacco sont document\u00e9s. L&rsquo;article d&rsquo;EU Reporter n&rsquo;apporte aucun contrepoint sanitaire<a href=\"#_ftn8\" name=\"_ftnref8\">[8]<\/a>.<\/p>\n<p style=\"text-align: justify\">L\u2019article du 5 juin 2026 sur le commerce illicite reprend la vingti\u00e8me \u00e9dition de l&rsquo;\u00e9tude KPMG commandit\u00e9e par Philip Morris Products SA et donne la parole \u00e0 Christos Harpantidis, repr\u00e9sentant de PMI, ainsi qu&rsquo;\u00e0 Stefano Betti, directeur g\u00e9n\u00e9ral adjoint de la Transnational Alliance to Combat Illicit Trade (TRACIT)<a href=\"#_ftn9\" name=\"_ftnref9\">[9]<\/a> ; les r\u00e9serves des organisations de sant\u00e9 publique sur les recherches financ\u00e9es par l&rsquo;industrie y sont mentionn\u00e9es de fa\u00e7on g\u00e9n\u00e9rique, sans qu&rsquo;aucune ne soit cit\u00e9e nomm\u00e9ment<a href=\"#_ftn10\" name=\"_ftnref10\">[10]<\/a>. Celui du 6 juin 2026 sur le veto su\u00e9dois en mati\u00e8re fiscale repose sur les seules d\u00e9clarations d&rsquo;un d\u00e9put\u00e9 europ\u00e9en et pr\u00e9sente le mod\u00e8le su\u00e9dois du snus comme un succ\u00e8s de sant\u00e9 publique, sans mention des controverses scientifiques qui l&rsquo;entourent<a href=\"#_ftn11\" name=\"_ftnref11\">[11]<\/a>.<\/p>\n<p style=\"text-align: justify\">Les dossiers directement li\u00e9s \u00e0 la conduite de l&rsquo;industrie suivent le m\u00eame sch\u00e9ma. L&rsquo;article du 12 mai 2026 sur la controverse relative aux preuves scientifiques cite un porte-parole de la Plataforma para la Reducci\u00f3n del Da\u00f1o por Tabaquismo, plateforme espagnole de promotion de la r\u00e9duction des risques, ainsi que la directrice mondiale de la communication de PMI, Moira Gilchrist, sans qu&rsquo;aucune organisation de lutte contre le tabagisme ne soit interrog\u00e9e<a href=\"#_ftn12\" name=\"_ftnref12\">[12]<\/a>. L&rsquo;article du 3 juillet 2026 consacr\u00e9 \u00e0 l&rsquo;outil d&rsquo;intelligence artificielle d\u00e9ploy\u00e9 par PMI pour orienter les contributions \u00e0 la consultation publique europ\u00e9enne reproduit deux d\u00e9clarations d\u00e9velopp\u00e9es de l&rsquo;entreprise, dont l&rsquo;affirmation selon laquelle les lobbyistes antitabac chercheraient \u00e0 discr\u00e9diter des milliers de citoyens, quand les critiques des organisations de sant\u00e9 n\u00e9erlandaises sont rapport\u00e9es indirectement, sans porte-parole identifi\u00e9 ni citation<a href=\"#_ftn13\" name=\"_ftnref13\">[13]<\/a>.<\/p>\n<h2 style=\"text-align: justify\"><strong>EU Reporter : un mod\u00e8le \u00e9ditorial document\u00e9 pour \u00eatre au service de l\u2019industrie du tabac<\/strong><\/h2>\n<p style=\"text-align: justify\">EU Reporter, \u00e9dit\u00e9 par EU Reporter Media &amp; Communications Ltd (Dublin), se pr\u00e9sente comme un m\u00e9dia ind\u00e9pendant au service d&rsquo;un d\u00e9bat de qualit\u00e9. Sa production combine, selon la description qu&rsquo;en donne Politico Europe et que reprend la notice encyclop\u00e9dique consacr\u00e9e au site, communiqu\u00e9s d&rsquo;entreprises, articles originaux et contenus payants<a href=\"#_ftn14\" name=\"_ftnref14\">[14]<\/a>. En 2021, Politico Europe a qualifi\u00e9 cette activit\u00e9 de lobbying europ\u00e9en d\u00e9guis\u00e9 en journalisme, en s&rsquo;appuyant notamment sur la documentation commerciale du site, dont le slogan invite les annonceurs \u00e0 utiliser EU Reporter pour influencer, et en relevant la publication d&rsquo;articles paraphrasant des communiqu\u00e9s de Huawei sans mention claire du parrainage. EU Reporter a rejet\u00e9 ces accusations dans une r\u00e9ponse publi\u00e9e le 20 septembre 2021, y voyant une man\u0153uvre concurrentielle, et a indiqu\u00e9 avoir sollicit\u00e9 une \u00e9valuation de sa production par l&rsquo;organisme NewsGuard<a href=\"#_ftn15\" name=\"_ftnref15\">[15]<\/a>.<\/p>\n<p style=\"text-align: justify\">Sur le terrain sp\u00e9cifique du tabac, le m\u00e9dia TabakNee a document\u00e9 le 18 septembre 2025 la reprise par EU Reporter d&rsquo;une lettre ouverte de 83 m\u00e9decins et scientifiques plaidant pour une fiscalit\u00e9 diff\u00e9renci\u00e9e des produits nicotin\u00e9s, pr\u00e9sent\u00e9e comme ind\u00e9pendante alors que son initiateur entretient des liens document\u00e9s avec l&rsquo;industrie, et publi\u00e9e sans aucune d\u00e9claration contradictoire<a href=\"#_ftn16\" name=\"_ftnref16\">[16]<\/a>.<\/p>\n<h2 style=\"text-align: justify\"><strong>Le r\u00f4le des m\u00e9dias sp\u00e9cialis\u00e9s dans le d\u00e9bat europ\u00e9en<\/strong><\/h2>\n<p style=\"text-align: justify\">La consultation publique sur la r\u00e9vision de la directive sur les produits du tabac s&rsquo;est close le 14 ao\u00fbt 2026, et la Commission europ\u00e9enne a annonc\u00e9 une initiative l\u00e9gislative pour d\u00e9cembre 2026. Cette consultation a elle-m\u00eame fait l&rsquo;objet d&rsquo;une op\u00e9ration d&rsquo;influence document\u00e9e, PMI ayant d\u00e9ploy\u00e9 un outil d&rsquo;intelligence artificielle destin\u00e9 \u00e0 faciliter le d\u00e9p\u00f4t de contributions et orienter leurs contenus.<\/p>\n<p style=\"text-align: justify\">Les m\u00e9dias sp\u00e9cialis\u00e9s dans le suivi des institutions europ\u00e9ennes occupent une position particuli\u00e8re dans ce processus. Leur lectorat est compos\u00e9 pour une large part de d\u00e9cideurs, de collaborateurs parlementaires et de repr\u00e9sentants d&rsquo;int\u00e9r\u00eats, et leurs publications circulent dans les \u00e9changes pr\u00e9paratoires \u00e0 la d\u00e9cision. Ils participent, \u00e0 ce titre, \u00e0 la construction du cadre de r\u00e9f\u00e9rence dans lequel un dossier l\u00e9gislatif est discut\u00e9.<\/p>\n<p style=\"text-align: justify\">Cette position appelle des exigences d\u00e9ontologiques ordinaires mais d\u00e9terminantes : la pluralit\u00e9 des sources, l&rsquo;identification des commanditaires des \u00e9tudes cit\u00e9es, la mention des positions contradictoires et la distinction entre contenu \u00e9ditorial et contenu commercial. Les articles examin\u00e9s rapportent des informations dont plusieurs sont exactes et v\u00e9rifiables. Pr\u00e9senter toutefois la fiscalit\u00e9 comme le moteur principal du commerce illicite, le mod\u00e8le su\u00e9dois comme un succ\u00e8s incontest\u00e9 et la r\u00e9duction des risques comme une \u00e9vidence scientifique m\u00e9connue des institutions europ\u00e9ennes, sans accorder de place \u00e9quivalente aux organisations qui contestent ces lectures, revient \u00e0 ne restituer qu&rsquo;un seul des termes du d\u00e9bat. Surtout, la mise en avant des positions des industriels, dans l\u2019opacit\u00e9, vise in fine \u00e0 caricaturer les positions et arguments scientifiques des acteurs ind\u00e9pendants qui vont dans le sens oppos\u00e9 aux int\u00e9r\u00eats des fabricants.<\/p>\n<p style=\"text-align: justify\">Pour les acteurs de la lutte contre le tabagisme, ce constat invite \u00e0 documenter les canaux de diffusion des argumentaires industriels avec la m\u00eame rigueur que les argumentaires eux-m\u00eames. Un travail de d\u00e9cryptage des int\u00e9r\u00eats dissimul\u00e9s est essentiel. En outre, il importe que les positions de sant\u00e9 publique et l\u2019int\u00e9r\u00eat g\u00e9n\u00e9ral soient au c\u0153ur des publications qui accompagnent la r\u00e9vision des directives europ\u00e9ennes.<\/p>\n<p style=\"text-align: justify\"><strong><a href=\"https:\/\/www.generationsanstabac.org\/\">\u00a9G\u00e9n\u00e9ration Sans Tabac<\/a><\/strong><\/p>\n<p style=\"text-align: right\"><em><strong>AE<\/strong><\/em><\/p>\n<hr \/>\n<p style=\"text-align: justify\"><a href=\"#_ftnref1\" name=\"_ftn1\">[1]<\/a> <a href=\"https:\/\/www.fda.gov\/tobacco-products\/ctp-newsroom\/fda-authorizes-20-zyn-nicotine-pouches-be-marketed-specific-modified-risk-claim\">\u00ab FDA Authorizes 20 ZYN Nicotine Pouches to Be Marketed with Specific Modified Risk Claim \u00bb<\/a>, Food and Drug Administration, 30 juin 2026, consult\u00e9 le 31 ao\u00fbt 2026.<\/p>\n<p style=\"text-align: justify\"><a href=\"#_ftnref2\" name=\"_ftn2\">[2]<\/a> <a href=\"https:\/\/newsroom.heart.org\/news\/modified-risk-claim-for-20-zyn-nicotine-pouches-risks-perpetuating-nicotine-addiction\">Modified risk claim for 20 ZYN nicotine pouches risks perpetuating nicotine addiction<\/a>, American Heart Association, 1er juillet 2026, consult\u00e9 le 31 ao\u00fbt 2026<\/p>\n<p style=\"text-align: justify\"><a href=\"#_ftnref3\" name=\"_ftn3\">[3]<\/a> <a href=\"https:\/\/www.cbsnews.com\/news\/fda-nicotine-pouch-zyn-marketing-health\/\">As FDA approves new marketing for nicotine pouches, some doctors sound alarms<\/a>, CBS News, juillet 2026, consult\u00e9 le 31 ao\u00fbt 2026<\/p>\n<p style=\"text-align: justify\"><a href=\"#_ftnref4\" name=\"_ftn4\">[4]<\/a> Colin Stevens, <a href=\"https:\/\/www.eureporter.co\/health\/2026\/08\/31\/us-authorisation-of-zyn-challenges-the-future-of-eu-nicotine-policy\/\">US authorization of ZYN challenges the future of EU nicotine policy<\/a>, EU Reporter, 31 ao\u00fbt 2026, consult\u00e9 le 31 ao\u00fbt 2026<\/p>\n<p style=\"text-align: justify\"><a href=\"#_ftnref5\" name=\"_ftn5\">[5]<\/a> American Academy of Pediatrics, American Cancer Society Cancer Action Network, American Heart Association, American Lung Association et Campaign for Tobacco-Free Kids, <a href=\"https:\/\/www.fightcancer.org\/sites\/default\/files\/zyn_comments_-_3.3.26_final.pdf\">Comments on Modified Risk Tobacco Product Applications for ZYN Nicotine Pouch Products<\/a>, commentaire d\u00e9pos\u00e9 aupr\u00e8s de la Food and Drug Administration, 3 mars 2026, consult\u00e9 le 31 ao\u00fbt 2026.<\/p>\n<p style=\"text-align: justify\"><a href=\"#_ftnref6\" name=\"_ftn6\">[6]<\/a> Stanton Glantz, <a href=\"https:\/\/profglantz.com\/2026\/02\/02\/fda-broke-the-law-when-it-did-not-allow-tpsac-to-vote-on-whether-to-allow-pmi-to-make-modified-risk-claims-for-zyn\/\">FDA broke the law when it did not allow TPSAC to vote on whether to allow PMI to make modified risk claims for ZYN<\/a>, profglantz.com, 2 f\u00e9vrier 2026, consult\u00e9 le 31 ao\u00fbt 202<\/p>\n<p style=\"text-align: justify\"><a href=\"#_ftnref7\" name=\"_ftn7\">[7]<\/a> Colin Stevens, <a href=\"https:\/\/www.eureporter.co\/eu-2\/belgium\/2026\/03\/23\/nearly-half-of-the-cigarettes-consumed-in-belgium-escape-taxation-3-billion-euros-of-lost-revenue\/\">\u00ab Nearly half of the cigarettes consumed in Belgium escape taxation: 3 billion euros of lost revenue \u00bb<\/a>, EU Reporter, 23 mars 2026, consult\u00e9 le 31 ao\u00fbt 2026<\/p>\n<p style=\"text-align: justify\"><a href=\"#_ftnref8\" name=\"_ftn8\">[8]<\/a> Colin Stevens, \u00ab Illegal disposable vapes flooding Europe, new study warns \u00bb, EU Reporter, 12 mars 2026, consult\u00e9 le 31 ao\u00fbt 2026<\/p>\n<p style=\"text-align: justify\"><a href=\"#_ftnref9\" name=\"_ftn9\">[9]<\/a> Cette derni\u00e8re organisation compte Philip Morris International, British American Tobacco et Japan Tobacco International parmi ses membres. Son indice mondial du commerce illicite, publi\u00e9 en 2018, a \u00e9t\u00e9 financ\u00e9 par PMI en qualit\u00e9 de sponsor principal, BAT et JTI figurant \u00e9galement parmi les sponsors. Son directeur g\u00e9n\u00e9ral, Jeffrey Hardy, a pr\u00e9c\u00e9demment exerc\u00e9 \u00e0 la Chambre de commerce internationale, structure ayant produit de mani\u00e8re constante des rapports favorables aux positions des cigarettiers et fait campagne contre le paquet neutre.<\/p>\n<p style=\"text-align: justify\"><a href=\"#_ftnref10\" name=\"_ftn10\">[10]<\/a> Colin Stevens, \u00ab <a href=\"https:\/\/www.eureporter.co\/health\/2026\/06\/05\/counterfeit-cigarettes-drive-illicit-tobacco-trade-to-highest-level-in-a-decade-new-study-claims\/\">Counterfeit cigarettes drive illicit tobacco trade to highest level in a decade, new study claims \u00bb,<\/a> EU Reporter, 5 juin 2026, consult\u00e9 le 31 ao\u00fbt 2026<\/p>\n<p style=\"text-align: justify\"><a href=\"#_ftnref11\" name=\"_ftn11\">[11]<\/a> Colin Stevens, <a href=\"https:\/\/www.eureporter.co\/uncategorized\/2026\/06\/06\/impasse-in-european-union-tobacco-tax-reform-the-swedish-veto\/\">\u00ab Impasse in European Union tobacco tax reform: the Swedish veto \u00bb<\/a>, EU Reporter, 6 juin 2026, consult\u00e9 le 31 ao\u00fbt 2026<\/p>\n<p style=\"text-align: justify\"><a href=\"#_ftnref12\" name=\"_ftn12\">[12]<\/a> Colin Stevens, <a href=\"https:\/\/www.eureporter.co\/health\/2026\/05\/12\/eu-tobacco-policy-row-intensifies-as-scientists-accuse-brussels-of-ignoring-evidence-on-harm-reduction\/\">\u00ab EU tobacco policy row intensifies as scientists accuse Brussels of ignoring evidence on harm reduction \u00bb<\/a>, EU Reporter, 12 mai 2026, consult\u00e9 le 31 ao\u00fbt 2026<\/p>\n<p style=\"text-align: justify\"><a href=\"#_ftnref13\" name=\"_ftn13\">[13]<\/a> Colin Stevens<a href=\"https:\/\/www.eureporter.co\/politics\/european-commission\/2026\/07\/03\/pmi-defends-ai-consultation-tool-as-scrutiny-grows-over-eu-tobacco-rules-review\/\">, \u00ab PMI defends AI consultation tool as scrutiny grows over EU tobacco rules review \u00bb<\/a>, EU Reporter, 3 juillet 2026, consult\u00e9 le 31 ao\u00fbt 2026<\/p>\n<p style=\"text-align: justify\"><a href=\"#_ftnref14\" name=\"_ftn14\">[14]<\/a> <a href=\"https:\/\/en.wikipedia.org\/wiki\/EU_Reporter\">\u00ab EU Reporter \u00bb, Wikip\u00e9dia (version anglaise),<\/a> consult\u00e9 le 31 ao\u00fbt 2026.<\/p>\n<p style=\"text-align: justify\"><a href=\"#_ftnref15\" name=\"_ftn15\">[15]<\/a> <a href=\"https:\/\/www.eureporter.co\/business\/2021\/09\/20\/eu-reporter-under-attack\/\">\u00ab EU Reporter under attack \u00bb,<\/a> EU Reporter, 20 septembre 2021, consult\u00e9 le 31 ao\u00fbt 2026<\/p>\n<p style=\"text-align: justify\"><a href=\"#_ftnref16\" name=\"_ftn16\">[16]<\/a> <a href=\"https:\/\/www.tabaknee.nl\/news\/item\/3327-eu-reporter-lets-nicotine-lobby-have-their-say\">EU Reporter lets nicotine lobby have their say<\/a>, TabakNee, 18 septembre 2025, consult\u00e9 le 31 ao\u00fbt 2026<\/p>\n<p><strong><a href=\"http:\/\/www.cnct.fr\/\" target=\"_blank\" rel=\"noopener noreferrer\">Comit\u00e9 national contre le tabagisme |<\/a><\/strong><\/p>\n","protected":false},"excerpt":{"rendered":"<p>Le 30 juin 2026, l&rsquo;agence am\u00e9ricaine des produits alimentaires et m\u00e9dicamenteux (FDA) a autoris\u00e9 vingt r\u00e9f\u00e9rences de sachets de nicotine Zyn, commercialis\u00e9es par Swedish Match USA, filiale de Philip Morris International (PMI), \u00e0 porter une mention de risque modifi\u00e9 par rapport \u00e0 la cigarette. Cette d\u00e9cision, encadr\u00e9e par des conditions strictes et contest\u00e9e par les principales organisations de sant\u00e9 publique am\u00e9ricaines, a fait l&rsquo;objet le 31 ao\u00fbt 2026 d&rsquo;un article du m\u00e9dia bruxellois EU Reporter qui en tire un argument en faveur d&rsquo;un assouplissement de la r\u00e9glementation europ\u00e9enne.<\/p>\n","protected":false},"author":7,"featured_media":27410,"parent":0,"menu_order":0,"template":"","format":"standard","meta":{"_acf_changed":false,"_seopress_titles_title":"EU Reporter, une tribune bruxelloise au service de l\u2019industrie du tabac","_seopress_titles_desc":"EU Reporter, \u00e9dit\u00e9 par EU Reporter Media & Communications Ltd (Dublin), se pr\u00e9sente comme un m\u00e9dia ind\u00e9pendant au service d'un d\u00e9bat de qualit\u00e9.","_seopress_robots_index":"","_seopress_robots_follow":"","_seopress_robots_imageindex":"","_seopress_robots_snippet":"","_seopress_robots_primary_cat":"","_seopress_robots_breadcrumbs":"","_seopress_robots_freeze_modified_date":"","_seopress_robots_custom_modified_date":"","_seopress_robots_canonical":"","_seopress_social_fb_title":"","_seopress_social_fb_desc":"","_seopress_social_fb_img":"","_seopress_social_fb_img_attachment_id":0,"_seopress_social_fb_img_width":0,"_seopress_social_fb_img_height":0,"_seopress_social_twitter_title":"","_seopress_social_twitter_desc":"","_seopress_social_twitter_img":"","_seopress_social_twitter_img_attachment_id":0,"_seopress_social_twitter_img_width":0,"_seopress_social_twitter_img_height":0,"_seopress_redirections_value":"","_seopress_redirections_enabled":"","_seopress_redirections_enabled_regex":"","_seopress_redirections_logged_status":"","_seopress_redirections_param":"","_seopress_redirections_type":0,"_seopress_analysis_target_kw":"","footnotes":"","_members_access_role":[],"_members_access_error":""},"categorie-decryptage":[463],"class_list":["post-27409","decryptages","type-decryptages","status-publish","format-standard","has-post-thumbnail","hentry","categorie-decryptage-lobby"],"acf":[],"_links":{"self":[{"href":"https:\/\/www.generationsanstabac.org\/fr\/wp-json\/wp\/v2\/decryptages\/27409","targetHints":{"allow":["GET"]}}],"collection":[{"href":"https:\/\/www.generationsanstabac.org\/fr\/wp-json\/wp\/v2\/decryptages"}],"about":[{"href":"https:\/\/www.generationsanstabac.org\/fr\/wp-json\/wp\/v2\/types\/decryptages"}],"author":[{"embeddable":true,"href":"https:\/\/www.generationsanstabac.org\/fr\/wp-json\/wp\/v2\/users\/7"}],"version-history":[{"count":1,"href":"https:\/\/www.generationsanstabac.org\/fr\/wp-json\/wp\/v2\/decryptages\/27409\/revisions"}],"predecessor-version":[{"id":27411,"href":"https:\/\/www.generationsanstabac.org\/fr\/wp-json\/wp\/v2\/decryptages\/27409\/revisions\/27411"}],"wp:featuredmedia":[{"embeddable":true,"href":"https:\/\/www.generationsanstabac.org\/fr\/wp-json\/wp\/v2\/media\/27410"}],"wp:attachment":[{"href":"https:\/\/www.generationsanstabac.org\/fr\/wp-json\/wp\/v2\/media?parent=27409"}],"wp:term":[{"taxonomy":"categorie-decryptage","embeddable":true,"href":"https:\/\/www.generationsanstabac.org\/fr\/wp-json\/wp\/v2\/categorie-decryptage?post=27409"}],"curies":[{"name":"wp","href":"https:\/\/api.w.org\/{rel}","templated":true}]}}