{"id":19331,"date":"2023-03-06T16:11:29","date_gmt":"2023-03-06T15:11:29","guid":{"rendered":"https:\/\/www.generationsanstabac.org\/decryptages\/interdire-le-filtre-est-le-seul-moyen-pour-reduire-la-pollution-liee-aux-megots\/"},"modified":"2024-08-06T19:36:10","modified_gmt":"2024-08-06T17:36:10","slug":"interdire-le-filtre-est-le-seul-moyen-pour-reduire-la-pollution-liee-aux-megots","status":"publish","type":"decryptages","link":"https:\/\/www.generationsanstabac.org\/fr\/decryptages\/interdire-le-filtre-est-le-seul-moyen-pour-reduire-la-pollution-liee-aux-megots\/","title":{"rendered":"Interdire le filtre est le seul moyen pour r\u00e9duire la pollution li\u00e9e aux m\u00e9gots"},"content":{"rendered":"<p style=\"text-align: justify;\"><em>Selon une \u00e9tude command\u00e9e<a href=\"#_ftn1\" name=\"_ftnref1\"><strong>[1]<\/strong><\/a> par la ministre n\u00e9erlandaise de l&rsquo;environnement Vivianne Heijnen, seule une interdiction totale des filtres de cigarettes permettrait de r\u00e9soudre le probl\u00e8me de la pollution li\u00e9e aux m\u00e9gots. L&rsquo;objectif de Mme Heijnen est de r\u00e9duire la quantit\u00e9 de filtres jet\u00e9s de 70 % d\u2019ici 2026 aux Pays-Bas. Selon les r\u00e9sultats de l\u2019\u00e9tude, une r\u00e9duction limit\u00e9e \u00e0 15 % pourrait \u00eatre obtenue avec les mesures actuellement en place ou les nouvelles mesures envisag\u00e9es comme les campagnes nationales de sensibilisation des fumeurs ou le d\u00e9ploiement d\u2019espaces sans tabac. De plus en plus de pays dans le monde se positionnent \u00e9galement en faveur de l&rsquo;interdiction du filtre.<\/em><\/p>\n<p style=\"text-align: justify;\">Cinq mesures possibles ont \u00e9t\u00e9 examin\u00e9es dans cette \u00e9tude, mais aucune ne permet d&rsquo;atteindre l&rsquo;objectif de r\u00e9duction propos\u00e9 de 70 % d&rsquo;ici 2026. Les politiques existantes conduisent \u00e0 une r\u00e9duction maximale d&rsquo;environ 15% d&rsquo;ici 2026, et les nouvelles mesures ne peuvent pas \u00eatre introduites avant 2026, ou n\u2019aboutiraient pas \u00e0 un taux de r\u00e9duction suffisant.<\/p>\n<h2 style=\"text-align: justify;\"><strong>Le poids environnemental des m\u00e9gots<\/strong><\/h2>\n<p style=\"text-align: justify;\">Il existe peu de donn\u00e9es quantitatives sur le nombre de filtres de cigarettes qui finissent dans la nature aux Pays-Bas, et les estimations \u00e0 ce sujet varient. La fourchette oscille entre 0,2 et 7,1 milliards de m\u00e9gots par an selon les \u00e9tudes.<\/p>\n<p style=\"text-align: justify;\">Dans le monde, on estime que 4,5 trillions de filtres de cigarettes sur les 5,5 trillions de cigarettes produites par l\u2019industrie du tabac chaque ann\u00e9e finissent jet\u00e9s dans la nature. Ces filtres, qui contiennent de l\u2019ac\u00e9tate de cellulose, mettent jusqu\u2019\u00e0 12 ans \u00e0 se d\u00e9composer. Chaque filtre peut polluer jusqu\u2019\u00e0 500 litres d\u2019eau. L\u2019ensemble de ces filtres se retrouvent dans les milieux aquatiques et urbains et nuisent aux organismes marins, aux mammif\u00e8res, aux oiseaux et aux plantes. Environ 40% du total des d\u00e9chets collect\u00e9s lors du nettoyage des oc\u00e9ans dans le monde sont des m\u00e9gots de cigarettes.<\/p>\n<p style=\"text-align: justify;\">Les m\u00e9gots sont des d\u00e9chets hautement toxiques et il n\u2019existe \u00e0 ce jour aucune solution p\u00e9renne de recyclage pour ces d\u00e9chets : m\u00eame lorsqu\u2019ils sont jet\u00e9s dans des poubelles, les m\u00e9gots sont incin\u00e9r\u00e9s. De plus, la pr\u00e9sence des filtres ne s\u2019accompagne pas d\u2019une r\u00e9duction des risques pour le fumeur. Ceux-ci ont \u00e9t\u00e9 introduits par les fabricants essentiellement dans une optique marketing, en r\u00e9ponse aux inqui\u00e9tudes des consommateurs pour leur sant\u00e9. De surcro\u00eet, en masquant pour partie l\u2019\u00e2cret\u00e9 des produits, les filtres facilitent l\u2019entr\u00e9e dans le tabagisme.<\/p>\n<h2 style=\"text-align: justify;\"><strong>Les mesures actuellement en place aux Pays-Bas sont insuffisantes <\/strong><\/h2>\n<p style=\"text-align: justify;\">Deux strat\u00e9gies existent dans le pays pour r\u00e9duire les d\u00e9chets li\u00e9s \u00e0 la consommation de tabac. En premier lieu, les mesures environnementales directes comme les fili\u00e8res de responsabilit\u00e9 \u00e9largie du producteur (REP) appliqu\u00e9es \u00e0 l\u2019industrie du tabac, en place depuis 2023 aux Pays-Bas. Selon le principe \u00ab pollueur-payeur \u00bb, les producteurs sont ainsi tenus de financer un \u00e9co-organisme. A cet \u00e9gard, les auteurs de l\u2019\u00e9tude rappellent qu\u2019en mati\u00e8re de produits du tabac, il est ici n\u00e9cessaire d\u2019exclure les fabricants de tabac de la gouvernance du dispositif et ce, conform\u00e9ment aux obligations d\u00e9coulant du trait\u00e9 international, la <a href=\"https:\/\/apps.who.int\/iris\/bitstream\/handle\/10665\/42812\/9242591017.pdf\">Convention-Cadre de l\u2019OMS<\/a> pour la lutte antitabac qui proscrit toute interf\u00e9rence de l\u2019industrie du tabac dans les politiques publiques.<\/p>\n<p style=\"text-align: justify;\">D\u00e9but juillet 2021, la directive sur les plastiques \u00e0 usage unique (SUP) a \u00e9t\u00e9 transpos\u00e9e aux Pays-Bas. Les filtres de cigarettes font partie de ces plastiques \u00e0 usage unique vis\u00e9s par le texte. Les fabricants de tabac sont dor\u00e9navant tenus d&rsquo;apposer un avertissement environnemental sur l&#8217;emballage pour indiquer que le produit contient du plastique, qu\u2019il pr\u00e9sente un risque pour l\u2019environnement et qu&rsquo;il doit \u00eatre jet\u00e9 dans la poubelle.<\/p>\n<p style=\"text-align: justify;\">Les auteurs de l\u2019\u00e9tude doutent de l\u2019efficacit\u00e9 de ces seules mesures, notamment dans leurs conditions actuelles de mise en \u0153uvre.<\/p>\n<p style=\"text-align: justify;\">Concernant les avertissements environnementaux sur les paquets, en 2020, la Commission europ\u00e9enne avait fait r\u00e9aliser une \u00e9tude sur l&rsquo;efficacit\u00e9 de diff\u00e9rents types d\u2019avertissements environnementaux appos\u00e9s sur les paquets de cigarettes. Cette \u00e9tude montrait que parmi les avertissements s\u00e9lectionn\u00e9s, on ne notait pas de diff\u00e9rence significative entre les groupes de personnes expos\u00e9es \u00e0 un paquet avec avertissement par rapport \u00e0 un groupe de personnes non expos\u00e9es.<\/p>\n<p style=\"text-align: justify;\">Par ailleurs, si l\u2019industrie du tabac a la charge de l\u2019\u00e9co-organisme comme c\u2019est le cas en France avec Alcome<a href=\"#_ftn2\" name=\"_ftnref2\">[2]<\/a>, le dispositif est non seulement contraire aux dispositions du trait\u00e9 ratifi\u00e9 par le pays, mais de surcro\u00eet appara\u00eet en tant que telle contreproductif. L\u2019int\u00e9r\u00eat de l\u2019industrie du tabac n\u2019est, en effet, en aucun cas de r\u00e9duire le nombre de d\u00e9chets. S\u2019il lui est donn\u00e9 la possibilit\u00e9 de communiquer, sa strat\u00e9gie sera d\u2019am\u00e9liorer son image \u00e0 travers une communication dite d\u2019entreprise socialement responsable, assimil\u00e9e \u00e0 de la publicit\u00e9, et susceptible de renforcer son poids et son activit\u00e9 et par l\u00e0 m\u00eame le probl\u00e8me majeur des d\u00e9chets de ses produits.<\/p>\n<p style=\"text-align: justify;\">La deuxi\u00e8me strat\u00e9gie pour r\u00e9duire les d\u00e9chets li\u00e9s \u00e0 la consommation de tabac sont la mise en place de politiques de lutte contre le tabagisme qui visent \u00e0 r\u00e9duire la consommation et donc ses d\u00e9chets. Ces mesures en place aux Pays-Bas d\u00e9coulent de L&rsquo;Accord national de pr\u00e9vention (2018) dont l&rsquo;un des objectifs est de parvenir \u00e0 une g\u00e9n\u00e9ration sans tabac d\u2019ici 2040.<\/p>\n<p style=\"text-align: justify;\">Parmi les mesures de sant\u00e9 publique figure une hausse des taxes sur les produits du tabac. Aux Pays-Bas les prix des produits du tabac seront ainsi augment\u00e9s progressivement \u00e0 partir de 2023, pour atteindre <a href=\"https:\/\/www.generationsanstabac.org\/actualites\/pays-bas-envisagent-porter-prix-paquet-cigarettes-47e-2040\/\">10 euros<\/a> par paquet en 2024, gr\u00e2ce \u00e0 de nouvelles augmentations des droits d&rsquo;accises.<\/p>\n<p style=\"text-align: justify;\">La deuxi\u00e8me mesure est la r\u00e9duction du nombre de points de vente dans les ann\u00e9es \u00e0 venir. En 2022, tous les distributeurs automatiques ont \u00e9t\u00e9 supprim\u00e9s, et la vente de cigarettes a \u00e9t\u00e9 interdite dans le secteur de l&rsquo;h\u00f4tellerie. En 2023, la vente en ligne de tabac sera interdite et, en 2024, les produits du tabac ne pourront plus \u00eatre vendus dans les supermarch\u00e9s. Les mesures pr\u00e9vues jusqu&rsquo;en 2024 entra\u00eeneront la suppression d&rsquo;environ 12 000 points de vente sur les 16 000 actuels.<\/p>\n<p style=\"text-align: justify;\">L\u2019Institut national de la sant\u00e9 publique et de l&rsquo;environnement a r\u00e9alis\u00e9 une analyse portant sur l&rsquo;effet attendu de ces mesures. Cette analyse montre une baisse estim\u00e9e du nombre de fumeurs de 14,8% entre 2022 et 2026. La r\u00e9duction de la pr\u00e9valence du tabagisme n&rsquo;a cependant pas un effet univoque sur le nombre de m\u00e9gots jet\u00e9s dans la nature. En effet, l&rsquo;ampleur de cette relation d\u00e9pend de plusieurs facteurs. Il convient de prendre en compte \u00e9galement la consommation des fumeurs et la r\u00e9partition des m\u00e9gots jet\u00e9s \u00ab correctement \u00bb et les autres. Les auteurs consid\u00e8rent ainsi qu\u2019une baisse d\u2019environ 14,8% du nombre de m\u00e9gots dans la nature pourrait tout au plus \u00eatre atteinte. Les mesures de lutte contre le tabagisme sont donc efficaces pour r\u00e9duire le nombre de m\u00e9gots mais elles ne permettraient pas, \u00e0 elles seules, d\u2019atteindre l&rsquo;objectif de 70 % fix\u00e9 par la ministre de l\u2019Environnement.<\/p>\n<h2 style=\"text-align: justify;\"><strong>Un ensemble de nouvelles mesures envisag\u00e9es pour r\u00e9duire la pollution li\u00e9e aux filtres<\/strong><\/h2>\n<p style=\"text-align: justify;\">Dans cette \u00e9tude, un inventaire a \u00e9t\u00e9 fait des mesures possibles qui conduisent \u00e0 une r\u00e9duction de la pollution li\u00e9e aux m\u00e9gots. La s\u00e9lection a concern\u00e9 des mesures strictement environnementales susceptibles d\u2019\u00eatre mises en \u0153uvre par le gouvernement n\u00e9erlandais. Elles n\u2019incluaient donc pas de mesures de lutte contre le tabagisme qui permettraient \u00e9galement, par une baisse de la consommation, de r\u00e9duire les d\u00e9chets li\u00e9s au tabac. Pour chaque mesure environnementale stricto sensu, l&rsquo;efficacit\u00e9, le co\u00fbt et la faisabilit\u00e9 juridiques ont \u00e9t\u00e9 examin\u00e9s.<\/p>\n<p style=\"text-align: justify;\">Les mesures suivantes ont \u00e9t\u00e9 incluses dans cette \u00e9tude :<\/p>\n<ul style=\"text-align: justify;\">\n<li>Un syst\u00e8me de consigne sur les filtres ;<\/li>\n<li>Une interdiction de fumer sur les plages ;<\/li>\n<li>Des approches locales lors d\u2019\u00e9v\u00e9nements publics (sensibilisation, distribution de cendriers, espaces et \u00e9v\u00e9nements sans tabac), ;<\/li>\n<li>Une campagne de sensibilisation du grand public \u00e9manant du gouvernement ;<\/li>\n<li>L\u2019interdiction du filtre.<\/li>\n<\/ul>\n<p style=\"text-align: justify;\">Selon les auteurs de l\u2019\u00e9tude, un syst\u00e8me de consigne est th\u00e9oriquement possible, mais il n&rsquo;est actuellement mis en pratique nulle part. Les \u00e9tudes de consommation montrent que seule une proportion limit\u00e9e de fumeurs (28 %) d\u00e9clare avoir l&rsquo;intention de conserver et de rapporter les filtres. Les pr\u00e9occupations importantes li\u00e9es \u00e0 ce syst\u00e8me sont les consid\u00e9rations logistiques pour les points de d\u00e9p\u00f4t lesquelles exigent des \u00e9quipements, le respect de conditions d\u2019hygi\u00e8ne pour le stockage. En outre, le dispositif conf\u00e8re potentiellement \u00e0 l\u2019industrie du tabac un r\u00f4le que les fabricants pourraient utiliser pour se promouvoir et am\u00e9liorer leur image avec les cons\u00e9quences \u00e0 plus ou moins long terme d\u00e9l\u00e9t\u00e8res et contreproductives. Les auteurs craignent \u00e9galement que si la collecte des m\u00e9gots se r\u00e9alise dans les points de vente du tabac, l\u2019argent des consignes entretienne la consommation du fumeur et le dissuade d\u2019arr\u00eater.<\/p>\n<p style=\"text-align: justify;\">L&rsquo;une des options possibles consiste \u00e0 mettre en place des politiques sp\u00e9cifiques locales, en instaurant des espaces sans tabac : plages, lieux publics, rues\u2026 ou des \u00e9v\u00e9nements sans tabac : festivals de musique, kermesses etc.<\/p>\n<p style=\"text-align: justify;\">\u00c0 l\u2019\u00e9chelle mondiale, de plus en plus de pays mettent en place des espaces sans tabac dans les lieux ext\u00e9rieurs pour r\u00e9duire les jets de d\u00e9chets. Sous l\u2019impulsion d\u2019un programme national visant \u00e0 une G\u00e9n\u00e9ration sans tabac d\u2019ici 2040, les Pays-Bas ont connu ces deux derni\u00e8res ann\u00e9es une d\u00e9multiplication des espaces sans tabac. \u00c0 ce jour, 98 % des municipalit\u00e9s n\u00e9erlandaises (344 sur 352) se sont dot\u00e9es de multiples espaces sans tabac, alors qu\u2019elles n\u2019\u00e9taient jusqu\u2019ici pas particuli\u00e8rement impliqu\u00e9es dans la lutte antitabac<a href=\"#_ftn3\" name=\"_ftnref3\">[3]<\/a>. Ces espaces sans tabac ont \u00e9t\u00e9 en priorit\u00e9 d\u00e9ploy\u00e9s aux abords des \u00e9coles, des aires de jeux pour enfants et des installations sportives, mais aussi dans les abribus et les b\u00e2timents municipaux. La municipalit\u00e9 de Noordwijk a actuellement lanc\u00e9 un projet pilote de zones sans tabac sur la plage. Les r\u00e9sultats de l&rsquo;efficacit\u00e9 d&rsquo;une telle zone sans tabac sont attendus pour l&rsquo;automne 2023. Il sera de plus prochainement interdit de fumer sur les plages le long de la c\u00f4te de la mer du Nord et de la mer des Wadden aux Pays-Bas. Une interdiction effective de fumer sur la plage devrait entra\u00eener une r\u00e9duction substantielle des filtres retrouv\u00e9s dans le sable.<\/p>\n<p style=\"text-align: justify;\">Les auteurs pr\u00e9cisent que les approches sp\u00e9cifiques au niveau local peuvent avoir des impacts positifs \u00e0 l\u2019\u00e9chelle nationale.<\/p>\n<p style=\"text-align: justify;\">On retrouve cet exemple en France avec le dispositif <a href=\"https:\/\/villelibresanstabac.cnct.fr\/\">Ville libre sans tabac <\/a>qui entend donner une impulsion plus structur\u00e9e \u00e0 ce mouvement de mise en oeuvre de v\u00e9ritables politiques locales de lutte contre le tabagisme. Port\u00e9 par l\u2019association Grand Est sans tabac (GEST) et par le Comit\u00e9 national contre le tabagisme (CNCT), ce projet se situe explicitement dans la perspective d\u2019une G\u00e9n\u00e9ration sans tabac en France pour 2032. Il propose un ensemble de mesures pour r\u00e9duire la consommation de produits du tabac et de la nicotine, prot\u00e9ger l\u2019environnement et rendre les villes plus agr\u00e9ables.<\/p>\n<h2 style=\"text-align: justify;\"><strong>L\u2019interdiction du filtre, seule mesure r\u00e9ellement efficace mais difficile \u00e0 mettre en place<\/strong><\/h2>\n<p style=\"text-align: justify;\">Concernant l\u2019interdiction pure et simple du filtre, aucun pays ou r\u00e9gion dans le monde n\u2019a introduit jusqu\u2019\u00e0 pr\u00e9sent cette disposition. Il n&rsquo;existe donc pas de donn\u00e9es provenant de l\u2019exp\u00e9rience d&rsquo;autres pays permettant d\u2019\u00e9valuer et de mesurer le comportement des fumeurs en cas d&rsquo;interdiction. Les auteurs de cette \u00e9tude s\u2019accordent cependant sur le fait que l\u2019interdiction des filtres serait le seul moyen efficace pour r\u00e9duire substantiellement la pr\u00e9sence de ces d\u00e9chets toxiques notamment dans la nature.<\/p>\n<p style=\"text-align: justify;\">La faisabilit\u00e9 juridique d&rsquo;une interdiction aux Pays-Bas a \u00e9t\u00e9 \u00e9tudi\u00e9e par des juristes du minist\u00e8re de la Sant\u00e9. Deux voies possibles ont \u00e9t\u00e9 d\u00e9finies pour envisager une telle interdiction : \u00e0 partir de la directive sur les produits du tabac (DPT), ou \u00e0 partir de la directive sur les plastiques \u00e0 usage unique (SUP). Selon ces derniers, sur le plan juridique, l\u2019approche europ\u00e9enne est la plus appropri\u00e9e et la prochaine occasion o\u00f9 une telle interdiction au niveau europ\u00e9en pourrait \u00eatre envisag\u00e9e est la r\u00e9vision de la directive SUP en 2026.<\/p>\n<h2 style=\"text-align: justify;\"><strong>L\u2019interdiction du filtre, une mesure port\u00e9e \u00e0 l\u2019international<\/strong><\/h2>\n<p style=\"text-align: justify;\">En 2022, la Californie a propos\u00e9 un <a href=\"https:\/\/leginfo.legislature.ca.gov\/faces\/billTextClient.xhtml?bill_id=202120220AB1690\">projet de loi<\/a> visant \u00e0 interdire les produits du vapotage \u00e0 usage unique mais \u00e9galement les filtres des cigarettes qui s\u2019est sold\u00e9 par un \u00e9chec pour plusieurs raisons :<\/p>\n<ul style=\"text-align: justify;\">\n<li>En d\u00e9pit de l\u2019absence de donn\u00e9es d\u00e9montrant l\u2019effet protecteur des filtres, la croyance que ceux-ci r\u00e9duiraient les risques n\u2019a pas permis une mobilisation des acteurs impliqu\u00e9s dans le domaine sanitaire ;<\/li>\n<li>En outre, l&rsquo;interdiction des produits \u00e0 usage unique \u00e9tait consid\u00e9r\u00e9e comme secondaire par rapport \u00e0 l&rsquo;objectif de parvenir \u00e0 une g\u00e9n\u00e9ration sans tabac dans les dix prochaines ann\u00e9es ;<\/li>\n<li>Enfin, l&rsquo;industrie du tabac a d\u00e9ploy\u00e9 d\u2019importants moyens de lobbying pour bloquer l\u2019introduction du projet de loi.<\/li>\n<\/ul>\n<p style=\"text-align: justify;\">Le 2 mars 2022, 175 pays membres du Conseil des Nations unies pour l\u2019environnement (CNUE) ont adopt\u00e9 une r\u00e9solution visant \u00e0 n\u00e9gocier un accord international pour mettre fin \u00e0 la pollution plastique d\u2019ici la fin de 2024. La r\u00e9solution 5\/14 de l\u2019UNEA a mandat\u00e9 un groupe de travail ouvert pour effectuer des travaux pr\u00e9paratoires avant les n\u00e9gociations du Comit\u00e9 intergouvernemental de n\u00e9gociation (CIN). La premi\u00e8re session du CIN vise \u00e0 \u00e9laborer un instrument international juridiquement contraignant sur la pollution plastique, y compris dans l\u2019environnement marin. La France accueillera la deuxi\u00e8me session de n\u00e9gociations sur le trait\u00e9 international sur la pollution plastique au printemps 2023.<\/p>\n<p style=\"text-align: justify;\">Plusieurs associations de lutte contre le tabagisme \u00e0 travers le monde se sont engag\u00e9es dans les n\u00e9gociations pour s\u2019assurer que les filtres de cigarettes soient inclus dans toute liste de plastiques \u00e0 usage unique \u00e0 interdire. De plus, conform\u00e9ment \u00e0 l\u2019article 5.3 de la Convention-Cadre de l\u2019OMS, ces associations ont aussi fait pression pour que l\u2019industrie du tabac et d\u2019autres acteurs priv\u00e9s qui ont un conflit d\u2019int\u00e9r\u00eats inh\u00e9rent ne soient pas repr\u00e9sent\u00e9s en tant que \u00ab parties prenantes \u00bb dans les n\u00e9gociations.<\/p>\n<p style=\"text-align: justify;\">En France, le Comit\u00e9 national contre le tabagisme (CNCT) membre de la Stop Tobacco Pollution Alliance (STPA), s\u2019est d\u00e9j\u00e0 positionn\u00e9 en faveur de l\u2019interdiction des filtres et appelle les pouvoirs publics \u00e0 agir en ce sens<a href=\"#_ftn4\" name=\"_ftnref4\">[4]<\/a>.<\/p>\n<p style=\"text-align: justify;\"><strong>Mots-cl\u00e9s : filtres, interdiction, m\u00e9gots, pollution, environnement, Pays-Bas<\/strong><\/p>\n<p style=\"text-align: justify;\"><strong><a href=\"https:\/\/www.generationsanstabac.org\/\">\u00a9G\u00e9n\u00e9ration Sans Tabac<\/a><\/strong><\/p>\n<p style=\"text-align: right;\"><strong><em>AE<\/em><\/strong><\/p>\n<hr \/>\n<p style=\"text-align: justify;\"><a href=\"#_ftnref1\" name=\"_ftn1\">[1]<\/a> Rapport, <a href=\"https:\/\/ce.nl\/wp-content\/uploads\/2023\/02\/CE_Delft_220280_Reduceren_van_sigarettenfilters_in_het_zwerfafval_Def_V2.pdf\">Reduceren van sigarettenfilters in het zwerfafval<\/a>, Studie naar de grootte van het probleem en analyse van mogelijke beleidsmaatregelen, CE Delft pour le minist\u00e8re de l&rsquo;\u00e9cologie, d\u00e9cembre 2022, consult\u00e9 le 28 f\u00e9vrier 2023<\/p>\n<p style=\"text-align: justify;\"><a href=\"#_ftnref2\" name=\"_ftn2\">[2]<\/a> G\u00e9n\u00e9ration sans tabac, <a href=\"https:\/\/www.generationsanstabac.org\/actualites\/alcome-pourquoi-leco-organisme-de-lutte-contre-les-megots-pose-probleme\/\">Alcome : pourquoi l\u2019\u00e9co-organisme de lutte contre les m\u00e9gots pose probl\u00e8me<\/a>, publi\u00e9 le 17 mars 2022, consult\u00e9 le 28 f\u00e9vrier 2023<\/p>\n<p style=\"text-align: justify;\"><a href=\"#_ftnref3\" name=\"_ftn3\">[3]<\/a> G\u00e9n\u00e9ration sans tabac, <a href=\"https:\/\/www.generationsanstabac.org\/actualites\/succes-des-espaces-sans-tabac-aux-pays-bas\/\">Succ\u00e8s des espaces sans tabac aux Pays-Bas<\/a>, publi\u00e9 le 23 novembre 2022, consult\u00e9 le 28 f\u00e9vrier 2023<\/p>\n<p style=\"text-align: justify;\"><a href=\"#_ftnref4\" name=\"_ftn4\">[4]<\/a> CNCT, <a href=\"https:\/\/cnct.fr\/actualites\/le-cnct-sengage-aux-cotes-de-la-stop-tobacco-pollution-alliance-pour-mettre-fin-a-la-pollution-plastique\/\">Le CNCT s\u2019engage aux c\u00f4t\u00e9s de la Stop Tobacco Pollution Alliance pour mettre fin \u00e0 la pollution plastiqu<\/a>e, publi\u00e9 le 23 f\u00e9vrier 2023, consult\u00e9 le 28 f\u00e9vrier 2023<\/p>\n<p><span style=\"color: #999999;\"><strong><a style=\"color: #999999;\" href=\"http:\/\/www.cnct.fr\/\" target=\"_blank\" rel=\"noopener noreferrer\">Comit\u00e9 national contre le tabagisme |<\/a><\/strong><\/span><\/p>\n","protected":false},"excerpt":{"rendered":"<p>Selon une \u00e9tude command\u00e9e[1] par la ministre n\u00e9erlandaise de l&rsquo;environnement Vivianne Heijnen, seule une interdiction totale des filtres de cigarettes permettrait de r\u00e9soudre le probl\u00e8me de la pollution li\u00e9e aux m\u00e9gots. L&rsquo;objectif de Mme Heijnen est de r\u00e9duire la quantit\u00e9 de filtres jet\u00e9s de 70 % d\u2019ici 2026 aux Pays-Bas. Selon les r\u00e9sultats de l\u2019\u00e9tude, [&hellip;]<\/p>\n","protected":false},"author":7,"featured_media":15554,"parent":0,"menu_order":0,"template":"","format":"standard","meta":{"_acf_changed":false,"_seopress_robots_primary_cat":"","_seopress_titles_title":"Interdire le filtre est le seul moyen pour r\u00e9duire la pollution li\u00e9e aux m\u00e9gots","_seopress_titles_desc":"Seule une interdiction totale du filtre de cigarettes permettrait de r\u00e9soudre le probl\u00e8me de la pollution li\u00e9e aux m\u00e9gots.","_seopress_robots_index":"","footnotes":""},"categorie-decryptage":[461],"class_list":["post-19331","decryptages","type-decryptages","status-publish","format-standard","has-post-thumbnail","hentry","categorie-decryptage-environnement"],"acf":[],"_links":{"self":[{"href":"https:\/\/www.generationsanstabac.org\/fr\/wp-json\/wp\/v2\/decryptages\/19331","targetHints":{"allow":["GET"]}}],"collection":[{"href":"https:\/\/www.generationsanstabac.org\/fr\/wp-json\/wp\/v2\/decryptages"}],"about":[{"href":"https:\/\/www.generationsanstabac.org\/fr\/wp-json\/wp\/v2\/types\/decryptages"}],"author":[{"embeddable":true,"href":"https:\/\/www.generationsanstabac.org\/fr\/wp-json\/wp\/v2\/users\/7"}],"version-history":[{"count":0,"href":"https:\/\/www.generationsanstabac.org\/fr\/wp-json\/wp\/v2\/decryptages\/19331\/revisions"}],"wp:featuredmedia":[{"embeddable":true,"href":"https:\/\/www.generationsanstabac.org\/fr\/wp-json\/wp\/v2\/media\/15554"}],"wp:attachment":[{"href":"https:\/\/www.generationsanstabac.org\/fr\/wp-json\/wp\/v2\/media?parent=19331"}],"wp:term":[{"taxonomy":"categorie-decryptage","embeddable":true,"href":"https:\/\/www.generationsanstabac.org\/fr\/wp-json\/wp\/v2\/categorie-decryptage?post=19331"}],"curies":[{"name":"wp","href":"https:\/\/api.w.org\/{rel}","templated":true}]}}