{"id":18835,"date":"2022-06-02T09:34:03","date_gmt":"2022-06-02T07:34:03","guid":{"rendered":"https:\/\/www.generationsanstabac.org\/fiche\/journee-mondiale-sans-tabac-consequences-environnement-tabac\/"},"modified":"2024-08-06T20:12:07","modified_gmt":"2024-08-06T18:12:07","slug":"journee-mondiale-sans-tabac-consequences-environnement-tabac","status":"publish","type":"fiche","link":"https:\/\/www.generationsanstabac.org\/en\/fiches\/journee-mondiale-sans-tabac-consequences-environnement-tabac\/","title":{"rendered":"World No Tobacco Day draws attention to the environmental consequences of tobacco"},"content":{"rendered":"<p style=\"text-align: justify;\"><em>Air, eau, for\u00eat, d\u00e9chets, CO2 : les cons\u00e9quences sur l\u2019environnement de la production et de la consommation de tabac sont ph\u00e9nom\u00e9nales et peu \u00e9voqu\u00e9es. La Journ\u00e9e mondiale sans tabac est une opportunit\u00e9 de faire le point sur ces aspects peu connus de l\u2019industrie du tabac.<\/em><\/p>\n<p style=\"text-align: justify;\">La Journ\u00e9e mondiale sans tabac est, chaque ann\u00e9e, une occasion d\u2019organiser des actions de sensibilisation et d\u2019incitation au sevrage tabagique. Cette ann\u00e9e, c\u2019est sous le signe de l\u2019environnement qu\u2019est plac\u00e9e cette journ\u00e9e, afin de rappeler les nombreuses cons\u00e9quences du march\u00e9 du tabac sur l\u2019environnement.<\/p>\n<h2 style=\"text-align: justify;\"><strong>Une industrie gourmande en ressources naturelles <\/strong><\/h2>\n<p style=\"text-align: justify;\">La production de tabac n\u00e9cessite d\u2019importantes ressources naturelles. Un rapport de l\u2019Organisation Mondiale de la Sant\u00e9 (OMS) indique que cette production consomme 22 millions de tonnes d\u2019eau, 200 000 hectares de terres cultivables et 600 millions d\u2019arbres pour fabriquer les 6 000 milliards de cigarettes fum\u00e9es annuellement<a href=\"#_ftn1\" name=\"_ftnref1\">[1]<\/a>. Cette seule production entra\u00eene l\u2019\u00e9mission de 84 millions de tonnes de dioxyde de carbone, soit 20% des \u00e9missions du trafic a\u00e9rien. A ceci s\u2019ajouteront les \u00e9missions provenant de la combustion des cigarettes elles-m\u00eames, lib\u00e9rant dans l\u2019atmosph\u00e8re les 7000 compos\u00e9s chimiques contenus dans la fum\u00e9e de tabac, dont 70 sont reconnus comme canc\u00e9rig\u00e8nes.<\/p>\n<p style=\"text-align: justify;\">L\u2019accaparement des ressources en eau et en terre est particuli\u00e8rement dommageable dans les pays \u00e0 revenu faible et moyen, o\u00f9 sont principalement situ\u00e9es les plantations de tabac. Il faut en effet 3,7 litres d\u2019eau pour fabriquer une seule cigarette, et 678 litres d\u2019eau pour produire un kilogramme de tabac. La culture du tabac est par ailleurs \u00e0 l\u2019origine de 5 % de la d\u00e9forestation mondiale. Elle entra\u00eene \u00e9galement la \u00ab maladie du tabac vert \u00bb, due \u00e0 l\u2019absorption massive de nicotine, qui touche plus particuli\u00e8rement les enfants et les femmes parmi les travailleurs mobilis\u00e9s pour cette culture. Ces travailleurs sont aussi fortement expos\u00e9s aux engrais et aux pesticides, abondamment utilis\u00e9s dans la culture du tabac, qui est la sixi\u00e8me culture la plus consommatrice de ces produits chimiques.<\/p>\n<h2 style=\"text-align: justify;\"><strong>Une cons\u00e9quente production de d\u00e9chets<\/strong><\/h2>\n<p style=\"text-align: justify;\">L\u2019industrie du tabac est \u00e9galement une importante productrice de d\u00e9chets. Le filtre des cigarettes, inefficace pour prot\u00e9ger la sant\u00e9 des fumeurs, est ainsi compos\u00e9 de plastique (ac\u00e9tate de cellulose). Ce filtre peut donc \u00eatre consid\u00e9r\u00e9 comme un plastique \u00e0 usage unique, ce qui devrait logiquement appeler \u00e0 sa disparition. On estime qu\u2019environ 4 500 milliards de m\u00e9gots sont jet\u00e9s au sol chaque ann\u00e9e avant de finir leur course dans les oc\u00e9ans, ce qui en fait le deuxi\u00e8me type de pollution par les plastiques dans le monde (40 %).<\/p>\n<p style=\"text-align: justify;\">A ces m\u00e9gots, s\u2019ajoutent les d\u00e9chets provenant des emballages de cigarettes ou g\u00e9n\u00e9r\u00e9s par d\u2019autres produits que les cigarettes. Les cigarettes \u00e9lectroniques et les dispositifs de tabac chauff\u00e9 g\u00e9n\u00e8rent notamment des d\u00e9chets plastiques et m\u00e9talliques, ainsi que des batteries usag\u00e9es, qui sont sensiblement plus polluants et persistants que les cigarettes classiques, pourtant d\u00e9j\u00e0 tr\u00e8s polluantes. Les cigarettes \u00e9lectroniques jetables culminent ici en termes de pollution, puisqu\u2019il s\u2019agit de produits \u00e0 usage unique contenant une batterie et des produits chimiques, et souvent jet\u00e9s parmi les d\u00e9chets courants. Les autres produits du tabac non fum\u00e9s ne sont pas en reste : en Inde, une \u00e9tude conduite dans l\u2019\u00e9tat de Tamil Nadu a ainsi calcul\u00e9 que sur les 8238 tonnes de d\u00e9chets annuels du tabac, pr\u00e8s de 44% des d\u00e9chets \u00e9taient attribuables au tabac \u00e0 m\u00e2cher, tr\u00e8s commun dans cette r\u00e9gion<a href=\"#_ftn2\" name=\"_ftnref2\">[2]<\/a>.<\/p>\n<h2 style=\"text-align: justify;\"><strong>Le contournement du principe \u00ab pollueur-payeur \u00bb <\/strong><\/h2>\n<p style=\"text-align: justify;\">Nettoyer ces m\u00e9gots et ces d\u00e9chets comporte un co\u00fbt financier, en plus des diff\u00e9rents co\u00fbts \u00e9cologiques. Selon l\u2019OMS, il est estim\u00e9 \u00e0 234 millions de dollars US en Allemagne, et \u00e0 2,6 milliards de dollars US en Chine<a href=\"#_ftn3\" name=\"_ftnref3\">[3]<\/a>. L\u2019application du principe \u00ab pollueur-payeur \u00bb impliquerait que ce soient les industriels qui contribuent financi\u00e8rement \u00e0 traiter les d\u00e9chets qu\u2019ils g\u00e9n\u00e8rent ; dans le secteur du tabac, ces industriels tentent plut\u00f4t de se d\u00e9lester de cette t\u00e2che en la confiant aux \u00e9tats et aux fumeurs.<\/p>\n<p style=\"text-align: justify;\">Bien que la France soit, avec l\u2019Espagne, salu\u00e9e par l\u2019OMS pour les efforts engag\u00e9s en mati\u00e8re de traitement des d\u00e9chets du tabac, la situation fran\u00e7aise se r\u00e9v\u00e8le probl\u00e9matique en la mati\u00e8re. Transposant la directive europ\u00e9enne sur les plastiques \u00e0 usage unique, la France a en effet confi\u00e9, en ao\u00fbt 2021, la gestion de la collecte des m\u00e9gots \u00e0 Alcome, un \u00e9co-organisme fond\u00e9, financ\u00e9 et dirig\u00e9 par l\u2019industrie du tabac. Or, la gestion de cet \u00e9co-organisme devrait, pour respecter l\u2019article 5.3 de la Convention-cadre de l\u2019OMS pour la lutte antitabac (CCLAT), \u00eatre totalement ind\u00e9pendante de l\u2019industrie du tabac et simplement aliment\u00e9e par une taxe sp\u00e9cifique mise en place sur les d\u00e9chets produits par l\u2019industrie<a href=\"#_ftn4\" name=\"_ftnref4\">[4]<\/a>. A l\u2019inverse, les actions propos\u00e9es par Alcome, qu\u2019il s\u2019agisse de distribution de cendriers de poche ou d\u2019installation de cendriers dans l\u2019espace public, visent plut\u00f4t \u00e0 renormaliser l\u2019usage du tabac et \u00e0 encourager la consommation.<\/p>\n<h2 style=\"text-align: justify;\"><strong>La RSE, pr\u00e9texte de communication<\/strong><\/h2>\n<p style=\"text-align: justify;\">Cette transgression de l\u2019article 5.3 de la CCLAT, qui stipule que les politiques publiques doivent \u00e9chapper aux influences de l\u2019industrie du tabac, est le signe de l\u2019intrusion des industriels dans l\u2019\u00e9laboration des politiques publiques, en vue de perp\u00e9tuer l\u2019usage de tabac et d\u2019instituer celui des nouveaux produits du tabac et de la nicotine. Afin de montrer leur \u00ab bonne volont\u00e9 \u00bb et leur \u00ab engagement citoyen \u00bb, les majors du tabac ont fortement investi, depuis le d\u00e9but des ann\u00e9es 2000, le champ des activit\u00e9s sociales et environnementales, sous couvert de la responsabilit\u00e9 sociale des entreprises (RSE). Ces activit\u00e9s, souvent plus d\u00e9monstratives qu\u2019efficaces, ne compensent en rien les dommages environnementaux inflig\u00e9s par l\u2019industrie du tabac et sur lesquels elle souhaite peu s\u2019attarder. Elle pr\u00e9f\u00e8re, \u00e0 l\u2019inverse, utiliser ces activit\u00e9s de RSE comme supports de communication et de promotion de ses nouveaux produits. Or, dans les pays signataires de la CCLAT et plus encore dans ceux o\u00f9 la publicit\u00e9 pour le tabac est explicitement interdite, la promotion des produits du tabac n\u2019est en principe pas permise, ce qui devrait invalider la plupart des op\u00e9rations de RSE. La CCLAT contient aussi, dans son article 17, un volet dans lequel il est express\u00e9ment demand\u00e9 de faciliter la reconversion vers d\u2019autres cultures des terres allou\u00e9es \u00e0 la production de tabac, et dans son article 18, d\u2019accorder un soin tout particulier aux questions environnementales dans la culture et la production des produits du tabac.<\/p>\n<p style=\"text-align: justify;\">La r\u00e9sorption des dommages environnementaux dus au tabac peut s\u2019envisager autrement que par les options propos\u00e9es par l\u2019industrie. Retirer les filtres des cigarettes serait, dans un premier temps, une fa\u00e7on de r\u00e9duire ces dommages. R\u00e9duire le nombre de fumeurs et parvenir \u00e0 une G\u00e9n\u00e9ration sans tabac seraient une autre mani\u00e8re, plus simple et plus efficace, de r\u00e9soudre les multiples co\u00fbts et cons\u00e9quences li\u00e9s au tabac.<\/p>\n<p style=\"text-align: justify;\"><strong>Mots-cl\u00e9s : JMST, Journ\u00e9e mondiale sans tabac, environnement, d\u00e9chets, m\u00e9gots, RSE, Alcome<\/strong><\/p>\n<p style=\"text-align: justify;\"><strong><a href=\"https:\/\/www.generationsanstabac.org\/\">\u00a9G\u00e9n\u00e9ration Sans Tabac<\/a><\/strong><\/p>\n<p style=\"text-align: right;\"><em><strong>MF<\/strong><\/em><\/p>\n<hr \/>\n<p style=\"text-align: justify;\"><a href=\"#_ftnref1\" name=\"_ftn1\">[1]<\/a> <a href=\"https:\/\/www.who.int\/publications\/i\/item\/9789240051287\"><em>Tobacco: poisoning our planet<\/em><\/a>, WHO, publi\u00e9 le 29 mai 2022, consult\u00e9 le 31 mai 2022.<\/p>\n<p style=\"text-align: justify;\"><a href=\"#_ftnref2\" name=\"_ftn2\">[2]<\/a> Express News Service, <a href=\"https:\/\/www.newindianexpress.com\/states\/tamil-nadu\/2022\/may\/30\/tobacco-leaves-more-than-8000-tonne-waste-trail-in-tamil-nadu-study-2459579.html\"><em>Tobacco leaves more than 8,000 tonne waste trail in Tamil Nadu: Study<\/em><\/a>, The New Indian Express, publi\u00e9 le 30 mai 2022, consult\u00e9 le 31 mai 2022.<\/p>\n<p style=\"text-align: justify;\"><a href=\"#_ftnref3\" name=\"_ftn3\">[3]<\/a> <a href=\"https:\/\/www.who.int\/fr\/news\/item\/31-05-2022-who-raises-alarm-on-tobacco-industry-environmental-impact\"><em>L\u2019OMS tire la sonnette d\u2019alarme concernant l\u2019impact de l\u2019industrie du tabac sur l\u2019environnement<\/em><\/a>, OMS, publi\u00e9 le 31 mai 2022, consult\u00e9 le 31 mai 2022.<\/p>\n<p style=\"text-align: justify;\"><a href=\"#_ftnref4\" name=\"_ftn4\">[4]<\/a> <a href=\"https:\/\/www.generationsanstabac.org\/actualites\/alcome-pourquoi-leco-organisme-de-lutte-contre-les-megots-pose-probleme\/\"><em>Alcome : pourquoi l\u2019\u00e9co-organisme de lutte contre les m\u00e9gots pose probl\u00e8me,<\/em><\/a> G\u00e9n\u00e9ration sans tabac, publi\u00e9 le 17 mars 2022, consult\u00e9 le 31 mai 2022.<\/p>\n<p><span style=\"color: #808080;\"><strong><a style=\"color: #808080;\" href=\"http:\/\/www.cnct.fr\/\" target=\"_blank\" rel=\"noopener noreferrer\">Comit\u00e9 national contre le tabagisme |<\/a><\/strong><\/span><\/p>\n","protected":false},"excerpt":{"rendered":"<p>Air, eau, for\u00eat, d\u00e9chets, CO2 : les cons\u00e9quences sur l\u2019environnement de la production et de la consommation de tabac sont ph\u00e9nom\u00e9nales et peu \u00e9voqu\u00e9es. La Journ\u00e9e mondiale sans tabac est une opportunit\u00e9 de faire le point sur ces aspects peu connus de l\u2019industrie du tabac. La Journ\u00e9e mondiale sans tabac est, chaque ann\u00e9e, une occasion [&hellip;]<\/p>\n","protected":false},"author":7,"featured_media":18836,"menu_order":0,"template":"","meta":{"_acf_changed":false,"_seopress_robots_primary_cat":"","_seopress_titles_title":"La Journ\u00e9e mondiale sans tabac attire l\u2019attention sur les cons\u00e9quences environnementales du tabac","_seopress_titles_desc":"La Journ\u00e9e mondiale sans tabac est, chaque ann\u00e9e, une occasion d\u2019organiser des actions de sensibilisation et d\u2019incitation au sevrage","_seopress_robots_index":"","footnotes":""},"categorie-fiches":[428],"class_list":["post-18835","fiche","type-fiche","status-publish","has-post-thumbnail","hentry","categorie-fiches-environnement-fiches"],"acf":[],"_links":{"self":[{"href":"https:\/\/www.generationsanstabac.org\/en\/wp-json\/wp\/v2\/fiche\/18835","targetHints":{"allow":["GET"]}}],"collection":[{"href":"https:\/\/www.generationsanstabac.org\/en\/wp-json\/wp\/v2\/fiche"}],"about":[{"href":"https:\/\/www.generationsanstabac.org\/en\/wp-json\/wp\/v2\/types\/fiche"}],"author":[{"embeddable":true,"href":"https:\/\/www.generationsanstabac.org\/en\/wp-json\/wp\/v2\/users\/7"}],"version-history":[{"count":0,"href":"https:\/\/www.generationsanstabac.org\/en\/wp-json\/wp\/v2\/fiche\/18835\/revisions"}],"wp:featuredmedia":[{"embeddable":true,"href":"https:\/\/www.generationsanstabac.org\/en\/wp-json\/wp\/v2\/media\/18836"}],"wp:attachment":[{"href":"https:\/\/www.generationsanstabac.org\/en\/wp-json\/wp\/v2\/media?parent=18835"}],"wp:term":[{"taxonomy":"categorie-fiches","embeddable":true,"href":"https:\/\/www.generationsanstabac.org\/en\/wp-json\/wp\/v2\/categorie-fiches?post=18835"}],"curies":[{"name":"wp","href":"https:\/\/api.w.org\/{rel}","templated":true}]}}