{"id":18820,"date":"2022-02-08T13:34:33","date_gmt":"2022-02-08T12:34:33","guid":{"rendered":"https:\/\/www.generationsanstabac.org\/fiche\/controle-tabac-prevention-contre-cancer\/"},"modified":"2024-08-06T20:00:38","modified_gmt":"2024-08-06T18:00:38","slug":"controle-tabac-prevention-contre-cancer","status":"publish","type":"fiche","link":"https:\/\/www.generationsanstabac.org\/en\/fiches\/controle-tabac-prevention-contre-cancer\/","title":{"rendered":"Tobacco control in cancer prevention"},"content":{"rendered":"<h2 style=\"text-align: center;\"><strong>Traduction du document d\u2019information de Smoke Free Partnership<\/strong><\/h2>\n<p style=\"text-align: justify;\"><img decoding=\"async\" class=\"aligncenter wp-image-4799 size-medium\" src=\"https:\/\/www.generationsanstabac.org\/wp-content\/uploads\/2022\/02\/smokefree-partnership-300x120.png\" alt=\"smokefree-partnership-cancer-tabac\" width=\"300\" height=\"120\" \/><\/p>\n<p style=\"text-align: justify;\">La Coalition <a href=\"https:\/\/www.smokefreepartnership.eu\/\" target=\"_blank\" rel=\"noopener\">Smokefree Partnership<\/a> (SFP) est un r\u00e9seau compos\u00e9 d&rsquo;organisations europ\u00e9ennes et nationales ind\u00e9pendantes de d\u00e9fense des droits dot\u00e9es d&rsquo;une expertise technique en mati\u00e8re de politique de lutte antitabac. Les partenaires de la coalition travaillent ensemble pour promouvoir et soutenir la pr\u00e9vention du tabagisme en d\u00e9veloppant un plaidoyer en faveur des politiques europ\u00e9ennes de lutte contre le tabagisme par le biais de l&rsquo;\u00e9laboration et de la mise en \u0153uvre de la CCLAT, de ses protocoles et de ses directives.<\/p>\n<p>&nbsp;<\/p>\n<h3 style=\"text-align: justify;\">I. Introduction<\/h3>\n<h3 style=\"text-align: justify;\">II. Consommation de tabac et risque de cancer<\/h3>\n<h3 style=\"text-align: justify;\">III. La lutte antitabac, un pilier indispensable pour une pr\u00e9vention efficace contre le cancer<\/h3>\n<h3 style=\"text-align: justify;\">IV. Politiques exhaustives pour le contr\u00f4le du tabac<\/h3>\n<h3 style=\"text-align: justify;\">V. Recommandations politiques de Smoke Free Partnership pour le Plan europ\u00e9en pour vaincre le cancer<\/h3>\n<h3 style=\"text-align: justify;\">VI. Importance de la recherche en sant\u00e9 publique pour la lutte contre le tabac<\/h3>\n<p>&nbsp;<\/p>\n<h2 style=\"text-align: justify;\"><strong>Introduction <\/strong><\/h2>\n<p style=\"text-align: justify;\">Le tabac est le plus gros facteur de risque pour le cancer et les maladies non-transmissibles (MNT), mais aussi le plus \u00e9vitable. Les cancers sont \u00e0 l\u2019origine de 26% des d\u00e9c\u00e8s dans l\u2019UE et sont la seconde cause de mortalit\u00e9 (apr\u00e8s les maladies cardiovasculaires qui comptent pour 36% de tous les d\u00e9c\u00e8s dans l\u2019UE)<a href=\"#_edn1\" name=\"_ednref1\"><sup>[1]<\/sup><\/a>. Le tabagisme est responsable d&rsquo;environ 1 d\u00e9c\u00e8s sur 7 dans l&rsquo;UE, dont 22 % de tous les d\u00e9c\u00e8s li\u00e9s au cancer et 10 % des d\u00e9c\u00e8s li\u00e9s aux maladies cardiovasculaires<a href=\"#_edn2\" name=\"_ednref2\"><sup>[2]<\/sup><\/a>  Des mesures efficaces de lutte contre le tabagisme pourraient, \u00e0 long terme, \u00e9liminer jusqu\u2019\u00e0 90% des cancers du poumon actuels.<a href=\"#_edn3\" name=\"_ednref3\"><sup>[3]<\/sup><\/a><\/p>\n<p style=\"text-align: justify;\">La lutte contre les MNT s\u2019inscrit au niveau mondial \u00e0 travers les Objectifs de D\u00e9veloppement Durable (ODD), \u00e0 travers la cible 3.4 demandant \u00e0 tous les pays de <em>\u00ab r\u00e9duire d\u2019un tiers, par la pr\u00e9vention et le traitement, le taux de mortalit\u00e9 pr\u00e9matur\u00e9e due \u00e0 des maladies non transmissibles \u00bb<\/em>. Le programme de d\u00e9veloppement durable reconna\u00eet la lutte contre le tabagisme comme un facteur cl\u00e9 pour atteindre cet objectif par le biais de l\u2019ODD cible 3.A appelant \u00e0 \u00ab <em>renforcer dans tous les pays l\u2019application de la Convention-cadre de l\u2019Organisation mondiale de la Sant\u00e9 pour la lutte antitabac \u00bb<\/em>. Les cibles mondiales en mati\u00e8re de MNT engagent tous les pays \u00e0 r\u00e9duire la consommation de tabac de 30 % chez toutes les personnes \u00e2g\u00e9es de 15 ans ou plus d\u2019ici 2025. Selon les tendances actuelles, seuls 6 pays de l\u2019UE atteindront cet objectif.<a href=\"#_edn4\" name=\"_ednref4\"><sup>[4]<\/sup><\/a><\/p>\n<p><img fetchpriority=\"high\" decoding=\"async\" class=\"aligncenter wp-image-4806 \" src=\"https:\/\/www.generationsanstabac.org\/wp-content\/uploads\/2022\/02\/AdobeStock_462023404-1024x439.jpeg\" alt=\"\" width=\"685\" height=\"294\" \/><\/p>\n<p>&nbsp;<\/p>\n<p style=\"text-align: justify;\">La lutte contre le cancer figure \u00e0 l\u2019agenda politique de l\u2019UE depuis trois d\u00e9cennies. De multiples initiatives politiques et l\u00e9gislatives ont permis de r\u00e9aliser des progr\u00e8s consid\u00e9rables dans la r\u00e9duction du nombre de cancers dans les pays europ\u00e9ens. L\u2019usage du tabac est r\u00e9pertori\u00e9 dans le Code Europ\u00e9en Contre le Cancer depuis sa cr\u00e9ation, en tant que principale cause \u00e9vitable de cancer. L\u2019une des principales priorit\u00e9s de l\u2019agenda de la Commission europ\u00e9enne pour le mandat 2019-2024 est de contribuer \u00e0 permettre \u00e0 l\u2019Europe de vaincre le cancer.<\/p>\n<p style=\"text-align: justify;\">En 2019, la Commission europ\u00e9enne a annonc\u00e9 une mission sur le cancer dans son programme de recherche et s\u2019est engag\u00e9e \u00e0 \u00e9laborer un plan europ\u00e9en complet de lutte contre le cancer au cours de la premi\u00e8re ann\u00e9e de son mandat. Ces engagements ont \u00e9t\u00e9 adopt\u00e9s au plus haut niveau politique et ont re\u00e7u le plein soutien du pr\u00e9sident de la Commission europ\u00e9enne, des vice-pr\u00e9sidents et la commissaire \u00e0 la sant\u00e9. Cette initiative a \u00e9t\u00e9 l\u2019un des enjeux phares de la campagne des \u00e9lections europ\u00e9ennes de 2019 pour l\u2019actuelle Commission.<\/p>\n<p style=\"text-align: justify;\">La lutte antitabac repose sur un solide consensus scientifique concernant \u00e0 la fois les risques de la consommation de tabac et l\u2019impact positif des mesures de lutte antitabac. Au-del\u00e0 de cela, les donn\u00e9es de l\u2019opinion publique d\u00e9montrent que la population de l\u2019UE soutient les mesures de lutte antitabac telles que les paquets neutres, les interdictions de publicit\u00e9 ainsi que d\u2019autres mesures de lutte antitabac.<a href=\"#_edn5\" name=\"_ednref5\"><sup>[5]<\/sup><\/a><\/p>\n<p><img decoding=\"async\" class=\"size-medium wp-image-4807 aligncenter\" src=\"https:\/\/www.generationsanstabac.org\/wp-content\/uploads\/2022\/02\/AdobeStock_226737868-300x300.jpeg\" alt=\"cancer-europe\" width=\"300\" height=\"300\" \/><\/p>\n<h2 style=\"text-align: justify;\"><strong>Consommation de tabac et risque de cancer<\/strong><\/h2>\n<p style=\"text-align: justify;\">Au cours des derni\u00e8res ann\u00e9es, l\u2019efficacit\u00e9 des soins contre le cancer s\u2019est am\u00e9lior\u00e9e et les taux de survie g\u00e9n\u00e9raux face au cancer ont atteint des records.<a href=\"#_edn6\" name=\"_ednref6\"><sup>[6]<\/sup><\/a> Cependant, l\u2019incidence croissante des cas de cancer et des d\u00e9c\u00e8s reste une pr\u00e9occupation qui s\u2019est g\u00e9n\u00e9ralis\u00e9e, et une plus grande attention doit \u00eatre accord\u00e9e \u00e0 la pr\u00e9vention. Consommer du tabac demeure le principal et le plus important facteur de risque de cancer,<a href=\"#_edn7\" name=\"_ednref7\"><sup>[7]<\/sup><\/a> et responsable de plus de 22 % des d\u00e9c\u00e8s li\u00e9s au cancer dans le monde.<a href=\"#_edn8\" name=\"_ednref8\"><sup>[8]<\/sup><\/a> <a href=\"#_edn9\" name=\"_ednref9\"><sup>[9]<\/sup><\/a><\/p>\n<table width=\"928\">\n<tbody>\n<tr>\n<td width=\"928\"><em>Dans l\u2019UE, jusqu&rsquo;\u00e0 <strong>9 d\u00e9c\u00e8s sur 10 par cancer de la trach\u00e9e, des bronches et du poumon<\/strong> sont li\u00e9s \u00e0 la consommation de tabac<\/em>.<a href=\"#_edn10\" name=\"_ednref10\"><sup>[10]<\/sup><\/a><\/p>\n<p><em>Les fumeurs sont <strong>8 \u00e0 10 fois plus susceptibles de mourir d\u2019un cancer du poumon<\/strong> que les non-fumeurs.<a href=\"#_edn11\" name=\"_ednref11\"><sup><strong>[11]<\/strong><\/sup><\/a><\/em><\/td>\n<\/tr>\n<\/tbody>\n<\/table>\n<p style=\"text-align: justify;\">La consommation de tabac est responsable de l\u2019augmentation du risque de d\u00e9velopper 16 types de cancer,<a href=\"#_edn12\" name=\"_ednref12\"><sup>[12]<\/sup><\/a> elle est notamment le principal facteur de risque pour le d\u00e9veloppement du cancer du poumon, de la trach\u00e9e, des bronches, de la bouche,<a href=\"#_edn13\" name=\"_ednref13\"><sup>[13]<\/sup><\/a>&#8211;<a href=\"#_edn14\" name=\"_ednref14\"><sup>[14]<\/sup><\/a> ou encore du c\u00f4lon.<a href=\"#_edn15\" name=\"_ednref15\"><sup>[15]<\/sup><\/a> Plus particuli\u00e8rement, dans l\u2019UE, o\u00f9 le tabagisme constitue le principal facteur de risque, le cancer du poumon est la cause premi\u00e8re de mortalit\u00e9 parmi les hommes (25% de tous les d\u00e9c\u00e8s caus\u00e9s par le cancer) et est la seconde cause de mortalit\u00e9 chez les femmes.<a href=\"#_edn16\" name=\"_ednref16\"><sup>[16]<\/sup><\/a> Au sein de l\u2019UE, le cancer du poumon compte pour environ 273 000 des 1 320 000 d\u00e9c\u00e8s (21%) provoqu\u00e9s par le cancer en 2015.<a href=\"#_edn17\" name=\"_ednref17\"><sup>[17]<\/sup><\/a> De plus, la consommation de tabac augmente les cas de rechute et de r\u00e9cidive du cancer.<a href=\"#_edn18\" name=\"_ednref18\"><sup>[18]<\/sup><\/a><\/p>\n<p>&nbsp;<\/p>\n<p><img loading=\"lazy\" decoding=\"async\" class=\"wp-image-4700 aligncenter\" src=\"https:\/\/www.generationsanstabac.org\/wp-content\/uploads\/2022\/01\/AdobeStock_282277137-1024x768.jpeg\" alt=\"sevrage-tabac-cancer-du-poumon\" width=\"560\" height=\"420\" \/><\/p>\n<p style=\"text-align: justify;\">Malgr\u00e9 une baisse de la pr\u00e9valence tabagique au cours de ces derni\u00e8res ann\u00e9es, dans l\u2019UE, 26% des adultes et 29% des 15-24 ans fument,<a href=\"#_edn19\" name=\"_ednref19\"><sup>[19]<\/sup><\/a> ces taux \u00e9tant les seconds plus \u00e9lev\u00e9s au monde apr\u00e8s la pr\u00e9valence de la r\u00e9gion EURO.<a href=\"#_edn20\" name=\"_ednref20\"><sup>[20]<\/sup><\/a> L\u2019UE pr\u00e9sente une faible disparit\u00e9 entre les genres en mati\u00e8re de consommation de tabac (30% d\u2019hommes, 22% de femmes),<a href=\"#_edn21\" name=\"_ednref21\"><sup>[21]<\/sup><\/a> et 9 fumeurs sur 10 en Europe sont des consommateurs quotidiens.<a href=\"#_edn22\" name=\"_ednref22\"><sup>[22]<\/sup><\/a> Parmi les fumeurs en UE, 93% ont commenc\u00e9 \u00e0 fumer avant l\u2019\u00e2ge de 25 ans.<a href=\"#_edn23\" name=\"_ednref23\"><sup>[23]<\/sup><\/a><\/p>\n<p style=\"text-align: justify;\"><strong>L\u2019exposition \u00e0 la fum\u00e9e secondaire <\/strong>augmente consid\u00e9rablement le risque pour les non-fumeurs ainsi que les enfants de d\u00e9velopper un cancer et augmente de 20 \u00e0 30% le risque de d\u00e9velopper un cancer du poumon.<a href=\"#_edn24\" name=\"_ednref24\"><sup>[24]<\/sup><\/a> Les enfants et les b\u00e9b\u00e9s sont \u00e9galement vuln\u00e9rables \u00e0 la fum\u00e9e tertiaire dont les r\u00e9sidus et particules de fum\u00e9e et de cigarette sont persistants.<a href=\"#_edn25\" name=\"_ednref25\"><sup>[25]<\/sup><\/a><\/p>\n<p style=\"text-align: justify;\"><strong>Les \u00e9carts socio-\u00e9conomiques ainsi qu\u2019entre les sexes relatifs \u00e0 la consommation de tabac et au d\u00e9veloppement d\u2019un cancer repr\u00e9sentent des pr\u00e9occupations perp\u00e9tuelles<\/strong>. Pour illustration, l\u2019UE a subi une augmentation significative de 20% du taux de cancer du poumon ces dix derni\u00e8res ann\u00e9es, provoqu\u00e9 par l\u2019augmentation du nombre de femmes atteintes par cette maladie.<a href=\"#_edn26\" name=\"_ednref26\"><sup>[26]<\/sup><\/a> Ce facteur peut \u00eatre expliqu\u00e9 par l\u2019augmentation du taux de tabagisme parmi les femmes, et cela, plusieurs d\u00e9cennies apr\u00e8s les hommes, ce qui g\u00e9n\u00e8re un \u00e9cart des genres relatif \u00e0 la pr\u00e9valence du cancer ainsi qu\u2019une pr\u00e9valence toujours plus \u00e9lev\u00e9e pour les hommes.<a href=\"#_edn27\" name=\"_ednref27\"><sup>[27]<\/sup><\/a><\/p>\n<p>&nbsp;<\/p>\n<h2 style=\"text-align: justify;\"><strong>La lutte antitabac, un pilier indispensable pour une pr\u00e9vention efficace contre le cancer<\/strong><\/h2>\n<table width=\"948\">\n<tbody>\n<tr>\n<td width=\"948\"><strong><em>La pr\u00e9vention primordiale<\/em><\/strong><em> se concentre sur une approche populationnelle, ciblant les conditions environnementales, diminuant l\u2019exposition \u00e0 des facteurs de risque (par exemple : la publicit\u00e9 pour les produits du tabac) autant que possible.<a href=\"#_edn28\" name=\"_ednref28\"><sup><strong>[28]<\/strong><\/sup><\/a><\/em><\/p>\n<p><strong><em>La pr\u00e9vention primaire<\/em><\/strong><em> consiste \u00e0 \u00e9liminer ou \u00e0 r\u00e9duire l\u2019exposition \u00e0 des facteurs de risque reconnus dans des populations pour pr\u00e9venir une maladie avant que les effets sur la sant\u00e9 ne se produisent par des mesures (par exemple : le sevrage tabagique) alt\u00e9rant les comportements \u00e0 risque.<a href=\"#_edn29\" name=\"_ednref29\"><sup><strong>[29]<\/strong><\/sup><\/a><\/em><\/p>\n<p><em>La pr\u00e9vention primordiale et la pr\u00e9vention primaire sont des moyens importants pour l\u2019am\u00e9lioration de la sant\u00e9 publique, elles sont rentables pour la r\u00e9duction du fardeau \u00e9conomique que repr\u00e9sentent les cancers et les MNT dans le monde.<a href=\"#_edn30\" name=\"_ednref30\"><sup><strong>[30]<\/strong><\/sup><\/a><\/em><\/td>\n<\/tr>\n<\/tbody>\n<\/table>\n<p style=\"text-align: justify;\">La pr\u00e9vention (particuli\u00e8rement primordiale et primaire) est un facteur cl\u00e9 pour la r\u00e9duction du nombre de cas et de d\u00e9c\u00e8s relatifs au cancer et autres maladies non-transmissibles (MNT).<\/p>\n<p style=\"text-align: justify;\"><strong>Une pr\u00e9vention efficace doit inclure les mesures \u00e9prouv\u00e9es et co\u00fbts-efficaces de lutte contre le tabac inscrites dans la Convention-cadre de l\u2019OMS<\/strong>.<\/p>\n<p>&nbsp;<\/p>\n<p><img loading=\"lazy\" decoding=\"async\" class=\"aligncenter wp-image-1098 \" src=\"https:\/\/www.generationsanstabac.org\/wp-content\/uploads\/2020\/01\/cclat-convention-cadre-lutte-anti-tabac.jpg\" alt=\"cclat-convention-cadre-lutte-anti-tabac\" width=\"686\" height=\"250\" srcset=\"https:\/\/www.generationsanstabac.org\/wp-content\/uploads\/2020\/01\/cclat-convention-cadre-lutte-anti-tabac.jpg 873w, https:\/\/www.generationsanstabac.org\/wp-content\/uploads\/2020\/01\/cclat-convention-cadre-lutte-anti-tabac-300x109.jpg 300w, https:\/\/www.generationsanstabac.org\/wp-content\/uploads\/2020\/01\/cclat-convention-cadre-lutte-anti-tabac-768x280.jpg 768w\" sizes=\"(max-width: 686px) 100vw, 686px\" \/><\/p>\n<p>&nbsp;<\/p>\n<p style=\"text-align: justify;\">Les politiques et les mesures europ\u00e9ennes et nationales pour mettre fin \u00e0 la consommation de tabac doivent cibler l\u2019initiation \u00e0 la consommation des jeunes ainsi que des programmes efficaces de sevrage tabagique.<\/p>\n<p style=\"text-align: justify;\"><strong>Une pr\u00e9vention efficace ax\u00e9e sur la lutte antitabac aiderait \u00e0 r\u00e9duire ou \u00e0 \u00e9liminer : <\/strong><\/p>\n<h3>Les morts et les souffrances provoqu\u00e9es par le cancer :<\/h3>\n<ul style=\"text-align: justify;\">\n<li>Environ 90% des cancers du poumon sont imputables au tabagisme,<a href=\"#_edn31\" name=\"_ednref31\"><sup>[31]<\/sup><\/a> ainsi, ils pourraient \u00eatre \u00e9radiqu\u00e9s en mettant fin \u00e0 la consommation de tabac. Les d\u00e9c\u00e8s li\u00e9s aux autres types de cancers identifi\u00e9s comme li\u00e9s \u00e0 la consommation de tabac pourraient aussi \u00eatre limit\u00e9s ;<\/li>\n<li>En plus de pr\u00e9server des vies humaines, une pr\u00e9vention efficace serait \u00e9galement b\u00e9n\u00e9fique pour le bien-\u00eatre humain g\u00e9n\u00e9ral et am\u00e9liorerait la sant\u00e9 \u00e0 long terme en \u00e9vitant les sympt\u00f4mes et la douleur ainsi que les souffrances physiques et mentales endur\u00e9es par les patients atteints de cancer et leurs familles<a href=\"#_edn32\" name=\"_ednref32\"><sup>[32]<\/sup><\/a>;<\/li>\n<li>Le sevrage tabagique est b\u00e9n\u00e9fique quant \u00e0 la pr\u00e9vention primaire de la maladie (pr\u00e9vention avant que les probl\u00e8mes de sant\u00e9 ne surviennent), la pr\u00e9vention secondaire (pr\u00e9vention apr\u00e8s le diagnostic mais avant les effets de la maladie) et la pr\u00e9vention tertiaire (pr\u00e9vention apr\u00e8s les s\u00e9quelles caus\u00e9es par la maladie)<a href=\"#_edn33\" name=\"_ednref33\"><sup>[33]<\/sup><\/a>;<\/li>\n<li>Des \u00e9tudes quantifiant l\u2019impact potentiel de la pr\u00e9valence du tabagisme sur l\u2019incidence du cancer ont d\u00e9montr\u00e9 que des centaines de milliers de cas de cancer pourraient \u00eatre \u00e9vit\u00e9s en r\u00e9duisant la consommation de tabac<a href=\"#_edn34\" name=\"_ednref34\"><sup>[34]<\/sup><\/a>.<\/li>\n<\/ul>\n<h3 style=\"text-align: justify;\">Les in\u00e9galit\u00e9s en mati\u00e8re de sant\u00e9 :<\/h3>\n<p style=\"text-align: justify;\">Des disparit\u00e9s importantes subsistent quant \u00e0 l\u2019exposition aux facteurs de risque selon le sexe, le statut socio-\u00e9conomique et l\u2019\u00e2ge :<\/p>\n<ul style=\"text-align: justify;\">\n<li>Les enfants et les adolescents sont plus vuln\u00e9rables aux effets sur la sant\u00e9 et aux risques du tabagisme et de la fum\u00e9e secondaire<a href=\"#_edn35\" name=\"_ednref35\"><sup>[35]<\/sup><\/a>;<\/li>\n<li>Les populations socialement d\u00e9favoris\u00e9es et les m\u00e9nages \u00e0 faible revenu ont des taux de consommation de tabac plus \u00e9lev\u00e9s et sont plus vuln\u00e9rables aux facteurs de risque et au cancer, ils \u00e9prouvent \u00e9galement des difficult\u00e9s \u00e0 acc\u00e9der aux traitements et aux services de sant\u00e9 n\u00e9cessaires.<a href=\"#_edn36\" name=\"_ednref36\"><sup>[36]<\/sup><\/a> Selon les donn\u00e9es de l\u2019UE, plus de quatre personnes sur dix (43 %) ayant d\u00e9clar\u00e9 avoir du mal \u00e0 payer leurs factures \u00ab le plus souvent \u00bb sont des fumeurs, contre un peu plus d\u2019un cinqui\u00e8me (22 %) de ceux qui disent n\u2019avoir \u00ab jamais \u00bb de difficult\u00e9 \u00e0 payer leurs factures<a href=\"#_edn37\" name=\"_ednref37\"><sup>[37]<\/sup><\/a>;<\/li>\n<li>En 2018, les disparit\u00e9s entre les sexes sont \u00e9galement pr\u00e9occupantes, puisque la pr\u00e9valence du tabagisme chez les femmes \u00e9tait en augmentation.<a href=\"#_edn38\" name=\"_ednref38\"><sup>[38]<\/sup><\/a> Cela est \u00e9galement tr\u00e8s important en raison des effets nocifs du tabagisme et de la fum\u00e9e secondaire pour les femmes enceintes<a href=\"#_edn39\" name=\"_ednref39\"><sup>[39]<\/sup><\/a>;<\/li>\n<li>Les membres de la communaut\u00e9 LGBT enregistrent une pr\u00e9valence du tabagisme plus \u00e9lev\u00e9e que leurs pairs h\u00e9t\u00e9rosexuels, ils demeurent particuli\u00e8rement expos\u00e9s \u00e0 la publicit\u00e9, au tabagisme et au cancer<a href=\"#_edn40\" name=\"_ednref40\"><sup>[40]<\/sup><\/a>.<\/li>\n<\/ul>\n<h3 style=\"text-align: justify;\">Le co\u00fbt \u00e9conomique :<\/h3>\n<ul style=\"text-align: justify;\">\n<li>Jusqu\u2019\u00e0 un cinqui\u00e8me des d\u00e9penses de sant\u00e9 dans les pays de l\u2019UE est consid\u00e9r\u00e9 comme un fardeau pour la soci\u00e9t\u00e9 et les syst\u00e8mes de sant\u00e9. Dans l\u2019UE, la consommation de tabac entra\u00eene de nombreuses pertes, s&rsquo;\u00e9levant \u00e0 9,9 millions d\u2019ann\u00e9es de vie perdues pr\u00e9matur\u00e9ment, 7,3 milliards d&rsquo;euros de pertes de productivit\u00e9 et 25,3 milliards d&rsquo;euros de d\u00e9penses de sant\u00e9<a href=\"#_edn41\" name=\"_ednref41\"><sup>[41]<\/sup><\/a>;<\/li>\n<li>La pr\u00e9valence des taux de cancer entra\u00eene \u00e9galement une pression importante sur les professionnels de sant\u00e9<a href=\"#_edn42\" name=\"_ednref42\"><sup>[42]<\/sup><\/a>;<\/li>\n<li><strong><u>Pr\u00e9venir ce qui est \u00e9vitable<\/u><\/strong> gr\u00e2ce \u00e0 des mesures efficaces, y compris la lutte antitabac,<a href=\"#_edn43\" name=\"_ednref43\"><sup>[43]<\/sup><\/a> g\u00e9n\u00e9rerait \u00e9galement des \u00e9conomies en soins de sant\u00e9 (en ressources humaines et en fonds) qui, \u00e0 leur tour, pourraient \u00eatre consacr\u00e9es \u00e0 d\u2019autres aspects relatifs \u00e0 la sant\u00e9 n\u00e9cessitant un financement, conduisant \u00e0 des am\u00e9liorations globales et \u00e0 une r\u00e9silience accrue des syst\u00e8mes de sant\u00e9.<\/li>\n<\/ul>\n<p>&nbsp;<\/p>\n<h2 style=\"text-align: justify;\"><strong>Politiques exhaustives pour le contr\u00f4le du tabac<\/strong><\/h2>\n<p style=\"text-align: justify;\">Des politiques telles que les taxes d\u2019accise, les lois sur la qualit\u00e9 de l\u2019air int\u00e9rieur, les restrictions \u00e0 la vente de tabac, les interdictions de publicit\u00e9, les paquets neutres et les campagnes de sensibilisation contribuent \u00e0 la r\u00e9duction des taux de tabagisme et de consommation de tabac.<a href=\"#_edn44\" name=\"_ednref44\"><sup>[44]<\/sup><\/a><\/p>\n<table width=\"948\">\n<tbody>\n<tr>\n<td width=\"948\"><strong><em>Les politiques de taxation du tabac se sont r\u00e9v\u00e9l\u00e9es \u00eatre le moyen le plus efficace et le plus direct afin de r\u00e9duire la pr\u00e9valence tabagique et le nombre de d\u00e9c\u00e8s provoqu\u00e9s par le cancer<\/em><\/strong><em>. Elles font cependant partie des mesures de lutte antitabac les moins mises en \u0153uvre.<\/em><a href=\"#_edn45\" name=\"_ednref45\"><sup>[45]<\/sup><\/a><\/p>\n<p><em>\u00c0 titre d\u2019exemple, l\u2019objectif fix\u00e9 par l\u2019Organisation mondiale de la Sant\u00e9 d&rsquo;atteindre une r\u00e9duction de 30 % de la pr\u00e9valence actuelle du tabagisme d&rsquo;ici 2025<\/em><a href=\"#_edn46\" name=\"_ednref46\"><sup>[46]<\/sup><\/a><em> ne sera pas atteint par l\u2019Union Europ\u00e9enne, puisque la plupart des pays de l\u2019UE risque de le manquer.<\/em><a href=\"#_edn47\" name=\"_ednref47\"><sup>[47]<\/sup><\/a><\/p>\n<p><em>Plus pr\u00e9cis\u00e9ment, une <strong>politique fiscale de l\u2019UE peut aider \u00e0 atteindre cet objectif<\/strong> gr\u00e2ce \u00e0 une augmentation des droits d\u2019accises, ce qui, selon les estimations, engendrerait une diminution de 18,5 millions du nombre de fumeurs et une augmentation d\u2019environ 65 % des recettes fiscales sur le tabac.<\/em><a href=\"#_edn48\" name=\"_ednref48\"><sup>[48]<\/sup><\/a><\/td>\n<\/tr>\n<\/tbody>\n<\/table>\n<p style=\"text-align: justify;\">Ces politiques sont inscrites dans la Convention-cadre de l\u2019Organisation mondiale de la Sant\u00e9 pour la lutte antitabac (CCLAT),<a href=\"#_edn49\" name=\"_ednref49\"><sup>[49]<\/sup><\/a> dont l\u2019UE ainsi que ses \u00c9tats membres sont Parties, et consistent en des <strong>plans complets de lutte antitabac \u00e0 l\u2019\u00e9chelle de tous les gouvernements<\/strong>, comprenant :<\/p>\n<ul style=\"text-align: justify;\">\n<li><strong>Des mesures efficaces de taxation du tabac<\/strong> pour r\u00e9duire l\u2019accessibilit\u00e9 et l\u2019attractivit\u00e9 des produits du tabac ;<\/li>\n<li><strong>L\u2019interdiction de vente aux mineurs <\/strong>;<\/li>\n<li>Des mesures visant \u00e0 <strong>prot\u00e9ger les non-fumeurs de l\u2019exposition<\/strong> \u00e0 la fum\u00e9e de tabac ;<\/li>\n<li>L\u2019apposition d\u2019<strong>avertissements sanitaires <\/strong>graphiques sur les emballages des produits du tabac ;<\/li>\n<li>Des <strong>interdictions de la publicit\u00e9, <\/strong>de la promotion et du parrainage <strong>des produits du tabac<\/strong>;<\/li>\n<li><strong>Sensibiliser et donner acc\u00e8s aux informations sur les risques du tabagisme<\/strong>, en veillant \u00e0 ce que celles-ci soient adapt\u00e9es au public concern\u00e9 (par exemple : les adolescents et les jeunes adultes)<\/li>\n<li>Garantir <strong>l\u2019acc\u00e8s aux services de sevrage tabagique efficaces<\/strong> ;<\/li>\n<li>Des <strong>mesures efficaces pour lutter contre le commerce illicite<\/strong> comprenant des syst\u00e8mes de suivi et de tra\u00e7abilit\u00e9 au niveau national, r\u00e9gional, ou international ;<\/li>\n<li><strong>Surveiller la consommation du tabac<\/strong>, les tendances et l\u2019\u00e9valuation des politiques, et \u00e9changer des informations avec les autres Parties.<\/li>\n<\/ul>\n<p>&nbsp;<\/p>\n<h2 style=\"text-align: justify;\"><strong>Recommandations politiques de Smoke Free Partnership pour le Plan europ\u00e9en pour vaincre le cancer <\/strong><\/h2>\n<p style=\"text-align: justify;\">Le pilier que repr\u00e9sente la pr\u00e9vention du Plan europ\u00e9en pour vaincre le cancer doit \u00eatre reconnu comme un tremplin important pour am\u00e9liorer le statu quo sur le cancer au sein de l&rsquo;UE et aider \u00e0 atteindre l\u2019ODD 3 et les cibles mondiales pour les maladies non transmissibles. \u00c0 la lumi\u00e8re du r\u00f4le crucial que joue la lutte antitabac dans la pr\u00e9vention du cancer et des maladies non transmissibles et pour atteindre les cibles des ODD, le Plan pour vaincre le cancer doit veiller \u00e0 ce que :<\/p>\n<ul style=\"text-align: justify;\">\n<li>La mise en \u0153uvre de la CCLAT soit renforc\u00e9e au niveau de l\u2019UE mais aussi au niveau national par le biais de tous les instruments politiques disponibles. Tout particuli\u00e8rement, les obligations de la CCLAT doivent \u00eatre prises en compte dans la conception des politiques gr\u00e2ce \u00e0 une approche pangouvernementale ;<\/li>\n<li><strong>La politique de lutte antitabac de l\u2019UE soit reconnue pour sa contribution \u00e0 l&rsquo;am\u00e9lioration de la sant\u00e9 des citoyens<\/strong>. Les directives en cours d&rsquo;\u00e9valuation et de r\u00e9vision, \u00e0 savoir la directive europ\u00e9enne sur la fiscalit\u00e9 des produits du tabac (2011\/64\/UE) et la directive europ\u00e9enne sur les produits du tabac (2014\/40\/UE), jouent un r\u00f4le crucial quant \u00e0 l\u2019am\u00e9lioration de la sant\u00e9 publique europ\u00e9enne en g\u00e9n\u00e9ral et, en particulier, dans la pr\u00e9vention du cancer;<\/li>\n<li><strong>Les processus d&rsquo;\u00e9valuation en cours incluent une r\u00e9vision de la directive europ\u00e9enne sur la publicit\u00e9 pour les produits du tabac (2003\/33\/UE)<\/strong> dans le but de renforcer le cadre existant et de r\u00e9duire la capacit\u00e9 de l&rsquo;industrie du tabac \u00e0 commercialiser et \u00e0 promouvoir ses produits aupr\u00e8s des enfants et des jeunes;<\/li>\n<li><strong>Un objectif global visant \u00e0 r\u00e9duire les in\u00e9galit\u00e9s<\/strong> en mati\u00e8re de sant\u00e9 parmi les groupes vuln\u00e9rables au sein des pays et dans l\u2019ensemble de l\u2019UE soit poursuivi en \u00ab \u00e9levant le seuil \u00bb en termes de protection de la sant\u00e9 humaine gr\u00e2ce \u00e0 des mesures efficaces de lutte contre le tabagisme au niveau de l\u2019UE;<\/li>\n<li><strong>Le Plan pour vaincre le cancer doit \u00e9galement appliquer le principe de la sant\u00e9 dans toutes les politiques<\/strong> (<em>Health in all Policies<\/em>) au niveau de l\u2019UE et doit inclure la mise en \u0153uvre d\u2019\u00e9valuations de l\u2019impact sur la sant\u00e9 d\u00e8s le d\u00e9but de la conception des politiques.<\/li>\n<\/ul>\n<p>&nbsp;<\/p>\n<h2 style=\"text-align: justify;\"><strong>Importance de la recherche en sant\u00e9 publique pour la lutte contre le tabac <\/strong><\/h2>\n<p style=\"text-align: justify;\">L\u2019article 20 de la Convention-cadre pour la lutte antitabac demande aux Parties d&rsquo;\u00e9laborer et de promouvoir des programmes de recherche nationaux, mais aussi des programmes de surveillance de la sant\u00e9 aux niveaux nationaux, r\u00e9gionaux et mondiaux, ainsi que d&rsquo;\u00e9changer des informations relatives \u00e0 la lutte antitabac.<a href=\"#_edn50\" name=\"_ednref50\"><sup>[50]<\/sup><\/a> L&rsquo;article 22 demande aux Parties de coop\u00e9rer pour la mise en \u0153uvre de la CCLAT et pour l&rsquo;\u00e9change d&rsquo;informations, d&rsquo;expertise et de recherche dans le but de renforcer les politiques de lutte antitabac,<a href=\"#_edn51\" name=\"_ednref51\"><sup>[51]<\/sup><\/a> et donc de coordonner les strat\u00e9gies et les connaissances pour mener \u00e0 une optimisation de la lutte antitabac et \u00e0 la pr\u00e9vention contre le cancer.<\/p>\n<p style=\"text-align: justify;\"><em>Horizon Europe<\/em> est le programme-cadre de recherche et d\u2019innovation de l\u2019Union Europ\u00e9enne post 2021. Il comprend un objectif visant \u00e0 se concentrer sur la recherche contre le cancer et la recherche pour la pr\u00e9vention par le biais de la mission Cancer qui est l&rsquo;un des cinq vastes domaines de mission soci\u00e9tale identifi\u00e9s dans ce cadre.<a href=\"#_edn52\" name=\"_ednref52\"><sup>[52]<\/sup><\/a> <a href=\"#_edn53\" name=\"_ednref53\"><sup>[53]<\/sup><\/a> <strong>La recherche pour la lutte antitabac devrait faire partie des travaux de la mission Cancer dans le cadre du programme <em>Horizon Europe<\/em><\/strong>.<\/p>\n<p style=\"text-align: justify;\">La Smoke Free Partnership (SFP) a identifi\u00e9 un besoin d&rsquo;investissement dans la recherche politique ind\u00e9pendante comme partie int\u00e9grante de la lutte antitabac avec des avantages pour<a href=\"#_edn54\" name=\"_ednref54\"><sup>[54]<\/sup><\/a> :<\/p>\n<ul style=\"text-align: justify;\">\n<li>\u00c9valuer les liens et fournir des informations bas\u00e9es sur des preuves relatives aux effets de la consommation de tabac sur l\u2019incidence du cancer et des autres MNT ;<\/li>\n<li>Aider \u00e0 \u00e9laborer et d\u00e9terminer des politiques efficaces pour lutter contre la consommation de tabac ;<\/li>\n<li>\u00c9valuer les effets des politiques et des mesures sur la pr\u00e9valence du tabac et des maladies caus\u00e9es par le tabac et fournir des donn\u00e9es sur l&rsquo;impact de la lutte antitabac sur la sant\u00e9 publique et l&rsquo;\u00e9conomie ;<\/li>\n<li>Identifier les failles au niveau des politiques et \u00e9clairer la conception, la mise en \u0153uvre et la r\u00e9vision des politiques.<\/li>\n<\/ul>\n<p style=\"text-align: justify;\">\u00c0 la lumi\u00e8re des travaux en cours sur le programme <em>Horizon Europe<\/em> et des objectifs de sa mission Cancer, il est imp\u00e9ratif de reconna\u00eetre l\u2019importance de la recherche pour la lutte antitabac et son r\u00f4le dans la r\u00e9duction du nombre de d\u00e9c\u00e8s \u00e9vitables provoqu\u00e9s par les MNT. Cela comprend \u00e9galement la recherche ax\u00e9e sur les politiques sur les pratiques au niveau de la population. Actuellement, la recherche sur la lutte antitabac n\u2019int\u00e8gre pas d\u2019interventions politiques. Par ailleurs, elle est \u00e9galement in\u00e9galement r\u00e9partie dans l\u2019UE. Pour am\u00e9liorer le statu quo il faudrait que :<\/p>\n<ul style=\"text-align: justify;\">\n<li>Les d\u00e9cideurs politiques de l\u2019Union Europ\u00e9enne reconnaissent le r\u00f4le de la lutte contre le tabac dans la pr\u00e9vention contre le cancer et les MNT dans le cadre du programme <em>Horizon Europe<\/em> et sa mission Cancer ;<\/li>\n<li>Les d\u00e9cideurs politiques de l\u2019Union Europ\u00e9enne soutiennent la mise en place d\u2019une infrastructure de recherche europ\u00e9enne pour une collaboration transfrontali\u00e8re multidisciplinaire, visant \u00e0 aider \u00e0 combler les lacunes dans la recherche en mati\u00e8re de politique de lutte antitabac.<\/li>\n<\/ul>\n<p>&nbsp;<\/p>\n<p style=\"text-align: justify;\"><a href=\"https:\/\/www.generationsanstabac.org\/wp-content\/uploads\/2022\/02\/FinalforPublishingUpdated23072020last.pdf\">T\u00e9l\u00e9charger le document en anglais (PDF)<\/a><\/p>\n<hr \/>\n<p><a href=\"#_ednref1\" name=\"_edn1\">[1]<\/a> <em>Health at a Glance 2019: OECD Indicators<\/em>, OECD Publishing, 2019, <a href=\"https:\/\/doi.org\/10.1787\/4dd50c09-en\">https:\/\/doi.org\/10.1787\/4dd50c09-en<\/a>, using data from Eurostat, <a href=\"https:\/\/ec.europa.eu\/eurostat\/web\/products-eurostatnews\/-\/DDN-20190716-1\">https:\/\/ec.europa.eu\/eurostat\/web\/products-eurostatnews\/-\/DDN-20190716-1<\/a><\/p>\n<p><a href=\"#_ednref2\" name=\"_edn2\">[2]<\/a> <em>European Tobacco Use Trends Report 2019<\/em>. 2019. World Health Organisation Regional Office for Europe, <a href=\"http:\/\/www.euro.who.int\/__data\/assets\/pdf_file\/0009\/402777\/Tobacco-Trends-Report-ENG-WEB.pdf?ua=1\">http:\/\/www.euro.who.int\/__data\/assets\/pdf_file\/0009\/402777\/Tobacco-Trends-Report-ENG-WEB.pdf?ua=1<\/a><\/p>\n<p><a href=\"#_ednref3\" name=\"_edn3\">[3]<\/a> <em>European Tobacco Use Trends Report 2019<\/em>. 2019. Ibid<\/p>\n<p><a href=\"#_ednref4\" name=\"_edn4\">[4]<\/a> <em>WHO Global Report On Trends In Prevalence Of Tobacco Smoking 2000-2025<\/em> \u2013 Third Edition\u201d. 2019. World Health Organization. <a href=\"https:\/\/www.who.int\/publications-detail\/who-global-report-on-trends-in-prevalence-of-tobacco-use-2000-%202025-third-edition\/\">https:\/\/www.who.int\/publications-detail\/who-global-report-on-trends-in-prevalence-of-tobacco-use-2000- 2025-third-edition<\/a><\/p>\n<p><a href=\"#_ednref5\" name=\"_edn5\">[5]<\/a> <em>Special Eurobarometer 458, Attitudes of Europeans towards tobacco and electronic cigarettes<\/em>. European Commission, 2017, <a href=\"https:\/\/core.ac.uk\/download\/pdf\/83648277.pdf\">https:\/\/core.ac.uk\/download\/pdf\/83648277.pdf<\/a><\/p>\n<p><a href=\"#_ednref6\" name=\"_edn6\">[6]<\/a> <em>OECD\/EU. 2018. Health at a Glance: Europe 2018: State of Health in the EU Cycle, OECD Publishing<\/em>, Paris. <a href=\"https:\/\/doi.org\/10.1787\/health_glance_eur-2018-en\">https:\/\/doi.org\/10.1787\/health_glance_eur-2018-en<\/a><\/p>\n<p><a href=\"#_ednref7\" name=\"_edn7\">[7]<\/a> <em>Lung Cancer-Small Cell: Risk Factors and Prevention. 2019. Cancer.net<\/em>. <a href=\"https:\/\/www.cancer.net\/cancer-types\/lung-cancer-small-cell\/risk-factors-and-prevention\">https:\/\/www.cancer.net\/cancer-types\/lung-cancer-small-cell\/risk-factors-and-prevention<\/a><\/p>\n<p><a href=\"#_ednref8\" name=\"_edn8\">[8]<\/a> <em>Global, regional, and national comparative risk assessment of 79 behavioural, environmental and occupational, and metabolic risks or clusters of risks, 1990\u20132015: a systematic analysis for the Global Burden of Disease Study 2015<\/em>. The Lancet. 2016, October 08. pp. 1659-1724.<\/p>\n<p><a href=\"#_ednref9\" name=\"_edn9\">[9]<\/a> <em>Factsheet on Tobacco Taxation. 2018<\/em>. Prevent20. Tax Tobacco, Reduce Cancer. <a href=\"https:\/\/wecanprevent20.org\/wp-content\/uploads\/2018\/06\/Prevent20_onepager_FINAL.pdf\">https:\/\/wecanprevent20.org\/wp-content\/uploads\/2018\/06\/Prevent20_onepager_FINAL.pdf<\/a><\/p>\n<p><a href=\"#_ednref10\" name=\"_edn10\">[10]<\/a> <em>European Tobacco Use Trends Report 2019<\/em>. 2019. Ibid<\/p>\n<p><a href=\"#_ednref11\" name=\"_edn11\">[11]<\/a> <em>European Tobacco Use Trends Report 2019<\/em>. 2019. Ibid<\/p>\n<p><a href=\"#_ednref12\" name=\"_edn12\">[12]<\/a> <em>There are 16 cancers that can be caused by smoking<\/em>. Walsberger. S. 2016. Cancer Council. 31.05. <a href=\"https:\/\/www.cancercouncil.com.au\/blog\/there-are-16-cancers-that-can-be-caused-by-smoking\">https:\/\/www.cancercouncil.com.au\/blog\/there-are-16-cancers-that-can-be-caused-by-smoking<\/a><\/p>\n<p><a href=\"#_ednref13\" name=\"_edn13\">[13]<\/a> Bray, F., et al. 2018. <em>Global cancer statistics 2018: GLOBOCAN estimates of incidence and mortality worldwide for 36 cancers in 185 countries<\/em>. CA: A Cancer Journal For Clinicians, ACS Journals, 68, 394-424. <a href=\"https:\/\/acsjournals.onlinelibrary.wiley.com\/doi\/epdf\/10.3322\/caac.21492\">https:\/\/acsjournals.onlinelibrary.wiley.com\/doi\/epdf\/10.3322\/caac.21492<\/a><\/p>\n<p><a href=\"#_ednref14\" name=\"_edn14\">[14]<\/a> <em>Factsheet Tobacco and Oral Health<\/em>. 2018. World Health Organisation Europe <a href=\"http:\/\/www.euro.who.int\/__data\/assets\/pdf_file\/0005\/369653\/Fact-Sheet-on-Tobacco-and-Oral-Health-2018-%20eng.pdf\">http:\/\/www.euro.who.int\/__data\/assets\/pdf_file\/0005\/369653\/Fact-Sheet-on-Tobacco-and-Oral-Health-2018- eng.pdf<\/a><\/p>\n<p><a href=\"#_ednref15\" name=\"_edn15\">[15]<\/a> OECD\/EU. 2018. Ibid<\/p>\n<p><a href=\"#_ednref16\" name=\"_edn16\">[16]<\/a> OECD\/EU. 2018. Ibid<\/p>\n<p><a href=\"#_ednref17\" name=\"_edn17\">[17]<\/a> OECD\/EU. 2018. Ibid<\/p>\n<p><a href=\"#_ednref18\" name=\"_edn18\">[18]<\/a> \u201cThe Health Consequences of Smoking\u201450 Years of Progress: A Report of the Surgeon General\u201d. 2014. Office of the Surgeon General. HHS. <a href=\"https:\/\/www.ncbi.nlm.nih.gov\/books\/NBK179276\/pdf\/Bookshelf_NBK179276.pdf\">https:\/\/www.ncbi.nlm.nih.gov\/books\/NBK179276\/pdf\/Bookshelf_NBK179276.pdf<\/a><\/p>\n<p><a href=\"#_ednref19\" name=\"_edn19\">[19]<\/a> European Commission, 2017, Special Eurobarometer 458, Attitudes of Europeans towards tobacco and electronic cigarettes, p.4, <a href=\"https:\/\/core.ac.uk\/download\/pdf\/83648277.pdf\">https:\/\/core.ac.uk\/download\/pdf\/83648277.pdf<\/a><\/p>\n<p><a href=\"#_ednref20\" name=\"_edn20\">[20]<\/a> World Health Organisation (WHO), World Health Statistics data visualizations dashboard, Data tables \u2013 Region data, Agestandardized prevalence of current tobacco smoking among persons aged 15 and older, 2016, last updated 2018\/03\/23 <a href=\"https:\/\/apps.who.int\/gho\/data\/view.sdg.3-a-data-reg?lang=en\">https:\/\/apps.who.int\/gho\/data\/view.sdg.3-a-data-reg?lang=en<\/a><\/p>\n<p><a href=\"#_ednref21\" name=\"_edn21\">[21]<\/a> European Commission, 2017, Special Eurobarometer 458, Attitudes of Europeans towards tobacco and electronic cigarettes, p.4, <a href=\"https:\/\/core.ac.uk\/download\/pdf\/83648277.pdf\">https:\/\/core.ac.uk\/download\/pdf\/83648277.pdf<\/a><\/p>\n<p><a href=\"#_ednref22\" name=\"_edn22\">[22]<\/a> Ibid. p.20<\/p>\n<p><a href=\"#_ednref23\" name=\"_edn23\">[23]<\/a> Ibid., p.79<\/p>\n<p><a href=\"#_ednref24\" name=\"_edn24\">[24]<\/a> <em>\u201cHealth effects of second-hand smoke\u201d<\/em>. 2019. Centres for Disease Control and Prevention. <a href=\"https:\/\/www.cdc.gov\/tobacco\/infographics\/secondhand-smoke\/index.htm#smokefree\">https:\/\/www.cdc.gov\/tobacco\/infographics\/secondhand-smoke\/index.htm#smokefree<\/a><\/p>\n<p><a href=\"#_ednref25\" name=\"_edn25\">[25]<\/a> Arguder. E. 2019. \u201cThird-Hand smoke exposure and results\u201d, <em>Eurasian Journal of Pulmonology, Official Publication of the Turkish Respiratory Society<\/em>, 21 (2), pp. 81-86. <a href=\"https:\/\/bit.ly\/35Ne1Ih\">https:\/\/bit.ly\/35Ne1Ih<\/a><\/p>\n<p><a href=\"#_ednref26\" name=\"_edn26\">[26]<\/a> OECD\/EU. 2018. Ibid<\/p>\n<p><a href=\"#_ednref27\" name=\"_edn27\">[27]<\/a> Torre, Lindsey A., Siegel, Rebecca L., Ward, Elizabeth M., Jemal, Ahmedin. 2014. \u201cInternational Variation in Lung Cancer Mortality Rates and Trends among Women\u201d. Cancer Epidemiology, Biomakers &amp; Prevention 23 (6): 1025-1036 <a href=\"https:\/\/cebp.aacrjournals.org\/content\/cebp\/23\/6\/1025.full.pdf\">https:\/\/cebp.aacrjournals.org\/content\/cebp\/23\/6\/1025.full.pdf<\/a><\/p>\n<p><a href=\"#_ednref28\" name=\"_edn28\">[28]<\/a> Kisling LA, M Das J. Prevention Strategies. [Updated 2019 Jan 31]. In: StatPearls [Internet]. Treasure Island (FL): StatPearls Publishing; 2020 Jan-. Available from: <a href=\"https:\/\/www.ncbi.nlm.nih.gov\/books\/NBK537222\/\">https:\/\/www.ncbi.nlm.nih.gov\/books\/NBK537222\/<\/a><\/p>\n<p><a href=\"#_ednref29\" name=\"_edn29\">[29]<\/a> Wallace RB. Primary prevention. In: Breslow L, Cengage G, editors. Encyclopedia of Public Health [online]. 2006. [cited 2010 Mar 30]. Available from URL: <a href=\"http:\/\/www.enotes.com\/public-health-encyclopedia\/primary-prevention\">http:\/\/www.enotes.com\/public-health-encyclopedia\/primary-prevention<\/a><\/p>\n<p><a href=\"#_ednref30\" name=\"_edn30\">[30]<\/a> \u201cPrimary prevention of cancer through mitigation of environmental and occupational determinants\u201d. 2011. World Health Organisation: <a href=\"https:\/\/www.who.int\/phe\/news\/events\/international_conference\/Background_interventions.pdf\">https:\/\/www.who.int\/phe\/news\/events\/international_conference\/Background_interventions.pdf<\/a><\/p>\n<p><a href=\"#_ednref31\" name=\"_edn31\">[31]<\/a> \u201cLung Cancer\u201d. <em>Prevent Cancer Foundation<\/em>. <a href=\"https:\/\/www.preventcancer.org\/education\/preventable-cancers\/lung-cancer\">https:\/\/www.preventcancer.org\/education\/preventable-cancers\/lung-cancer<\/a><\/p>\n<p><a href=\"#_ednref32\" name=\"_edn32\">[32]<\/a> \u201cLung Cancer, Symptoms\u201d. <em>Prevent Cancer Foundation<\/em>. <a href=\"https:\/\/www.preventcancer.org\/education\/preventable-cancers\/lung-cancer\">https:\/\/www.preventcancer.org\/education\/preventable-cancers\/lung-cancer<\/a><\/p>\n<p><a href=\"#_ednref33\" name=\"_edn33\">[33]<\/a> Joseph Menzin, Lisa M Lines &amp; Jeno Marton (2009) Estimating the short-term clinical and economic benefits of smoking cessation: do we have it right?, Expert Review of Pharmacoeconomics &amp; Outcomes Research, 9:3, 257-264, DOI: <a href=\"https:\/\/www.tandfonline.com\/doi\/full\/10.1586\/erp.09.28\">10.1586\/erp.09.28<\/a><\/p>\n<p><a href=\"#_ednref34\" name=\"_edn34\">[34]<\/a> Tackling the tobacco epidemic in the Nordic countries and lower cancer incidence by 1\/5 in a 30-year period\u2014The effect of envisaged scenarios changing smoking prevalence Andersson, Therese M.-L. et al., European Journal of Cancer, March 2018. DOI: <a href=\"https:\/\/doi.org\/10.1016\/j.ejca.2018.02.031\">https:\/\/doi.org\/10.1016\/j.ejca.2018.02.031<\/a><\/p>\n<p><a href=\"#_ednref35\" name=\"_edn35\">[35]<\/a> European Tobacco Use Trends Report 2019. 2019. World Health Organisation Regional Office for Europe <a href=\"http:\/\/www.euro.who.int\/__data\/assets\/pdf_file\/0009\/402777\/Tobacco-Trends-Report-ENG-WEB.pdf?ua=1\">http:\/\/www.euro.who.int\/__data\/assets\/pdf_file\/0009\/402777\/Tobacco-Trends-Report-ENG-WEB.pdf?ua=1<\/a><\/p>\n<p><a href=\"#_ednref36\" name=\"_edn36\">[36]<\/a> European Tobacco Use Trends Report 2019. 2019. Ibid<\/p>\n<p><a href=\"#_ednref37\" name=\"_edn37\">[37]<\/a> European Commission, 2017, Special Eurobarometer 458, Attitudes of Europeans towards tobacco and electronic cigarettes, p.9, <a href=\"https:\/\/core.ac.uk\/download\/pdf\/83648277.pdf\">https:\/\/core.ac.uk\/download\/pdf\/83648277.pdf<\/a><\/p>\n<p><a href=\"#_ednref38\" name=\"_edn38\">[38]<\/a> European Tobacco use Trends Report 2019. 2019. Ibid<\/p>\n<p><a href=\"#_ednref39\" name=\"_edn39\">[39]<\/a> Unfair Tobacco, Women need tobacco control, <a href=\"https:\/\/unfairtobacco.org\/en\/women-need-tobacco-control\/\">https:\/\/unfairtobacco.org\/en\/women-need-tobacco-control\/<\/a><\/p>\n<p><a href=\"#_ednref40\" name=\"_edn40\">[40]<\/a> Tan. S.L. A. 2019. \u201cInequities in tobacco advertising exposure among young adult sexual, racial and ethnic minorities: examining intersectionality of sexual orientation with race and ethnicity\u201d. <em>Tobacco Control, BMJ Journals<\/em>. <a href=\"https:\/\/tobaccocontrol.bmj.com\/content\/early\/2019\/12\/09\/tobaccocontrol-2019-055313\">https:\/\/tobaccocontrol.bmj.com\/content\/early\/2019\/12\/09\/tobaccocontrol-2019-055313<\/a><\/p>\n<p><a href=\"#_ednref41\" name=\"_edn41\">[41]<\/a> European Commission, A study on liability and the health costs of smoking, DG SANCO (2008\/C6\/046), December 2009, <a href=\"https:\/\/ec.europa.eu\/health\/sites\/health\/files\/tobacco\/docs\/tobacco_liability_en.pdf\">https:\/\/ec.europa.eu\/health\/sites\/health\/files\/tobacco\/docs\/tobacco_liability_en.pdf<\/a><\/p>\n<p><a href=\"#_ednref42\" name=\"_edn42\">[42]<\/a> OECD\/EU. 2018. Health at a Glance: Europe 2018: State of Health in the EU Cycle, OECD Publishing, Paris. <a href=\"https:\/\/doi.org\/10.1787\/health_glance_eur-2018-en\">https:\/\/doi.org\/10.1787\/health_glance_eur-2018-en<\/a><\/p>\n<p><a href=\"#_ednref43\" name=\"_edn43\">[43]<\/a> OECD. 2018. Ibid<\/p>\n<p><a href=\"#_ednref44\" name=\"_edn44\">[44]<\/a> OECD\/EU. 2018. p.112<\/p>\n<p><a href=\"#_ednref45\" name=\"_edn45\">[45]<\/a> 2018 Global Progress Report on Implementation of the WHO Framework Convention on Tobacco Control. 2018. WHO Framework Convention on Tobacco Control: <a href=\"https:\/\/www.who.int\/fctc\/reporting\/WHO-FCTC-2018_global_progress_report.pdf\">https:\/\/www.who.int\/fctc\/reporting\/WHO-FCTC-2018_global_progress_report.pdf<\/a><\/p>\n<p><a href=\"#_ednref46\" name=\"_edn46\">[46]<\/a> \u201c<em>WHO Global Report On Trends In Prevalence Of Tobacco Smoking 2000-2025<\/em> \u2013 Third Edition\u201d. 2019. World Health Organization. <a href=\"https:\/\/www.who.int\/publications-detail\/who-global-report-on-trends-in-prevalence-of-tobacco-use-2000-%202025-third-edition\">https:\/\/www.who.int\/publications-detail\/who-global-report-on-trends-in-prevalence-of-tobacco-use-2000- 2025-third-edition<\/a><\/p>\n<p><a href=\"#_ednref47\" name=\"_edn47\">[47]<\/a> \u201c<em>WHO Global Report On Trends In Prevalence Of Tobacco Smoking 2000-2025<\/em> \u2013 Third Edition\u201d. 2019. Ibid.<\/p>\n<p><a href=\"#_ednref48\" name=\"_edn48\">[48]<\/a> The calculations are developed through a dynamic model by the Economic and Health Policy Research team at the American Cancer Society with a global coalition of cancer groups, called <a href=\"https:\/\/wecanprevent20.org\/\">Prevent20<\/a>. Please note that the calculations are based on the first edition of the World Health Organisation Global Report on Trends in Tobacco Smoking 2000-2025. For more information, please refer to the Smoke Free Partnership Tobacco Tax for a Healthier Europe (SFP Position Paper on the Revision of the Tobacco Tax Directive (TTD), available <a href=\"https:\/\/www.smokefreepartnership.eu\/our-policy-work\/position-papers-briefings-reports\/updated-sfp-position-paper-on-tobacco-taxation\">here<\/a>.<\/p>\n<p><a href=\"#_ednref49\" name=\"_edn49\">[49]<\/a> World Health Organisation Framework Convention on Tobacco Control (FCTC), <a href=\"https:\/\/www.who.int\/fctc\/text_download\/en\/\">https:\/\/www.who.int\/fctc\/text_download\/en\/<\/a><\/p>\n<p><a href=\"#_ednref50\" name=\"_edn50\">[50]<\/a> \u201cArticle 20: Research, surveillance and exchange of information\u201d. 2018. <em>WHO Framework Convention on Tobacco Control<\/em>. <a href=\"https:\/\/apps.who.int\/iris\/bitstream\/handle\/10665\/42811\/9241591013.pdf?sequence=1\">https:\/\/apps.who.int\/iris\/bitstream\/handle\/10665\/42811\/9241591013.pdf?sequence=1<\/a><\/p>\n<p><a href=\"#_ednref51\" name=\"_edn51\">[51]<\/a> \u201cArticle 22: Cooperation in the scientific, technical and legal fields and provision of related expertise\u201d. 2018. <em>WHO Framework Convention on Tobacco Control<\/em>. <a href=\"https:\/\/apps.who.int\/iris\/bitstream\/handle\/10665\/42811\/9241591013.pdf?sequence=1\">https:\/\/apps.who.int\/iris\/bitstream\/handle\/10665\/42811\/9241591013.pdf?sequence=1<\/a><\/p>\n<p><a href=\"#_ednref52\" name=\"_edn52\">[52]<\/a> Mission area: Cancer. Horizon Europe \u2013 the next research and innovation framework programme (2021-2027). 2019. European Commission <a href=\"https:\/\/bit.ly\/2szJfnq\">https:\/\/bit.ly\/2szJfnq<\/a><\/p>\n<p><a href=\"#_ednref53\" name=\"_edn53\">[53]<\/a> Mission area: cancer. 2019. European Commission. <a href=\"https:\/\/ec.europa.eu\/info\/horizon-europe-next-research-and-innovation-framework-programme\/mission-area-cancer_en\">https:\/\/ec.europa.eu\/info\/horizon-europe-next-research-and-innovation-framework-programme\/mission-area-cancer_en<\/a><\/p>\n<p><a href=\"#_ednref54\" name=\"_edn54\">[54]<\/a> \u201cPosition Paper on Tobacco Control Research\u201d. 2018. Smoke Free Partnership. <a href=\"https:\/\/smokefreepartnership.eu\/news\/sfp-position-paper-tobacco-control-research\">https:\/\/smokefreepartnership.eu\/news\/sfp-position-paper-tobacco-control-research<\/a><\/p>\n<h3><span style=\"color: #999999;\"><strong><a style=\"color: #999999;\" href=\"http:\/\/www.cnct.fr\/\" target=\"_blank\" rel=\"noopener noreferrer\">Comit\u00e9 National Contre le Tabagisme |<\/a><\/strong><\/span><\/h3>\n","protected":false},"excerpt":{"rendered":"<p>Traduction du document d\u2019information de Smoke Free Partnership La Coalition Smokefree Partnership (SFP) est un r\u00e9seau compos\u00e9 d&rsquo;organisations europ\u00e9ennes et nationales ind\u00e9pendantes de d\u00e9fense des droits dot\u00e9es d&rsquo;une expertise technique en mati\u00e8re de politique de lutte antitabac. Les partenaires de la coalition travaillent ensemble pour promouvoir et soutenir la pr\u00e9vention du tabagisme en d\u00e9veloppant un [&hellip;]<\/p>\n","protected":false},"author":7,"featured_media":18821,"menu_order":0,"template":"","meta":{"_acf_changed":false,"_seopress_robots_primary_cat":"","_seopress_titles_title":"Le contr\u00f4le du tabac dans la pr\u00e9vention contre le cancer","_seopress_titles_desc":"Le tabac est le plus gros facteur de risque pour le cancer et les maladies non-transmissibles (MNT), mais aussi le plus \u00e9vitable.","_seopress_robots_index":"","footnotes":""},"categorie-fiches":[],"class_list":["post-18820","fiche","type-fiche","status-publish","has-post-thumbnail","hentry"],"acf":[],"_links":{"self":[{"href":"https:\/\/www.generationsanstabac.org\/en\/wp-json\/wp\/v2\/fiche\/18820","targetHints":{"allow":["GET"]}}],"collection":[{"href":"https:\/\/www.generationsanstabac.org\/en\/wp-json\/wp\/v2\/fiche"}],"about":[{"href":"https:\/\/www.generationsanstabac.org\/en\/wp-json\/wp\/v2\/types\/fiche"}],"author":[{"embeddable":true,"href":"https:\/\/www.generationsanstabac.org\/en\/wp-json\/wp\/v2\/users\/7"}],"version-history":[{"count":0,"href":"https:\/\/www.generationsanstabac.org\/en\/wp-json\/wp\/v2\/fiche\/18820\/revisions"}],"wp:featuredmedia":[{"embeddable":true,"href":"https:\/\/www.generationsanstabac.org\/en\/wp-json\/wp\/v2\/media\/18821"}],"wp:attachment":[{"href":"https:\/\/www.generationsanstabac.org\/en\/wp-json\/wp\/v2\/media?parent=18820"}],"wp:term":[{"taxonomy":"categorie-fiches","embeddable":true,"href":"https:\/\/www.generationsanstabac.org\/en\/wp-json\/wp\/v2\/categorie-fiches?post=18820"}],"curies":[{"name":"wp","href":"https:\/\/api.w.org\/{rel}","templated":true}]}}