{"id":19313,"date":"2020-07-09T13:01:13","date_gmt":"2020-07-09T11:01:13","guid":{"rendered":"https:\/\/www.generationsanstabac.org\/decryptages\/quand-pmi-soffre-une-tribune-quotidien-francais-jeanne-polles\/"},"modified":"2024-08-06T19:51:36","modified_gmt":"2024-08-06T17:51:36","slug":"quand-pmi-soffre-une-tribune-quotidien-francais-jeanne-polles","status":"publish","type":"decryptages","link":"https:\/\/www.generationsanstabac.org\/en\/decryptages\/quand-pmi-soffre-une-tribune-quotidien-francais-jeanne-polles\/","title":{"rendered":"When PMI gets a platform in a French daily"},"content":{"rendered":"<p style=\"text-align: justify;\">Dans une tribune publi\u00e9e dans l\u2019Opinion, Jeanne Poll\u00e8s, pr\u00e9sidente de Philip Morris France, fait la promotion des nouveaux produits du tabac, et appelle les pouvoirs publics \u00e0 mobiliser le monde de l\u2019entreprise, et notamment les cigarettiers, pour amorcer un \u00ab <em>virage strat\u00e9gique<\/em> \u00bb, \u00e0 la hauteur des d\u00e9fis soci\u00e9taux, \u00e9conomiques, sanitaires, ou climatiques actuels<a href=\"#_ftn1\" name=\"_ftnref1\">[1]<\/a>. Il est int\u00e9ressant de reprendre un \u00e0 un les arguments d\u00e9ploy\u00e9s par Jeanne Poll\u00e8s, offrant un grand nombre de contre-v\u00e9rit\u00e9s, afin de les d\u00e9crypter.<\/p>\n<p style=\"text-align: justify;\"><span style=\"color: #993366;\"><strong><em>\u00ab La crise Covid a montr\u00e9 que l\u2019entreprise pouvait concourir au bien commun \u00bb<\/em><\/strong><\/span><\/p>\n<p style=\"text-align: justify;\">L\u2019industrie du tabac, et en particulier Philip Morris International (PMI), a \u00e9t\u00e9 point\u00e9e du doigt pour avoir profit\u00e9 de la pand\u00e9mie mondiale pour se mettre en sc\u00e8ne lors <a href=\"https:\/\/www.generationsanstabac.org\/actualites\/quand-philip-morris-profite-de-la-pandemie-du-covid-19\/\">d\u2019op\u00e9rations marketing et de valorisation d\u2019image<\/a>. Ainsi, en avril 2019, l\u2019entreprise Apastratos, d\u00e9tenue \u00e0 hauteur de 40% par PMI, a, par exemple, offert 50 ventilateurs aux h\u00f4pitaux grecs. Cette op\u00e9ration est d\u2019autant plus contestable quand l\u2019on sait que <a href=\"https:\/\/www.generationsanstabac.org\/actualites\/smoke-free-partnership-tabagisme-et-covid-19-ce-quil-faut-retenir\/\">le tabagisme augmente les risques de d\u00e9velopper des complications<\/a> suite \u00e0 une infection au virus, ou que les cigarettiers se sont oppos\u00e9s \u00e0 plusieurs mesures de sant\u00e9 publique \u00e0 travers le monde pour enrayer la progression du Coronavirus. <a href=\"https:\/\/www.generationsanstabac.org\/actualites\/en-afrique-du-sud-les-cigarettiers-sopposent-aux-mesures-du-covid-19\/\">En Afrique du Sud<\/a>, ces derniers ont notamment engag\u00e9 des proc\u00e9dures judiciaires contre le gouvernement, qui avait interdit exceptionnellement la vente de produits du tabac pendant la p\u00e9riode de confinement, car jug\u00e9s non essentiels et pouvant aggraver l\u2019\u00e9pid\u00e9mie.<\/p>\n<p style=\"text-align: justify;\"><span style=\"color: #993366;\"><strong><em>\u00ab Un industriel du tabac peut-il pr\u00e9tendre lui aussi \u00e0 am\u00e9liorer le monde tel qu\u2019il est, et non tel que l\u2019on aimerait qu\u2019il soit, sans comportements \u00e0 risques ? C\u2019est le choix que nous avons fait ! \u00bb<\/em><\/strong><\/span><\/p>\n<p style=\"text-align: justify;\">Ce verbatim r\u00e9sume un argument classique de l\u2019industrie du tabac. D\u2019abord, Jeanne Poll\u00e8s propulse l\u2019industrie du tabac au rang d\u2019acteur social responsable et engag\u00e9. En sous-texte, la pr\u00e9sidente de PMI France oppose les cigarettiers, repr\u00e9sentants d\u2019une vision pragmatique (\u00ab <em>un monde tel qu\u2019il est <\/em>\u00bb), au monde de la sant\u00e9 publique et de la lutte anti-tabac, hors-sol, limit\u00e9 \u00e0 une vision biais\u00e9e et dogmatique (\u00ab <em>un monde tel qu\u2019on voudrait qu\u2019il soit<\/em> \u00bb. Ce proc\u00e9d\u00e9 rh\u00e9torique vise ici \u00e0 d\u00e9cr\u00e9dibiliser et disqualifier l\u2019expertise et la l\u00e9gitimit\u00e9 des acteurs de sant\u00e9 publique comme des mesures antitabac, par d\u00e9finition inconciliables avec les int\u00e9r\u00eats \u00e9conomiques de cette industrie.<\/p>\n<p style=\"text-align: justify;\"><span style=\"color: #993366;\"><strong><em>\u00ab Nous avons aussi fait le choix d\u2019une transformation globale [\u2026] face aux nouvelles attentes soci\u00e9tales et aux d\u00e9fis sanitaires, climatiques et \u00e9conomiques<\/em> <em>\u00bb<\/em><\/strong><\/span><\/p>\n<p style=\"text-align: justify;\">On voit ici que l\u2019industrie du tabac a compris que les diff\u00e9rents enjeux mondiaux actuels constituaient un v\u00e9ritable levier de communication, utile \u00e0 redorer une image ternie pendant des d\u00e9cennies par une succession de scandales, sanitaires ou non. En r\u00e9alit\u00e9, le bilan des cigarettiers est catastrophique \u00e0 tous ces niveaux.<\/p>\n<ul style=\"text-align: justify;\">\n<li>Sur la question soci\u00e9tale, l\u2019industrie du tabac s\u2019est caract\u00e9ris\u00e9e par un ciblage marketing extr\u00eamement agressif \u00e0 l\u2019\u00e9gard des jeunes, des femmes, des afro-am\u00e9ricains, de la communaut\u00e9 LGBT, et des minorit\u00e9s en g\u00e9n\u00e9ral.<\/li>\n<li>Sur la question sanitaire, il est utile de rappeler que le tabagisme est la cause directe de plus de huit millions de morts par an, tandis que l\u2019industrie du tabac s\u2019oppose syst\u00e9matiquement \u00e0 toute politique de sant\u00e9 publique permettant de r\u00e9duire le nombre de victimes.<\/li>\n<li>Sur le plan climatique, l\u2019industrie fait \u00e9galement p\u00e2le figure : le total des \u00e9missions de gaz \u00e0 effet de serre des cigarettiers est \u00e9quivalent \u00e0 celui d\u2019un pays comme Isra\u00ebl<a href=\"#_ftn2\" name=\"_ftnref2\">[2]<\/a> et cela sans m\u00eame \u00e9voquer tous les autres m\u00e9faits pour <a href=\"https:\/\/youtu.be\/Iz1pIXCnPH0\">l\u2019environnement<\/a> li\u00e9s aux produits du tabac.<\/li>\n<li>Sur le plan \u00e9conomique, l\u2019industrie du tabac est non seulement un obstacle au d\u00e9veloppement dans un grand nombre de pays \u00e0 faible et moyens niveaux de revenus, mais il est \u00e9galement le facteur direct d\u2019un <a href=\"https:\/\/www.generationsanstabac.org\/article\/le-tabac-comme-obstacle-au-developpement-le-cas-du-malawi\/\">appauvrissement structurel et multi-g\u00e9n\u00e9rationnel<\/a> au sein de nombreuses r\u00e9gions du monde et de populations. Selon Tobacco Control, les seules d\u00e9penses sanitaires li\u00e9es au tabagisme dans le monde repr\u00e9sentent 422 milliards de dollars par an<a href=\"#_ftn3\" name=\"_ftnref3\">[3]<\/a>. C\u2019est davantage que le PIB d\u2019un pays comme l\u2019Autriche.<\/li>\n<\/ul>\n<p style=\"text-align: justify;\"><span style=\"color: #993366;\"><strong><em>\u00ab Chez PMI, nous travaillons avec les cultivateurs de tabac pour construire un nouveau mod\u00e8le p\u00e9renne respectueux des \u00e9quilibres locaux \u00bb<\/em><\/strong><\/span><\/p>\n<p style=\"text-align: justify;\">Depuis plusieurs d\u00e9cennies, l\u2019industrie du tabac a fait basculer l\u2019essentiel de la production de son tabac dans les pays \u00e0 faibles et moyens niveaux de revenus (90%). Elle est directement responsable de la destruction et de la pollution des sols et des nappes phr\u00e9atiques par une utilisation intensive de pesticides particuli\u00e8rement dangereux, d\u2019un appauvrissement g\u00e9n\u00e9ral de la biodiversit\u00e9 (5% de la d\u00e9forestation mondiale), conduisant \u00e0 une ins\u00e9curit\u00e9 climatique et alimentaire dans certains pays, \u00e0 l\u2019instar du Malawi.<\/p>\n<p style=\"text-align: justify;\"><span style=\"color: #993366;\"><strong><em>\u00ab Nous faisons d\u00e9sormais partie de la solution face au probl\u00e8me de sant\u00e9 publique que repr\u00e9sente le tabagisme \u00bb<\/em><\/strong><\/span><\/p>\n<p style=\"text-align: justify;\">Au-del\u00e0 de l\u2019int\u00e9r\u00eat commercial que rev\u00eatent les nouveaux produits du tabac, ces derniers sont un moyen de court-circuiter et rendre caduques les politiques \u00e9prouv\u00e9es de pr\u00e9vention et de lutte antitabac. En pr\u00e9sentant leurs innovations comme la solution au probl\u00e8me sanitaire du tabagisme, les cigarettiers cherchent \u00e0 se faire passer pour des acteurs responsables, indispensables et l\u00e9gitimes pour revenir \u00e0 la table des discussions. En d\u2019autres termes, les cigarettiers cherchent aujourd\u2019hui \u00e0 se faire valoir comme la solution \u00e0 une \u00e9pid\u00e9mie industrielle qu\u2019ils r\u00e9pandent eux-m\u00eames depuis plus d\u2019un si\u00e8cle. Cette strat\u00e9gie n\u2019est par ailleurs pas nouvelle : elle est une constante du positionnement de l\u2019industrie du tabac de revenir avec des \u00ab nouveaux produits \u00bb pr\u00e9sent\u00e9s comme moins dangereux et qui seraient une solution aux probl\u00e8mes qu\u2019ils induisent eux-m\u00eames. C\u2019est notamment l\u2019exemple des filtres, propos\u00e9s par les cigarettiers comme une solution moins nocive, alors que ces premiers ne trouvent aucune justification sanitaire. Au contraire, le filtre permet au consommateur de prendre des bouff\u00e9es plus profondes et plus prolong\u00e9es, accroissant les risques pour la sant\u00e9 et le niveau de d\u00e9pendance pour le fumeur.<\/p>\n<p style=\"text-align: justify;\">Cette posture pose d\u2019autant plus probl\u00e8me que, selon l\u2019OMS, rien n\u2019indique que le tabac chauff\u00e9 soit moins nocif que les cigarettes traditionnelles. Par ailleurs, comme le souligne la European Respiratory Society, des sources internes de l\u2019industrie du tabac ont d\u00e9nonc\u00e9 l\u2019existence d\u2019irr\u00e9gularit\u00e9s lors des exp\u00e9riences cliniques men\u00e9es par l\u2019industrie sur le tabac chauff\u00e9<a href=\"#_ftn4\" name=\"_ftnref4\">[4]<\/a>. Ainsi, une \u00e9tude ind\u00e9pendante a r\u00e9v\u00e9l\u00e9 que dans l\u2019IQOS, le dispositif de tabac chauff\u00e9 de PMI, le nombre de compos\u00e9s toxiques r\u00e9el \u00e9tait <a href=\"https:\/\/www.generationsanstabac.org\/actualites\/iqos-nocivite-tabac-chauffe-sous-estimee-philip-morris\/\">entre six et sept fois sup\u00e9rieurs<\/a> \u00e0 ce que la compagnie indiquait.<\/p>\n<p style=\"text-align: justify;\">Enfin, les niveaux de nicotine et de goudrons dans le tabac chauff\u00e9 s\u2019av\u00e8rent quasi identiques \u00e0 ceux observ\u00e9s dans une cigarette classique<a href=\"#_ftn5\" name=\"_ftnref5\">[5]<\/a>.<\/p>\n<p style=\"text-align: justify;\"><strong>La Convention-Cadre de l\u2019OMS pour la Lutte Antitabac pr\u00e9voit un dispositif pour exclure les cigarettiers dans l\u2019\u00e9laboration et la mise en \u0153uvre de politiques publiques de contr\u00f4le du tabac.  Toute la tribune de Jeanne Poll\u00e8s se concentre sur ce point : en se faisant passer pour un acteur responsable et indispensable sur les questions sanitaires \u00e0 travers la promotion des nouveaux produits, l\u2019industrie du tabac vise \u00e0 devenir un partenaire l\u00e9gitime, court-circuitant de fait les politiques publiques antitabac, incompatibles avec ses int\u00e9r\u00eats. Au-del\u00e0 d\u2019une simple autopromotion, la tribune de Jeanne Poll\u00e8s est un v\u00e9ritable plaidoyer visant \u00e0 red\u00e9finir le cadre r\u00e9glementaire sur les produits du tabac. On peut par ailleurs voir dans cette intervention une strat\u00e9gie de contournement de la loi, interdisant toute forme de publicit\u00e9 directe ou indirecte en faveur des produits du tabac.<\/strong><\/p>\n<p><span style=\"color: #800080;\"><a style=\"color: #800080;\" href=\"https:\/\/www.generationsanstabac.org\/\">\u00a9G\u00e9n\u00e9ration Sans Tabac<\/a><\/span><\/p>\n<hr \/>\n<p><a href=\"#_ftnref1\" name=\"_ftn1\">[1]<\/a> Jeanne Poll\u00e8s, l\u2019Opinion, \u00ab \u00abFace aux nouveaux enjeux mondiaux, transformons-nous vraiment !\u00bb. La tribune de Jeanne Poll\u00e8s (Philip Morris France) \u00bb, 3 juillet 2020<\/p>\n<p><a href=\"https:\/\/www.lopinion.fr\/edition\/economie\/face-aux-nouveaux-enjeux-mondiaux-transformons-nous-vraiment-tribune-219495\">https:\/\/www.lopinion.fr\/edition\/economie\/face-aux-nouveaux-enjeux-mondiaux-transformons-nous-vraiment-tribune-219495<\/a><\/p>\n<p><a href=\"#_ftnref2\" name=\"_ftn2\">[2]<\/a> France Inter, \u00ab Cigarettes et pollution \u00bb, 9 octobre 2018<\/p>\n<p><a href=\"https:\/\/www.franceinter.fr\/emissions\/l-edito-carre\/l-edito-carre-09-octobre-2018\">https:\/\/www.franceinter.fr\/emissions\/l-edito-carre\/l-edito-carre-09-octobre-2018<\/a><\/p>\n<p><a href=\"#_ftnref3\" name=\"_ftn3\">[3]<\/a> Tobacco Control, \u00ab Global economic cost of smoking-attributable diseases \u00bb<\/p>\n<p><a href=\"https:\/\/tobaccocontrol.bmj.com\/content\/27\/1\/58.short?g=w_tobaccocontrol_ahead_tab\">https:\/\/tobaccocontrol.bmj.com\/content\/27\/1\/58.short?g=w_tobaccocontrol_ahead_tab<\/a><\/p>\n<p><a href=\"#_ftnref4\" name=\"_ftn4\">[4]<\/a> [4] European Respiratory Society, \u00ab ERS Position Paper on Heated Tobacco Products \u00bb.<\/p>\n<p><a href=\"https:\/\/www.ersnet.org\/the-society\/news\/ers-position-paper-on-heated-tobacco-products\">https:\/\/www.ersnet.org\/the-society\/news\/ers-position-paper-on-heated-tobacco-products<\/a><\/p>\n<p><span style=\"color: #999999;\"><strong><a style=\"color: #999999;\" href=\"http:\/\/www.cnct.fr\/\" target=\"_blank\" rel=\"noopener noreferrer\">\u00a9Comit\u00e9 National Contre le Tabagisme |<\/a><\/strong><\/span><\/p>\n<p><a href=\"#_ftnref5\" name=\"_ftn5\"><\/a><\/p>\n","protected":false},"excerpt":{"rendered":"<p>Dans une tribune publi\u00e9e dans l\u2019Opinion, Jeanne Poll\u00e8s, pr\u00e9sidente de Philip Morris France, fait la promotion des nouveaux produits du tabac, et appelle les pouvoirs publics \u00e0 mobiliser le monde de l\u2019entreprise, et notamment les cigarettiers, pour amorcer un \u00ab virage strat\u00e9gique \u00bb, \u00e0 la hauteur des d\u00e9fis soci\u00e9taux, \u00e9conomiques, sanitaires, ou climatiques actuels[1]. Il [&hellip;]<\/p>\n","protected":false},"author":5,"featured_media":11128,"parent":0,"menu_order":0,"template":"","format":"standard","meta":{"_acf_changed":false,"_seopress_robots_primary_cat":"","_seopress_titles_title":"Quand Jeanne Poll\u00e8s (PMI) s\u2019offre une tribune dans un quotidien fran\u00e7ais","_seopress_titles_desc":"Dans une tribune publi\u00e9e dans l\u2019Opinion, Jeanne Poll\u00e8s, pr\u00e9sidente de Philip Morris France, fait la promotion des nouveaux produits du tabac,","_seopress_robots_index":"","footnotes":""},"categorie-decryptage":[463],"class_list":["post-19313","decryptages","type-decryptages","status-publish","format-standard","has-post-thumbnail","hentry","categorie-decryptage-lobby"],"acf":[],"_links":{"self":[{"href":"https:\/\/www.generationsanstabac.org\/en\/wp-json\/wp\/v2\/decryptages\/19313","targetHints":{"allow":["GET"]}}],"collection":[{"href":"https:\/\/www.generationsanstabac.org\/en\/wp-json\/wp\/v2\/decryptages"}],"about":[{"href":"https:\/\/www.generationsanstabac.org\/en\/wp-json\/wp\/v2\/types\/decryptages"}],"author":[{"embeddable":true,"href":"https:\/\/www.generationsanstabac.org\/en\/wp-json\/wp\/v2\/users\/5"}],"version-history":[{"count":0,"href":"https:\/\/www.generationsanstabac.org\/en\/wp-json\/wp\/v2\/decryptages\/19313\/revisions"}],"wp:featuredmedia":[{"embeddable":true,"href":"https:\/\/www.generationsanstabac.org\/en\/wp-json\/wp\/v2\/media\/11128"}],"wp:attachment":[{"href":"https:\/\/www.generationsanstabac.org\/en\/wp-json\/wp\/v2\/media?parent=19313"}],"wp:term":[{"taxonomy":"categorie-decryptage","embeddable":true,"href":"https:\/\/www.generationsanstabac.org\/en\/wp-json\/wp\/v2\/categorie-decryptage?post=19313"}],"curies":[{"name":"wp","href":"https:\/\/api.w.org\/{rel}","templated":true}]}}