{"id":19309,"date":"2020-02-27T14:53:49","date_gmt":"2020-02-27T13:53:49","guid":{"rendered":"https:\/\/www.generationsanstabac.org\/decryptages\/institut-economique-molinari-service-industrie-tabac\/"},"modified":"2024-08-06T19:45:06","modified_gmt":"2024-08-06T17:45:06","slug":"institut-economique-molinari-service-industrie-tabac","status":"publish","type":"decryptages","link":"https:\/\/www.generationsanstabac.org\/en\/decryptages\/institut-economique-molinari-service-industrie-tabac\/","title":{"rendered":"Molinari Economic Institute at the service of the tobacco industry"},"content":{"rendered":"<h2>SOMMAIRE<\/h2>\n<ul>\n<li><span style=\"color: #993366;\">UN MAUVAIS \u00c9L\u00c8VE AU CLASSEMENT DES THINK TANKS FRAN\u00c7AIS<\/span><\/li>\n<li><span style=\"color: #993366;\">L\u2019INSTITUT MOLINARI, PRODUCTEUR DE DOUTE<\/span><\/li>\n<li><span style=\"color: #993366;\">L\u2019AGNOTOLOGIE AU SERVICE DE LA CONTROVERSE<\/span><\/li>\n<li><span style=\"color: #993366;\">LE R\u00c9EL N\u2019A PAS EU LIEU : DISQUALIFIER LES FAITS, DISCR\u00c9DITER LES SCIENTIFIQUES<\/span><\/li>\n<li class=\"Heading1\"><span style=\"color: #993366;\">D\u00c9COURAGER LE L\u00c9GISLATEUR<\/span><\/li>\n<li class=\"Heading1\" style=\"text-align: left;\"><span style=\"color: #993366;\">MOLINARI ET LE TABAC<\/span><\/li>\n<li class=\"Heading1\"><span style=\"color: #993366;\">DES EXPERTS SOUS INFLUENCE<\/span><\/li>\n<li class=\"Heading1\"><span style=\"color: #993366;\">L\u2019INDUSTRIE MOLINARI, CACHE-SEXE DE L\u2019INDUSTRIE DU TABAC<\/span><\/li>\n<li class=\"Heading1\"><span style=\"color: #993366;\">LES FUMEURS, VACHES A LAIT DE L\u2019ETAT : QUE DIT L\u2019ETUDE ?<\/span><\/li>\n<\/ul>\n<p>&nbsp;<\/p>\n<p>Fin octobre 2019, l\u2019Institut <span style=\"color: #800080;\">Economique<\/span> Molinari (IEM), un think tank  d\u2019ob\u00e9dience ultralib\u00e9rale, publiait une \u00e9tude intitul\u00e9e : \u00ab <em>La fiscalit\u00e9 sur les carburants et les cigarettes, comment l\u2019automobiliste et le fumeur ont \u00e9t\u00e9 transform\u00e9s en vaches \u00e0 lait avec 60 milliards de taxes<\/em> \u00bb. Cette <a href=\"https:\/\/www.institutmolinari.org\/2019\/10\/29\/la-fiscalite-sur-les-carburants-et-les-cigarettes-comment-lautomobiliste-et-le-fumeur-ont-ete-transformes-en-vaches-a-lait-avec-60-milliards-de-taxes\/\" target=\"_blank\" rel=\"noopener noreferrer\">\u00e9tude<\/a> d\u00e9taille la structuration des taxes relatives \u00e0 ces deux produits, et l\u2019essentiel de son propos se concentre en un point : d\u00e9noncer la surench\u00e8re fiscale.<\/p>\n<p>Le document s\u2019articule autour d\u2019un argument central, consistant \u00e0 dire que les hausses de prix sur le tabac sont sans effet sur le niveau de consommation. Partant de ce principe, les augmentations tarifaires ne peuvent \u00eatre motiv\u00e9es que par des raisons budg\u00e9taires, et non de sant\u00e9 publique. Ainsi, les fumeurs seraient des victimes d\u00e9sign\u00e9es des politiques de sant\u00e9 publique, \u00e0 commencer par les plus pauvres, et la vache \u00e0 lait de l\u2019Etat.<\/p>\n<p>Or, le postulat de l\u2019\u00e9tude est invalid\u00e9 par les faits : une augmentation de 10% des prix sur le tabac entra\u00eene m\u00e9caniquement une baisse moyenne de 2,5% \u00e0 4% de la consommation. Mieux, les cat\u00e9gories populaires sont les premi\u00e8res \u00e0 arr\u00eater de fumer \u00e0 la suite des hausses de prix, tandis que les jeunes sont moins susceptibles de commencer \u00e0 fumer.<\/p>\n<p>Mais il est surtout \u00e9difiant de s\u2019int\u00e9resser au contexte dans lequel cette \u00e9tude a \u00e9t\u00e9 produite. Celle-ci a \u00e9t\u00e9 publi\u00e9e quelques jours seulement avant l\u2019augmentation du prix du paquet en France. Par ailleurs, la Grande-Bretagne a historiquement \u00e9t\u00e9 \u00e0 l\u2019avant-garde de la lutte anti-tabac en Europe. Avec le Brexit, la France est en passe de devenir le nouveau moteur europ\u00e9en sur ces sujets. L\u2019auteur de la plupart des productions de l\u2019IEM sur la question du tabac est un certain Valentin Petkantchin. Ce dernier est \u00e9galement l\u2019auteur d\u2019un certain nombre de notes de synth\u00e8se pour Philip Morris International lors de la consultation norv\u00e9gienne et anglaise sur le paquet neutre.<\/p>\n<p>L\u2019Institut Molinari publie ainsi cette \u00e9tude dans le but pr\u00e9cis de d\u00e9cr\u00e9dibiliser les politiques publiques fran\u00e7aises sur le tabac, et d\u00e9l\u00e9gitimer l\u2019argument de la hausse des taxes  sur ces produits. Le contexte n\u2019est pas anodin avec l\u2019arriv\u00e9e d\u2019une nouvelle Commission europ\u00e9enne et la possibilit\u00e9 d\u2019harmoniser vers le haut les fiscalit\u00e9s des produits du tabac des Etats membres afin de r\u00e9duire la consommation de tabac.<\/p>\n<p>L\u2019Institut Economique Molinari (IEM) est un think tank fond\u00e9 en 2003, et pr\u00e9sent \u00e0 Paris, Bruxelles et Montr\u00e9al. Cr\u00e9\u00e9 par C\u00e9cile Philippe, docteur en \u00e9conomie, l\u2019IEM, ouvertement lib\u00e9ral, se pr\u00e9sente comme un \u00ab <em>organisme de recherche et d\u2019\u00e9ducation<\/em><sup>1<\/sup> \u00bb, visant \u00e0 privil\u00e9gier l\u2019approche \u00e9conomique dans l\u2019analyse des politiques publiques. De mani\u00e8re constante, ce think tank se positionne en faveur du monde de l\u2019entreprise, d\u2019un all\u00e8gement fiscal, et d\u2019un r\u00f4le amoindri de l\u2019Etat.<\/p>\n<p>Nicolas Marques, directeur g\u00e9n\u00e9ral de l\u2019Institut depuis 2019, envisage le think tank comme un interm\u00e9diaire entre l\u2019expertise et le grand public, et comme un \u00e9l\u00e9ment autant indispensable \u00e0 la vitalit\u00e9 d\u00e9mocratique qu\u2019\u00e0 la bonne gouvernance<sup>2<\/sup>. Dans le m\u00eame temps, l\u2019Institut Molinari affiche une \u00ab <em>ind\u00e9pendance intellectuelle <\/em>\u00bb, notamment caract\u00e9ris\u00e9e par son refus de toute subvention publique.<\/p>\n<p>Ce think tank se pr\u00e9sente ainsi comme un groupe de r\u00e9flexion \u00e0 vis\u00e9e p\u00e9dagogique, cherchant \u00e0 diffuser les vertus d\u2019une \u00e9conomie de march\u00e9 d\u00e9r\u00e9gul\u00e9e aupr\u00e8s du grand public, tout en affaiblissant \u00ab <em>les id\u00e9es re\u00e7ues g\u00e9n\u00e9ratrices de statut quo<\/em><sup>3<\/sup> \u00bb.<\/p>\n<h2><span style=\"color: #800080;\">UN MAUVAIS \u00c9L\u00c8VE AU CLASSEMENT DES THINK TANKS FRAN\u00c7AIS<\/span><\/h2>\n<p>Ainsi, l\u2019\u00e9tude r\u00e9alis\u00e9e en 2017 par l\u2019Observatoire europ\u00e9en des think tanks, propose d\u2019\u00e9valuer les cercles de r\u00e9flexion fran\u00e7ais sur trois crit\u00e8res distincts4.<\/p>\n<p>Les think tanks sont d\u2019abord class\u00e9s en fonction de la qualit\u00e9 de leur gouvernance. Il s\u2019agit en fait d\u2019\u00e9valuer \u00ab l\u2019application en interne de pratiques manag\u00e9riales au service d\u2019un cadre d\u00e9ontologique \u00bb. Concr\u00e8tement, le crit\u00e8re de bonne gouvernance vise \u00e0 v\u00e9rifier la capacit\u00e9 du think tank \u00e0 appliquer les principes de la d\u00e9mocratie associative. Or, dans ce domaine, l\u2019Institut Molinari fait p\u00e2le figure. Sur les 53 think tanks fran\u00e7ais recens\u00e9s, l\u2019IEM ne se situe qu\u2019\u00e0 la 38<sup>\u00e8me<\/sup> place du classement.<\/p>\n<p>Ensuite, les think tanks sont \u00e9valu\u00e9s selon le crit\u00e8re de transparence, en particulier \u00e0 l\u2019\u00e9gard de leurs sources de financement. La transparence est un enjeu particuli\u00e8rement crucial, puisqu\u2019il permet d\u2019indiquer les possibles conflits d\u2019int\u00e9r\u00eats auxquels peuvent \u00eatre confront\u00e9s les cercles de r\u00e9flexion. De fait, on estime que le degr\u00e9 de transparence d\u2019un think tank permet en grande partie d\u2019en d\u00e9duire son niveau r\u00e9el d\u2019ind\u00e9pendance5. Ici encore, l\u2019Institut Molinari fait office de  mauvais \u00e9l\u00e8ve, en figurant <em>ex aequo <\/em>\u00e0 la derni\u00e8re place de ce classement. Et pour cause, le think tank ne donne pas la moindre information sur les modalit\u00e9s de son financement, mettant en doute la r\u00e9alit\u00e9 de son \u00ab ind\u00e9pendance intellectuelle \u00bb.<\/p>\n<p>Selon le <em>Corporate Europe Observatory<\/em>, la soci\u00e9t\u00e9 p\u00e9troli\u00e8re et gazi\u00e8re Exxon Mobil aurait secr\u00e8tement financ\u00e9 un certain nombre de think tank climato-sceptiques, parmi lesquels figure l\u2019Institut Economique Molinari6. Ce manque de transparence \u00e9tait alors parfaitement assum\u00e9 par l\u2019Institut, consid\u00e9rant que les sources de financement \u00e9taient d\u2019ordre confidentielles, et que la d\u00e9cision de leur publication revenait au donateur.<\/p>\n<p>Enfin, les think tanks sont \u00e9valu\u00e9s sur un crit\u00e8re de volume de production. Consid\u00e9rant que la vocation principale d\u2019un cercle de r\u00e9flexion est de participer au d\u00e9bat public \u00e0 travers ses id\u00e9es et ses propositions en mati\u00e8re de gouvernance et de politiques publiques, il est int\u00e9ressant de dresser une comparaison de ces organismes dans leurs capacit\u00e9s de publication et de diffusions d\u2019id\u00e9es. Sur ce point, les conclusions de l\u2019Observatoire sont sans appel, puisque l\u2019Institut Economique Molinari arrive en derni\u00e8re position de ce classement, avec un volume de production consid\u00e9r\u00e9 comme \u00ab <em>beaucoup trop faible <\/em>\u00bb.<\/p>\n<p>Tenant compte de chacun de ces crit\u00e8res, l\u2019\u00e9tude dresse un classement d\u00e9finitif des 53 think tanks fran\u00e7ais, dans lequel l\u2019IEM se hisse p\u00e9niblement \u00e0 la 47<sup>\u00e8me<\/sup> position, avec une note de 23 points sur 100, mettant en question autant son int\u00e9grit\u00e9, sa l\u00e9gitimit\u00e9 que sa cr\u00e9dibilit\u00e9 en tant qu\u2019incubateur d\u2019id\u00e9es dans le d\u00e9bat public.<\/p>\n<h2><span style=\"color: #800080;\">L\u2019INSTITUT MOLINARI, PRODUCTEUR DE DOUTE<\/span><\/h2>\n<p>L\u2019Institut Molinari s\u2019est notamment distingu\u00e9 par son soutien \u00e0 Vincent Courtillot, g\u00e9ophysicien et fer de lance fran\u00e7ais du climato-scepticisme avec Claude All\u00e8gre<sup>9<\/sup>. Dans son ouvrage, <em>Nouveau voyage au centre de la Terre<sup>8<\/sup>, <\/em>le scientifique r\u00e9fute les conclusions tir\u00e9es par le Groupe d&rsquo;experts intergouvernemental sur l&rsquo;\u00e9volution du climat (GIEC). La th\u00e8se pr\u00e9sent\u00e9e est simple : selon Courtillot, les hausses g\u00e9n\u00e9rales des temp\u00e9ratures sont li\u00e9es \u00e0 l\u2019activit\u00e9 g\u00e9ologique et volcanique de la Terre, et rien ne permet d\u2019affirmer la responsabilit\u00e9 humaine et industrielle dans le bouleversement climatique actuel9.<\/p>\n<p>Ce ralliement au climato-scepticisme, loin d\u2019\u00eatre anecdotique, r\u00e9sume au contraire \u00e0 elle-seule le positionnement et le r\u00f4le d\u2019une structure comme l\u2019Institut Molinari. Tr\u00e8s r\u00e9guli\u00e8rement, ce think tank va prendre position sur des questions sensibles, en adoptant syst\u00e9matiquement un point de vue controvers\u00e9 et pol\u00e9mique. Voici quelques exemples de diff\u00e9rentes prises de parole de l\u2019Institut Economique  Molinari<sup>10<\/sup> :<\/p>\n<p>&nbsp;<\/p>\n<table>\n<tbody>\n<tr>\n<td width=\"205\"><em>Le Round Up victime de la d\u00e9mocratie des cr\u00e9dules<\/em><\/td>\n<td width=\"205\">C\u00e9cile Philippe<\/td>\n<td width=\"205\">Article paru le 16 juin 2016 dans Contrepoints<\/td>\n<\/tr>\n<tr>\n<td width=\"205\"><a href=\"https:\/\/www.institutmolinari.org\/2012\/09\/13\/lhuile-de-palme-avantages-sanitaires-environnementaux-et-economiques\/\"><em>L\u2019huile de palme :<\/em><\/a> <a href=\"https:\/\/www.institutmolinari.org\/2012\/09\/13\/lhuile-de-palme-avantages-sanitaires-environnementaux-et-economiques\/\"><em>avantages sanitaires,<\/em><\/a> <a href=\"https:\/\/www.institutmolinari.org\/2012\/09\/13\/lhuile-de-palme-avantages-sanitaires-environnementaux-et-economiques\/\"><em>environnementaux et<\/em><\/a> <a href=\"https:\/\/www.institutmolinari.org\/2012\/09\/13\/lhuile-de-palme-avantages-sanitaires-environnementaux-et-economiques\/\"><em>\u00e9conomiques<\/em><\/a><\/td>\n<td width=\"205\">Hiroko Shimizu<\/td>\n<td width=\"205\">Note \u00e9conomique publi\u00e9e par l\u2019Institut Molinari en septembre 2012<\/td>\n<\/tr>\n<tr>\n<td width=\"205\"><em>La publicit\u00e9 sur les pesticides doit \u00eatre autoris\u00e9e<\/em><\/td>\n<td width=\"205\">C\u00e9cile Philippe<\/td>\n<td width=\"205\">Article    publi\u00e9   dans    les Echos le 4 avril 2005<\/td>\n<\/tr>\n<tr>\n<td width=\"205\"><em>OGM : une chance pour l\u2019environnement<\/em><\/td>\n<td width=\"205\">G\u00e9rard Kafadaroff<\/td>\n<td width=\"205\">Texte  d\u2019opinion  publi\u00e9 dans  La  Tribune  le 17 juillet 2015<\/td>\n<\/tr>\n<tr>\n<td width=\"205\"><em>La parfaite inutilit\u00e9 d\u2019une taxe soda<\/em><\/td>\n<td width=\"205\">Valentin Petkantchin<\/td>\n<td width=\"205\">Texte d\u2019opinion publi\u00e9 dans les Echos le 18 octobre 2011<\/td>\n<\/tr>\n<\/tbody>\n<\/table>\n<p>Une grande partie de la production intellectuelle et des interventions dans le d\u00e9bat public de l\u2019Institut Economique Molinari trouve son explication dans l\u2019agnotologie. Th\u00e9oris\u00e9e par Robert Proctor, historien des sciences, cette notion renvoie \u00e0 une strat\u00e9gie initi\u00e9e par l\u2019industrie du tabac, visant \u00e0 r\u00e9pandre d\u00e9lib\u00e9r\u00e9ment le doute quant \u00e0 la nocivit\u00e9 de la cigarette sur la sant\u00e9, en d\u00e9pit du \u00ab <em>consensus apport\u00e9 par des preuves av\u00e9r\u00e9es<sup>11<\/sup> <\/em>\u00bb \u00e0 ce sujet.<\/p>\n<p>Ici, qu\u2019il s\u2019agisse du changement climatique, de la nocivit\u00e9 des pesticides ou encore de l\u2019impact environnemental de l\u2019huile de palme, tout le propos du think tank revient d\u2019abord \u00e0 nier en bloc l\u2019existence de preuves scientifiques sur ces diff\u00e9rentes questions.<\/p>\n<h2><span style=\"color: #800080;\">L\u2019AGNOTOLOGIE AU SERVICE DE LA CONTROVERSE<\/span><\/h2>\n<p>Ainsi, \u00e0 chaque fois que ces sujets sont abord\u00e9s par les productions ou les interventions de l\u2019Institut, on peut observer une constance dans l\u2019argumentation, \u00e0 travers la r\u00e9currence de l\u2019id\u00e9e de doute :<\/p>\n<p>A propos du r\u00e9chauffement climatique, C\u00e9cile Philippe va avancer l\u2019id\u00e9e selon laquelle <em>\u00ab il n\u2019est pas scientifiquement possible d\u2019\u00e9tablir avec certitude que le r\u00e9chauffement est li\u00e9 \u00e0 l\u2019activit\u00e9 humaine<sup>12<\/sup><\/em>\u00bb.<\/p>\n<p>Si le doute est en science un principe m\u00e9thodologique essentiel, l\u2019Institut Molinari l\u2019instrumentalise dans un tout autre but : tout est fait pour laisser croire \u00e0 l\u2019existence d\u2019une controverse, ou chacune des parties oppos\u00e9es aurait la m\u00eame l\u00e9gitimit\u00e9 \u00e0 s\u2019exprimer sur le sujet. C\u2019est ce m\u00eame principe qui va amener la directrice de l\u2019IEM \u00e0 affirmer que les causes du r\u00e9chauffement  climatique  sont  \u00ab <em>extr\u00eamement  d\u00e9battues <\/em>\u00bb, que le \u00ab <em>d\u00e9bat fait rage <\/em>\u00bb, ou encore que \u00ab <em>le doute est l\u00e0 <\/em>\u00bb \u00e0 propos de la nocivit\u00e9 du Round Up pour la sant\u00e9 humaine<sup>13<\/sup>.<\/p>\n<p>Pour nier l\u2019existence d\u2019un consensus scientifique, ce think tank n\u2019h\u00e9site pas, par ailleurs, \u00e0 mobiliser toute forme d\u2019argumentation, y compris les plus burlesques. Ainsi, dans l\u2019article sur l\u2019autorisation des pesticides<sup>14<\/sup>, C\u00e9cile Philippe va d\u00e9rouler une d\u00e9monstration pour le moins surprenante, \u00e0 faible teneur scientifique : \u00ab <em>les insecticides ont aussi des bienfaits sur la sant\u00e9 et sur l&rsquo;environnement. En effet, de nombreux insecticides [sont] utilis\u00e9s sur les pelouses, les terrains de golf et les cultures agricoles <\/em>[\u2026]<sup>15<\/sup>\u00bb.<\/p>\n<h2>Pour lire l&rsquo;int\u00e9gralit\u00e9 du d\u00e9cryptage <a href=\"https:\/\/www.generationsanstabac.org\/wp-content\/uploads\/2020\/02\/L\u2019institut-\u00e9conomique-Molinari-au-service-de-l\u2019industrie-du-tabac.pdf\">L\u2019institut \u00e9conomique Molinari au service de l\u2019industrie du tabac<\/a><\/h2>\n<p><span style=\"color: #666699;\"><a style=\"color: #666699;\" href=\"https:\/\/www.generationsanstabac.org\/\">\u00a9G\u00e9n\u00e9ration Sans Tabac<\/a><\/span><\/p>\n<hr \/>\n<p><em><a href=\"https:\/\/portail-ie.fr\/analysis\/2061\/les-think-tanks-francais-des-lobbies-intellectualises\">[1]<\/a><a href=\"https:\/\/www.institutmolinari.org\/\">  https:\/\/www.institutmolinari.org\/<\/a><\/em><\/p>\n<p><em><a href=\"https:\/\/portail-ie.fr\/analysis\/2061\/les-think-tanks-francais-des-lobbies-intellectualises\">[2]<\/a><a href=\"https:\/\/www.institutmolinari.org\/2019\/03\/09\/parce-que-les-idees-menent-le-monde\/\">  https:\/\/www.institutmolinari.org\/2019\/03\/09\/parce-que-les-idees-menent-le-monde\/<\/a><\/em><\/p>\n<p><em><a href=\"https:\/\/portail-ie.fr\/analysis\/2061\/les-think-tanks-francais-des-lobbies-intellectualises\">[3]<\/a><a href=\"https:\/\/www.institutmolinari.org\/2019\/03\/10\/qui-sommes-nous\/\">  https:\/\/www.institutmolinari.org\/2019\/03\/10\/qui-sommes-nous\/<\/a><\/em><\/p>\n<p><em><a href=\"https:\/\/portail-ie.fr\/analysis\/2061\/les-think-tanks-francais-des-lobbies-intellectualises\">[4]<\/a>  DENGLET, VILAIN, \u00ab Un pouvoir sous influence. Quand les think tank confisquent la d\u00e9mocratie \u00bb, Armand Colin, 2012, 235 p.<\/em><\/p>\n<p><em><a href=\"https:\/\/portail-ie.fr\/analysis\/2061\/les-think-tanks-francais-des-lobbies-intellectualises\">[5]<\/a> POLLONI Camille, L\u2019OBS, \u00ab Institut Montaigne, Terra Nova, Iris&#8230; Qui finance les think tanks ? \u00bb, 19\/11\/2013 <a href=\"https:\/\/www.nouvelobs.com\/rue89\/rue89-explicateur\/20131119.RUE0257\/institut-montaigne-terra-nova-iris-qui-finance-les-think-tanks.html\">https:\/\/www.nouvelobs.com\/rue89\/rue89-explicateur\/20131119.RUE0257\/institut-montaigne-terra-<\/a> <a href=\"https:\/\/www.nouvelobs.com\/rue89\/rue89-explicateur\/20131119.RUE0257\/institut-montaigne-terra-nova-iris-qui-finance-les-think-tanks.html\">nova-iris-qui-finance-les-think-tanks.html<\/a><\/em><\/p>\n<p><em><a href=\"https:\/\/portail-ie.fr\/analysis\/2061\/les-think-tanks-francais-des-lobbies-intellectualises\">[6]<\/a> Observatoire Europ\u00e9en des Think Tanks, \u00ab La France des think tanks. R\u00e9sultats et analyse du label \u2018think tank et transparent France 2017\u2019 \u00bb, D\u00e9cembre 2017<\/em><\/p>\n<p><em><a href=\"https:\/\/portail-ie.fr\/analysis\/2061\/les-think-tanks-francais-des-lobbies-intellectualises\">[7] https:\/\/portail-ie.fr\/analysis\/2061\/les-think-tanks-francais-des-lobbies-intellectualises<\/a><\/em><\/p>\n<p><em><a href=\"https:\/\/portail-ie.fr\/analysis\/2061\/les-think-tanks-francais-des-lobbies-intellectualises\">[8]<\/a>  Corporate Europe Observatory,  \u00ab Brussels  think  tanks persist  in  funding secrecy ExxonMobil covertly funds EU climate skeptics \u00bb, D\u00e9cembre 2006 <a href=\"http:\/\/archive.corporateeurope.org\/ThinkTankSurvey2006.html\">http:\/\/archive.corporateeurope.org\/ThinkTankSurvey2006.html<\/a><\/em><\/p>\n<p><em><a href=\"https:\/\/portail-ie.fr\/analysis\/2061\/les-think-tanks-francais-des-lobbies-intellectualises\">[9]<\/a> PHILIPPE C\u00e9cile, Institut Economique Molinari (IEM), \u00ab Nouveau Voyage au centre de la terre \u00bb, 23\/02\/2010 <a href=\"https:\/\/www.institutmolinari.org\/2010\/02\/23\/nouveau-voyage-au-centre-de-la-terre\/\">https:\/\/www.institutmolinari.org\/2010\/02\/23\/nouveau-voyage-au-centre-de-la-terre\/<\/a><\/em><\/p>\n<p><em><a href=\"https:\/\/portail-ie.fr\/analysis\/2061\/les-think-tanks-francais-des-lobbies-intellectualises\">[10]<\/a> COURTILLOT Vincent, Nouveau voyage au centre de la terre, Editions Odile Jacob, 2009, 352 p.<\/em><\/p>\n<p><em><a href=\"https:\/\/portail-ie.fr\/analysis\/2061\/les-think-tanks-francais-des-lobbies-intellectualises\">[11<\/a> Vid\u00e9o : \u00ab Vincent Courtillot : la terre et le r\u00e9chauffement climatique \u00bb, en ligne le 30\/11\/2009 <a href=\"https:\/\/www.youtube.com\/watch?v=6Z-sawOdF-k\">https:\/\/www.youtube.com\/watch?v=6Z-sawOdF-k<\/a><\/em><\/p>\n<p><em><a href=\"https:\/\/portail-ie.fr\/analysis\/2061\/les-think-tanks-francais-des-lobbies-intellectualises\">[12]<\/a> Tous ces articles sont en ligne sur le site du think tank : <a href=\"https:\/\/www.institutmolinari.org\/\">https:\/\/www.institutmolinari.org\/<\/a><\/em><\/p>\n<p><em><a href=\"https:\/\/portail-ie.fr\/analysis\/2061\/les-think-tanks-francais-des-lobbies-intellectualises\">[13]<\/a> <a href=\"https:\/\/www.refletsdelaphysique.fr\/articles\/refdp\/pdf\/2014\/01\/refdp201438p32.pdf\">https:\/\/www.refletsdelaphysique.fr\/articles\/refdp\/pdf\/2014\/01\/refdp201438p32.pdf<\/a><\/em><\/p>\n<p><em><a href=\"https:\/\/portail-ie.fr\/analysis\/2061\/les-think-tanks-francais-des-lobbies-intellectualises\">[13] I<\/a>bid<\/em><\/p>\n<p><em><a href=\"https:\/\/portail-ie.fr\/analysis\/2061\/les-think-tanks-francais-des-lobbies-intellectualises\">[14]<\/a> PHILIPPE C\u00e9cille, IEM, \u00ab Le glyphosate, une nouvelle illustration de la d\u00e9mocratie des cr\u00e9dules ? \u00bb, 20\/09\/2016 <a href=\"https:\/\/www.institutmolinari.org\/2016\/09\/20\/le-glyphosate-une-nouvelle-illustration-de-la-democratie-des-credules-2\/\">https:\/\/www.institutmolinari.org\/2016\/09\/20\/le-glyphosate-une-nouvelle-illustration-de-la-democratie-des-credules-2\/<\/a> 16 PHILIPPE C\u00e9cile, Les Echos, \u00ab La publicit\u00e9 sur les pesticides doit \u00eatre autoris\u00e9e \u00bb, 06\/08\/2019 <a href=\"https:\/\/www.lesechos.fr\/2005\/04\/la-publicite-sur-les-pesticides-doit-etre-autorisee-1065315\">https:\/\/www.lesechos.fr\/2005\/04\/la-publicite-sur-les-pesticides-doit-etre-autorisee-1065315<\/a><\/em><\/p>\n<p><em><a href=\"https:\/\/portail-ie.fr\/analysis\/2061\/les-think-tanks-francais-des-lobbies-intellectualises\">[15]<\/a> La citation compl\u00e8te est la suivante : \u00ab Ce que ces associations oublient de nous dire, c&rsquo;est que les insecticides ont aussi des bienfaits sur la sant\u00e9 et sur l&rsquo;environnement. En effet, de nombreux insecticides utilis\u00e9s sur les pelouses, les terrains de golf et les cultures agricoles sont aussi utilis\u00e9s pour lutter contre les termites, les rongeurs dans les restaurants, les puces et les tiques sur les animaux de compagnie, les algues dans les piscines et les champignons comme le mildiou dans les peintures pour la maison \u00bb. (sic)<\/em><\/p>\n<p><span style=\"color: #e8e8e8;\"><a style=\"color: #e8e8e8;\" href=\"http:\/\/www.cnct.fr\" target=\"_blank\" rel=\"noopener noreferrer\">| \u00a9 Comit\u00e9 National Contre le Tabagisme |<\/a><\/span><\/p>\n","protected":false},"excerpt":{"rendered":"<p>SOMMAIRE UN MAUVAIS \u00c9L\u00c8VE AU CLASSEMENT DES THINK TANKS FRAN\u00c7AIS L\u2019INSTITUT MOLINARI, PRODUCTEUR DE DOUTE L\u2019AGNOTOLOGIE AU SERVICE DE LA CONTROVERSE LE R\u00c9EL N\u2019A PAS EU LIEU : DISQUALIFIER LES FAITS, DISCR\u00c9DITER LES SCIENTIFIQUES D\u00c9COURAGER LE L\u00c9GISLATEUR MOLINARI ET LE TABAC DES EXPERTS SOUS INFLUENCE L\u2019INDUSTRIE MOLINARI, CACHE-SEXE DE L\u2019INDUSTRIE DU TABAC LES FUMEURS, VACHES [&hellip;]<\/p>\n","protected":false},"author":5,"featured_media":18648,"parent":0,"menu_order":0,"template":"","format":"standard","meta":{"_acf_changed":false,"_seopress_robots_primary_cat":"","_seopress_titles_title":"L\u2019institut \u00e9conomique Molinari au service de l\u2019industrie du tabac","_seopress_titles_desc":"L\u2019Institut \u00e9conomique Molinari s\u2019est notamment distingu\u00e9 par son soutien \u00e0 Vincent Courtillot, g\u00e9ophysicien et fer de lance fran\u00e7ais du climato-scepticisme","_seopress_robots_index":"","footnotes":""},"categorie-decryptage":[463],"class_list":["post-19309","decryptages","type-decryptages","status-publish","format-standard","has-post-thumbnail","hentry","categorie-decryptage-lobby"],"acf":[],"_links":{"self":[{"href":"https:\/\/www.generationsanstabac.org\/en\/wp-json\/wp\/v2\/decryptages\/19309","targetHints":{"allow":["GET"]}}],"collection":[{"href":"https:\/\/www.generationsanstabac.org\/en\/wp-json\/wp\/v2\/decryptages"}],"about":[{"href":"https:\/\/www.generationsanstabac.org\/en\/wp-json\/wp\/v2\/types\/decryptages"}],"author":[{"embeddable":true,"href":"https:\/\/www.generationsanstabac.org\/en\/wp-json\/wp\/v2\/users\/5"}],"version-history":[{"count":0,"href":"https:\/\/www.generationsanstabac.org\/en\/wp-json\/wp\/v2\/decryptages\/19309\/revisions"}],"wp:featuredmedia":[{"embeddable":true,"href":"https:\/\/www.generationsanstabac.org\/en\/wp-json\/wp\/v2\/media\/18648"}],"wp:attachment":[{"href":"https:\/\/www.generationsanstabac.org\/en\/wp-json\/wp\/v2\/media?parent=19309"}],"wp:term":[{"taxonomy":"categorie-decryptage","embeddable":true,"href":"https:\/\/www.generationsanstabac.org\/en\/wp-json\/wp\/v2\/categorie-decryptage?post=19309"}],"curies":[{"name":"wp","href":"https:\/\/api.w.org\/{rel}","templated":true}]}}